{"id":1339,"date":"2020-05-31T23:25:27","date_gmt":"2020-05-31T23:25:27","guid":{"rendered":"https:\/\/www.gem.pt\/@teste\/?page_id=1339"},"modified":"2026-04-18T09:14:38","modified_gmt":"2026-04-18T08:14:38","slug":"seguros","status":"publish","type":"page","link":"https:\/\/www.gem.pt\/1\/socio-gem\/seguros\/","title":{"rendered":"Seguros"},"content":{"rendered":"\t\t<div data-elementor-type=\"wp-page\" data-elementor-id=\"1339\" class=\"elementor elementor-1339\">\n\t\t\t\t\t\t<section class=\"elementor-section elementor-top-section elementor-element elementor-element-38ede328 elementor-section-boxed elementor-section-height-default elementor-section-height-default\" data-id=\"38ede328\" data-element_type=\"section\" data-e-type=\"section\">\n\t\t\t\t\t\t<div class=\"elementor-container elementor-column-gap-default\">\n\t\t\t\t\t<div class=\"aux-parallax-section elementor-column elementor-col-100 elementor-top-column elementor-element elementor-element-297eb977\" data-id=\"297eb977\" data-element_type=\"column\" data-e-type=\"column\">\n\t\t\t<div class=\"elementor-widget-wrap elementor-element-populated\">\n\t\t\t\t\t\t<div class=\"elementor-element elementor-element-2c266a0e elementor-widget elementor-widget-text-editor\" data-id=\"2c266a0e\" data-element_type=\"widget\" data-e-type=\"widget\" data-widget_type=\"text-editor.default\">\n\t\t\t\t<div class=\"elementor-widget-container\">\n\t\t\t\t\t\t\t\t\t<p><span style=\"font-family: Questrial; font-size: 10px; letter-spacing: normal; white-space: pre-line;\">\u00a0<\/span><\/p><p><span style=\"font-family: Questrial; font-size: 30px; letter-spacing: normal; white-space: pre-line;\">Seguros<\/span><\/p><div style=\"letter-spacing: normal; margin: 0px; padding: 0px; font-family: Questrial; white-space: pre-line; line-height: 1.6; text-align: justify;\" data-line-height=\"1.6\">\u00c9 da responsabilidade de todos os s\u00f3cios que praticam atividades no GEM de\u00a0manter ativo um seguro que cubra a realiza\u00e7\u00e3o das a\u00e7\u00f5es\u00a0na regi\u00e3o onde as praticam, especialmente para a pr\u00e1tica da\u00a0espeleologia, do alpinismo, da escalada e de outras que\u00a0envolvam um maior risco inerente \u00e0 natureza das pr\u00f3prias atividades e do meio onde s\u00e3o praticadas.<\/div><div style=\"letter-spacing: normal; font-size: 10px; margin: 0px; padding: 0px; font-family: Questrial; white-space: pre-line; line-height: 0.5;\" data-line-height=\"0.5\">\u00a0<\/div><div style=\"letter-spacing: normal; margin: 0px; padding: 0px; font-family: Questrial; white-space: pre-line; line-height: 1.6; text-align: justify;\" data-line-height=\"1.6\"><p>O GEM, como grupo associado da FPE &#8211; Federa\u00e7\u00e3o Portuguesa de Espeleologia e da FCMP &#8211; Federa\u00e7\u00e3o de Campismo e Montanhismo de Portugal, disponibiliza aos seus s\u00f3cios v\u00e1rias modalidades de seguros desportivos.<\/p><\/div><div style=\"text-align: left;\"><hr \/><\/div><div><span style=\"letter-spacing: normal; caret-color: #e78b00; color: #e78b00; font-family: Questrial; font-size: 20px; white-space: pre-line;\">FPE &#8211; Federa\u00e7\u00e3o Portuguesa de Espeleologia<\/span><span style=\"font-family: Questrial; letter-spacing: normal; text-align: justify; white-space: pre-line;\"><br \/><\/span><\/div><div>\u00a0<\/div><div><strong style=\"letter-spacing: normal; font-family: Questrial; text-align: justify; white-space: pre-line;\">Cart\u00e3o de Espele\u00f3logo e\u00a0Seguro Desportivo<\/strong><span style=\"font-family: Questrial; letter-spacing: normal; text-align: justify; white-space: pre-line;\"><br \/><\/span><\/div><div style=\"padding-left: 40px;\"><span style=\"letter-spacing: normal; font-family: Questrial; text-align: justify; white-space: pre-line;\">A FPE disponibiliza um\u00a0Seguro Desportivo Anual que cobre todas as atividades do \u00e2mbito da espeleologia e TPV, v\u00e1lido durante o ano de emiss\u00e3o (de 1 de Janeiro a 31 de Dezembro). Este seguro est\u00e1 associado ao Cart\u00e3o de Espele\u00f3logo da FPE e\u00a0s\u00f3 \u00e9 disponibilizado a espele\u00f3logos credenciados pela FPE com pelo menos o N\u00edvel 2\u00a0(de acordo com Comiss\u00e3o de Ensino da FPE).<\/span><strong style=\"letter-spacing: normal; font-family: Questrial; text-align: justify; white-space: pre-line;\"><br \/><\/strong><\/div><div><span style=\"font-family: Questrial; letter-spacing: normal; text-align: justify; white-space: pre-line;\">\u00a0<\/span><\/div><div><b style=\"letter-spacing: normal; font-family: Questrial; text-align: justify; white-space: pre-line;\">Seguro tempor\u00e1rio<\/b><span style=\"font-family: Questrial; letter-spacing: normal; text-align: justify; white-space: pre-line;\"><br \/><\/span><\/div><div style=\"padding-left: 40px;\"><span style=\"letter-spacing: normal; font-family: Questrial; text-align: justify; white-space: pre-line;\">Na FPE tamb\u00e9m \u00e9 poss\u00edvel requerer a ativa\u00e7\u00e3o de\u00a0um seguro tempor\u00e1rio para uma atividade espec\u00edfica do GEM.<\/span><span style=\"font-family: Questrial; letter-spacing: normal; text-align: justify; white-space: pre-line;\"><br \/><\/span><\/div><div style=\"padding-left: 40px;\"><span style=\"letter-spacing: normal; font-family: Questrial; text-align: justify; white-space: pre-line;\">O seguro tempor\u00e1rio \u00e9 fornecido pela\u00a0Companhia de Seguros Fidelidade Mundial S.A.\u00a0com as seguintes condi\u00e7\u00f5es:<\/span><span style=\"letter-spacing: normal; font-family: Questrial; text-align: justify; white-space: pre-line;\"><br \/><\/span><\/div><div style=\"padding-left: 60px;\"><strong style=\"letter-spacing: normal; font-family: Questrial; text-align: justify; white-space: pre-line;\">Ap\u00f3lice<\/strong><span style=\"letter-spacing: normal; font-family: Questrial; text-align: justify; white-space: pre-line;\">: n\u00ba AG50003666<\/span><span style=\"letter-spacing: normal; font-family: Questrial; text-align: justify; white-space: pre-line;\"><br \/><\/span><\/div><div style=\"padding-left: 60px;\"><strong style=\"letter-spacing: normal; font-family: Questrial; text-align: justify; white-space: pre-line; line-height: 1.6;\">Capitais:<\/strong><\/div><ul><li style=\"list-style-type: none; padding-left: 40px;\"><ul><li><span style=\"font-family: Questrial; letter-spacing: normal; text-align: justify; white-space: pre-line; line-height: 1.6;\">Morte<\/span><span style=\"letter-spacing: normal; font-family: Questrial; text-align: justify; white-space: pre-line; font-size: 12px; line-height: 1.6;\"><span style=\"vertical-align: text-bottom;\">(1)<\/span><\/span><span style=\"font-family: Questrial; letter-spacing: normal; text-align: justify; white-space: pre-line; line-height: 1.6;\">\u00a0ou invalidez permanente \u2013\u00a027.079,00\u20ac<\/span><\/li><li><span style=\"font-family: Questrial; letter-spacing: normal; text-align: justify; white-space: pre-line;\">Despesas de tratamento e repatriamento \u2013 5.000,00\u20ac<\/span><\/li><li><span style=\"font-family: Questrial; letter-spacing: normal; text-align: justify; white-space: pre-line;\">Despesas de funeral por acidente 2.168,00\u20ac<\/span><\/li><\/ul><\/li><\/ul><p style=\"padding-left: 60px; line-height: 1.6;\"><strong style=\"letter-spacing: normal; font-family: Questrial; text-align: justify; white-space: pre-line; line-height: 1.6;\">Franquia:<\/strong><span style=\"letter-spacing: normal; font-family: Questrial; text-align: justify; white-space: pre-line; line-height: 1.6;\">\u00a0 \u00a062,00\u20ac<\/span><span style=\"font-family: Questrial; font-size: 12px; letter-spacing: normal; text-align: justify; white-space: pre-line; vertical-align: text-bottom; line-height: 1.6;\">(2)<\/span><\/p><div style=\"letter-spacing: normal; margin: 0px; padding-left: 60px; caret-color: #000000; color: #000000; font-family: Questrial; text-align: justify; white-space: pre-line; line-height: 1;\"><span style=\"letter-spacing: normal; font-family: Questrial; text-align: justify; white-space: pre-line; font-size: 12px; line-height: 1.6; vertical-align: text-bottom;\">(1) <\/span><em style=\"letter-spacing: normal; font-family: Questrial; font-size: 14px; text-align: justify; white-space: pre-line; line-height: 0.6;\"> N\u00e3o h\u00e1 indemniza\u00e7\u00e3o por morte a jovens com idade inferior a 14 anos.<\/em><\/div><div style=\"letter-spacing: normal; margin: 0px; padding-left: 60px; caret-color: #000000; color: #000000; font-family: Questrial; text-align: justify; white-space: pre-line; line-height: 1;\"><span style=\"font-family: Questrial; font-size: 12px; letter-spacing: normal; text-align: justify; white-space: pre-line; vertical-align: text-bottom; line-height: 1.6;\">(2)<\/span><em style=\"letter-spacing: normal; font-family: Questrial; font-size: 14px; text-align: justify; white-space: pre-line; line-height: 1;\"> Import\u00e2ncia que, em caso de sinistro, fica a cargo da pessoa segura (isto \u00e9, n\u00e3o compensa desencadear o seguro se o montante despendido com o acidente for inferior a 62,00\u20ac).<\/em><\/div><p style=\"padding-left: 40px;\"><span style=\"letter-spacing: normal; font-family: Questrial; text-align: justify; white-space: pre-line;\">Consulte <span style=\"text-decoration: underline; color: #ff9900;\"><a style=\"color: #ff9900; text-decoration: underline;\" href=\"https:\/\/www.gem.pt\/1\/pdfviewer\/?pdf=1YM6I1QYB5RLFfpR1vv8W8aNt530oKmdQ\" rel=\"noopener\">aqui<\/a><\/span><\/span><span style=\"letter-spacing: normal; font-family: Questrial; text-align: justify; white-space: pre-line;\">\u00a0a ap\u00f3lice completa.<\/span><\/p><div><hr \/><\/div><div><span style=\"caret-color: #e78b00; color: #e78b00; font-family: Questrial; font-size: 20px; letter-spacing: normal; white-space: pre-line;\">\u00a0<\/span><\/div><div><span style=\"letter-spacing: normal; caret-color: #e78b00; color: #e78b00; font-family: Questrial; font-size: 20px; white-space: pre-line;\">FCMP &#8211;\u00a0Federa\u00e7\u00e3o de Campismo e Montanhismo de Portugal<\/span><span style=\"font-family: Questrial; letter-spacing: normal; text-align: justify; white-space: pre-line;\"><br \/><\/span><\/div><div>\u00a0<\/div><div><strong style=\"letter-spacing: normal; font-family: Questrial; text-align: justify; white-space: pre-line;\">Seguro Anual FCMP<\/strong><\/div><div style=\"padding-left: 40px;\"><span style=\"text-align: justify;\"><span style=\"font-family: Questrial;\"><span style=\"letter-spacing: normal; white-space: pre-line;\">A FCMP disponibiliza seguros anuais de acidentes pessoais e de responsabilidade civil para diversas modalidades. Consulte <a href=\"https:\/\/www.gem.pt\/1\/pdfviewer\/?pdf=1SohA2vK6Hc64eMRV9NMsETRqKKS1Ub82\" rel=\"noopener\">aqui<\/a> os seguros disponibilizados e <a href=\"https:\/\/www.gem.pt\/1\/pdfviewer\/?pdf=1US_1JyjtHrP693Sr0k6fTOl_A0HIb7yE\" rel=\"noopener\">aqui<\/a> as condi\u00e7\u00f5es dos\u00a0seguros da FCMP.<\/span><\/span><\/span><\/div><div><div><span style=\"font-family: Questrial; letter-spacing: normal; text-align: justify; white-space: pre-line;\">\u00a0<\/span><\/div><div><span style=\"letter-spacing: normal; font-family: Questrial; text-align: justify; white-space: pre-line;\">Para mais informa\u00e7\u00f5es consulte o site da FCMP em\u00a0<\/span><a style=\"letter-spacing: -0.2px;\" href=\"http:\/\/www.fcmportugal.com\" target=\"_blank\" rel=\"noopener\">www.fcmportugal.com<\/a>.<\/div><\/div><div style=\"text-align: left;\"><span style=\"letter-spacing: normal; font-family: Questrial; text-align: justify; white-space: pre-line;\">\u00a0<\/span><\/div><div style=\"text-align: left;\"><hr \/><\/div><div style=\"text-align: left;\"><div>\u00a0<span style=\"caret-color: #e78b00; color: #e78b00; font-family: Questrial; font-size: 20px; letter-spacing: normal; white-space: pre-line;\">\u00a0<\/span><\/div><div><span style=\"letter-spacing: normal; caret-color: #e78b00; color: #e78b00; font-family: Questrial; font-size: 20px; white-space: pre-line;\">FPME &#8211; Federa\u00e7\u00e3o Portuguesa de Escalada de Competi\u00e7\u00e3o<\/span><span style=\"font-family: Questrial; letter-spacing: normal; text-align: justify; white-space: pre-line;\"><br \/><\/span><\/div><div>\u00a0<\/div><div><strong style=\"letter-spacing: normal; font-family: Questrial; text-align: justify; white-space: pre-line;\">Seguro FPME<\/strong><\/div><div style=\"padding-left: 40px;\"><span style=\"text-align: justify;\"><span style=\"font-family: Questrial;\"><span style=\"letter-spacing: normal; white-space: pre-line;\">A FPME disponibiliza seguros di\u00e1rios para atividades abertas ao p\u00fablico de cobertura nacional e internacional da Generali Tranquilidade. Estes seguros n\u00e3o se aplicam a praticantes individuais.\u00a0<\/span><\/span><\/span><\/div><div><div><span style=\"font-family: Questrial; letter-spacing: normal; text-align: justify; white-space: pre-line;\">\u00a0<\/span><\/div><div><span style=\"letter-spacing: normal; font-family: Questrial; text-align: justify; white-space: pre-line;\">Consulte as condi\u00e7\u00f5es dos seguros no site da FPME em <\/span><a style=\"letter-spacing: -0.2px;\" href=\"https:\/\/www.fpme.org\/webpu\/index.php\/21-seguros\" target=\"_blank\" rel=\"noopener\">www.fpme.org<\/a>.<\/div><\/div><div style=\"text-align: left;\"><span style=\"letter-spacing: normal; font-family: Questrial; text-align: justify; white-space: pre-line;\">\u00a0<\/span><\/div><div><hr \/><\/div><div><span style=\"caret-color: #e78b00; color: #e78b00; font-family: Questrial; font-size: 20px; white-space: pre-line;\">\u00a0<\/span><\/div><\/div><div style=\"text-align: left;\"><p><span style=\"letter-spacing: normal; caret-color: #e78b00; color: #e78b00; font-family: Questrial; font-size: 20px; white-space: pre-line;\">Seguro Anual CAF (Club Alpine Fran\u00e7ais)<\/span><\/p><\/div><div style=\"text-align: left;\"><div style=\"letter-spacing: normal; margin: 0px 0px 0px 40px; padding-top: 0px; padding-right: 0px; padding-bottom: 0px; font-family: Questrial; white-space: pre-line; line-height: 1.6; text-align: justify;\" data-line-height=\"1.6\">O\u00a0seguro de\u00a0responsabilidade c\u00edvil e de\u00a0acidentes pessoais\u00a0do CAF\u00a0\u00e9 um seguro de \u00e2mbito\u00a0europeu, com extens\u00e3o mundial opcional, que abrange uma vasta lista de atividades. Permite ainda o acesso a descontos nas estadias em ref\u00fagios de montanha pertencentes ao CAF (Clube Alpino Franc\u00eas)\u00a0ou ao CAS (Clube Alpino Sui\u00e7o), ou que tenham\u00a0acordo com um destes clubes.<\/div><div style=\"letter-spacing: normal; margin: 0px 0px 0px 40px; padding: 0px; font-family: Questrial; white-space: pre-line; line-height: 1.6; text-align: justify;\" data-line-height=\"1.6\">O seguro anual tem in\u00edcio a 1 de Outubro\u00a0e termina a 30 de Setembro.<\/div><div style=\"letter-spacing: normal; margin: 0px 0px 0px 40px; padding: 0px; font-family: Questrial; white-space: pre-line; line-height: 1.6; text-align: justify;\" data-line-height=\"1.6\">Veja <span style=\"color: #ff8200;\"><u><a style=\"color: inherit;\" title=\"\" href=\"https:\/\/www.ffcam.fr\/assurance.html\" rel=\"noopener\" type=\"\" data-attached-link=\"{\" data-cke-saved-href=\"https:\/\/www.ffcam.fr\/assurance.html\">aqui<\/a><\/u><\/span> as condi\u00e7\u00f5es do\u00a0seguro no site da FFCAM (Federa\u00e7\u00e3o Francesa de Clubes Alpinos e de Montanha).<\/div><div style=\"letter-spacing: normal; margin: 0px 0px 0px 40px; padding: 0px; font-family: Questrial; white-space: pre-line; line-height: 1.6; text-align: justify;\" data-line-height=\"1.6\">Os associados GEM que desejem um seguro complementar mais abrangente podem\u00a0requerer o Seguro Anual CAF atrav\u00e9s do GEM. Caso seja a primeira vez, ter\u00e3o de incluir no pedido\u00a0um atestado de Robustez F\u00edsica.<\/div><div style=\"letter-spacing: normal; margin: 0px 0px 0px 40px; padding: 0px; font-family: Questrial; white-space: pre-line; line-height: 1.6; text-align: justify;\" data-line-height=\"1.6\">Consulte <span style=\"color: #ff8200;\"><u><a style=\"color: inherit;\" title=\"\" href=\"https:\/\/www.gem.pt\/1\/pdfviewer\/?pdf=1OKlHrqn44skGpqmMNg3LwgeRnHvQyO7F\" target=\"_blank\" rel=\"noopener\" type=\"\" data-attached-link=\"{\" data-cke-saved-href=\"https:\/\/storage.googleapis.com\/wzukusers\/user-24735468\/documents\/c72a92e31c9545f0ae0ae7f6079bf94b\/Proposta%20Seguros%20FFCAM%20(CAF)_2018_2019.pdf\">aqui<\/a><\/u><\/span> as condi\u00e7\u00f5es e pre\u00e7os para 2025-2026.<\/div><\/div><div style=\"text-align: left;\"><div><span style=\"letter-spacing: normal; font-family: Questrial; text-align: justify; white-space: pre-line;\">\u00a0<\/span><\/div><div><hr \/><\/div><\/div><div style=\"text-align: left;\"><span style=\"letter-spacing: normal; caret-color: #e78b00; color: #e78b00; font-family: Questrial; font-size: 20px; white-space: pre-line;\">\u00a0<\/span><\/div><div style=\"text-align: left;\"><p><span style=\"letter-spacing: normal; caret-color: #e78b00; color: #e78b00; font-family: Questrial; font-size: 20px; white-space: pre-line;\">VICTORIA Acidentes Pessoais<\/span><\/p><p style=\"padding-left: 40px;\"><span style=\"font-family: Questrial; letter-spacing: normal; text-align: justify; white-space: pre-line;\">O GEM\u00a0disponibiliza um\u00a0Seguro de Acidentes Pessoais estabelecido com a\u00a0VICTORIA\u00a0Seguros, S.A. (Ap\u00f3lice\u00a011264207), para todos os que n\u00e3o tenham outro seguro e\u00a0queiram participar numa atividade do GEM. Seguro v\u00e1lido s\u00f3 para Portugal.\u00a0<\/span><\/p><p style=\"padding-left: 40px;\"><span style=\"letter-spacing: normal; font-family: Questrial; text-align: justify; white-space: pre-line;\">Consulte <\/span><span style=\"letter-spacing: normal; color: #ff8200; font-family: Questrial; text-align: justify; white-space: pre-line;\"><u><a style=\"color: inherit;\" title=\"\" href=\"https:\/\/www.gem.pt\/1\/pdfviewer\/?pdf=1qFH0178i4FE8GkMHJ0X_Z7r0q0njcfMV\" rel=\"noopener\" type=\"\" data-attached-link=\"{\" data-cke-saved-href=\"https:\/\/storage.googleapis.com\/wzukusers\/user-24735468\/documents\/5c4b907e55681dmddldU\/Apolice_11264207.pdf\">aqui<\/a><\/u><\/span><span style=\"letter-spacing: normal; font-family: Questrial; text-align: justify; white-space: pre-line;\"> as condi\u00e7\u00f5es gerais e especiais do\u00a0seguro\u00a0VICTORIA Acidentes Pessoais e <span style=\"text-decoration: underline;\"><a href=\"https:\/\/www.gem.pt\/1\/pdfviewer\/?pdf=1e4-psG4FLvC9az_UrhSdmVdyuIFDRkw_\">aqui<\/a><\/span> as condi\u00e7\u00f5es particulares para o GEM.<\/span><\/p><\/div><div><span style=\"letter-spacing: normal; font-family: Questrial; text-align: justify; white-space: pre-line;\">\u00a0<\/span><\/div><div><hr \/><\/div><div><div><span style=\"letter-spacing: normal; caret-color: #e78b00; color: #e78b00; font-family: Questrial; font-size: 20px; white-space: pre-line;\">\u00a0<\/span><\/div><div><p><span style=\"letter-spacing: normal; caret-color: #e78b00; color: #e78b00; font-family: Questrial; font-size: 20px; white-space: pre-line;\">S<\/span><span style=\"caret-color: #e78b00; color: #e78b00; font-family: Questrial; font-size: 20px; letter-spacing: normal; white-space: pre-line;\">eguro de Assist\u00eancia em Viagem no Estrangeiro<\/span><\/p><\/div><p style=\"text-align: justify; padding-left: 40px;\"><span style=\"font-family: Questrial;\"><span style=\"letter-spacing: normal; white-space: pre-line;\">Para atividades no estrangeiro o GEM disponibiliza a seguinte op\u00e7\u00e3o:<\/span><\/span><\/p><ul><li style=\"list-style-type: none;\"><ul><li style=\"text-align: justify;\"><span style=\"font-family: Questrial;\"><span style=\"letter-spacing: normal; white-space: pre-line;\">Seguro Multisport da Mutuaide Assistance, com um custo di\u00e1rio de 6\u20ac para s\u00f3cios GEM. Consulte <span style=\"text-decoration: underline;\"><a href=\"https:\/\/www.gem.pt\/1\/pdfviewer\/?pdf=1IuVqZFvurePtmPijV4S9Z-LClHqVE0UU\">aqui<\/a><\/span> as condi\u00e7\u00f5es gerais (documento em ingl\u00eas).<\/span><\/span><\/li><\/ul><\/li><\/ul><\/div><p><span style=\"letter-spacing: normal; font-family: Questrial; text-align: justify; white-space: pre-line;\">\u00a0<\/span><\/p><p><span style=\"letter-spacing: normal; font-family: Questrial; text-align: justify; white-space: pre-line;\">Para mais informa\u00e7\u00f5es contacte-nos atrav\u00e9s do email <\/span><span style=\"letter-spacing: normal; color: #ff8200; font-family: Questrial; text-align: justify; white-space: pre-line;\"><u><a style=\"color: inherit;\" title=\"\" href=\"mailto:geral@gem.pt\" type=\"\" data-attached-link=\"{\">geral@gem.pt<\/a><\/u><\/span><span style=\"letter-spacing: normal; font-family: Questrial; text-align: justify; white-space: pre-line;\">.<\/span><\/p>\t\t\t\t\t\t\t\t<\/div>\n\t\t\t\t<\/div>\n\t\t\t\t\t<\/div>\n\t\t<\/div>\n\t\t\t\t\t<\/div>\n\t\t<\/section>\n\t\t\t\t<\/div>\n\t\t","protected":false},"excerpt":{"rendered":"<p>\u00a0 Seguros \u00c9 da responsabilidade de todos os s\u00f3cios que praticam atividades no GEM de\u00a0manter ativo um seguro que cubra a realiza\u00e7\u00e3o das a\u00e7\u00f5es\u00a0na regi\u00e3o onde as praticam, especialmente para a pr\u00e1tica da\u00a0espeleologia, do alpinismo, da escalada e de outras que\u00a0envolvam um maior risco inerente \u00e0 natureza das pr\u00f3prias atividades e do meio onde s\u00e3o [&hellip;]<\/p>\n","protected":false},"author":1,"featured_media":0,"parent":768,"menu_order":2,"comment_status":"closed","ping_status":"closed","template":"","meta":{"footnotes":""},"class_list":["post-1339","page","type-page","status-publish","hentry"],"_links":{"self":[{"href":"https:\/\/www.gem.pt\/1\/wp-json\/wp\/v2\/pages\/1339","targetHints":{"allow":["GET"]}}],"collection":[{"href":"https:\/\/www.gem.pt\/1\/wp-json\/wp\/v2\/pages"}],"about":[{"href":"https:\/\/www.gem.pt\/1\/wp-json\/wp\/v2\/types\/page"}],"author":[{"embeddable":true,"href":"https:\/\/www.gem.pt\/1\/wp-json\/wp\/v2\/users\/1"}],"replies":[{"embeddable":true,"href":"https:\/\/www.gem.pt\/1\/wp-json\/wp\/v2\/comments?post=1339"}],"version-history":[{"count":9,"href":"https:\/\/www.gem.pt\/1\/wp-json\/wp\/v2\/pages\/1339\/revisions"}],"predecessor-version":[{"id":22831,"href":"https:\/\/www.gem.pt\/1\/wp-json\/wp\/v2\/pages\/1339\/revisions\/22831"}],"up":[{"embeddable":true,"href":"https:\/\/www.gem.pt\/1\/wp-json\/wp\/v2\/pages\/768"}],"wp:attachment":[{"href":"https:\/\/www.gem.pt\/1\/wp-json\/wp\/v2\/media?parent=1339"}],"curies":[{"name":"wp","href":"https:\/\/api.w.org\/{rel}","templated":true}]}}