{"id":1084,"date":"2020-05-27T23:00:39","date_gmt":"2020-05-27T23:00:39","guid":{"rendered":"https:\/\/www.gem.pt\/@teste\/?page_id=1084"},"modified":"2025-05-17T20:21:16","modified_gmt":"2025-05-17T19:21:16","slug":"espeleologia-nivel-ii","status":"publish","type":"page","link":"https:\/\/www.gem.pt\/1\/formacao\/espeleologia-nivel-ii\/","title":{"rendered":"Espeleologia N\u00edvel II"},"content":{"rendered":"\t\t<div data-elementor-type=\"wp-page\" data-elementor-id=\"1084\" class=\"elementor elementor-1084\">\n\t\t\t\t\t\t<section class=\"elementor-section elementor-top-section elementor-element elementor-element-38ede328 elementor-section-boxed elementor-section-height-default elementor-section-height-default\" data-id=\"38ede328\" data-element_type=\"section\" data-e-type=\"section\">\n\t\t\t\t\t\t<div class=\"elementor-container elementor-column-gap-default\">\n\t\t\t\t\t<div class=\"aux-parallax-section elementor-column elementor-col-100 elementor-top-column elementor-element elementor-element-297eb977\" data-id=\"297eb977\" data-element_type=\"column\" data-e-type=\"column\">\n\t\t\t<div class=\"elementor-widget-wrap elementor-element-populated\">\n\t\t\t\t\t\t<div class=\"elementor-element elementor-element-2c266a0e elementor-widget elementor-widget-text-editor\" data-id=\"2c266a0e\" data-element_type=\"widget\" data-e-type=\"widget\" data-widget_type=\"text-editor.default\">\n\t\t\t\t<div class=\"elementor-widget-container\">\n\t\t\t\t\t\t\t\t\t<p>\u00a0<\/p><p><span style=\"caret-color: #444444; color: #444444; font-family: Questrial; font-size: 30px; letter-spacing: normal; white-space: pre-line;\">Espeleologia N\u00edvel II<\/span><span style=\"letter-spacing: normal; caret-color: #e78b00; color: #e78b00; font-family: Questrial; font-size: 20px; white-space: pre-line;\"><br \/>Curso de Inicia\u00e7\u00e3o \u00e0 Espeleologia de N\u00edvel II com certifica\u00e7\u00e3o FPE<br \/><\/span><\/p><div style=\"letter-spacing: normal; margin: 0px; padding: 0px; caret-color: #000000; color: #000000; font-family: Questrial; font-size: 14px; text-align: justify; white-space: pre-line; line-height: 1;\" data-line-height=\"1\">\u00a0<\/div><div style=\"text-align: left;\"><hr \/><\/div><div><span style=\"font-family: Questrial; letter-spacing: normal; text-align: justify; white-space: pre-line;\"><br \/><img fetchpriority=\"high\" decoding=\"async\" class=\"alignright wp-image-1086\" src=\"https:\/\/www.gem.pt\/wp-content\/uploads\/2021\/09\/Formacao_2_1a.jpg\" alt=\"\" width=\"482\" height=\"250\" \/>O curso de N\u00edvel II \u00e9 um curso de inicia\u00e7\u00e3o \u00e0 espeleologia, que consiste na aprendizagem dos aspectos te\u00f3ricos e pr\u00e1ticos das t\u00e9cnicas de explora\u00e7\u00e3o das cavidades e regras de seguran\u00e7a, complementada pela abordagem dos v\u00e1rios aspectos cient\u00edficos da actividade espeleol\u00f3gica.<\/span><\/div><div style=\"text-align: left;\"><div style=\"letter-spacing: normal; margin: 0px; padding: 0px; caret-color: #000000; color: #000000; font-family: Questrial; text-align: justify; white-space: pre-line; font-size: 5px;\">\u00a0<\/div><div style=\"letter-spacing: normal; margin: 0px; padding: 0px; caret-color: #000000; color: #000000; font-family: Questrial; text-align: justify; white-space: pre-line;\">\u00c9 um curso com dura\u00e7\u00e3o m\u00ednima de 6\u00a0dias, que inclui aulas\u00a0te\u00f3ricas e o treino das t\u00e9cnicas usuais em cavidades de diferentes tipos morfol\u00f3gicos e dificuldades variadas. O praticante fica habilitado\u00a0a efectuar progress\u00e3o aut\u00f3noma em cavidade e a participar em trabalhos espeleol\u00f3gicos, quando integrado numa equipa.<\/div><div style=\"letter-spacing: normal; margin: 0px; padding: 0px; font-family: Questrial; text-align: justify; white-space: pre-line; font-size: 5px;\">\u00a0<\/div><div style=\"letter-spacing: normal; margin: 0px; padding: 0px; font-family: Questrial; text-align: justify; white-space: pre-line;\">Este curso n\u00e3o necessita da frequ\u00eancia do Curso de N\u00edvel I de Espeleologia.<\/div><div style=\"letter-spacing: normal; margin: 0px; padding: 0px; caret-color: #000000; color: #000000; font-family: Questrial; text-align: justify; white-space: pre-line;\">\u00a0<\/div><div style=\"letter-spacing: normal; margin: 0px; padding: 0px; caret-color: #000000; color: #000000; font-family: Questrial; text-align: justify; white-space: pre-line;\"><span style=\"caret-color: #e78b00; color: #e78b00; font-size: 20px; text-align: left;\">Destinat\u00e1rios<\/span><\/div><div style=\"letter-spacing: normal; margin: 0px; padding: 0px; caret-color: #000000; color: #000000; font-family: Questrial; text-align: justify; white-space: pre-line;\">O Curso de N\u00edvel II de Espeleologia\u00a0<span style=\"letter-spacing: 0px;\">destina-se a todos os S\u00f3cios Efetivos, mas tamb\u00e9m\u00a0ao p\u00fablico em geral por interm\u00e9dio da inscri\u00e7\u00e3o como S\u00f3cios Tempor\u00e1rios.<\/span><\/div><div style=\"letter-spacing: normal; margin: 0px; padding: 0px; font-family: Questrial; text-align: justify; white-space: pre-line; font-size: 5px;\">\u00a0<\/div><div style=\"letter-spacing: normal; margin: 0px; padding: 0px; font-family: Questrial; text-align: justify; white-space: pre-line;\"><span style=\"letter-spacing: 0px;\">Os formandos\u00a0dever\u00e3o ser maiores de 15 anos,\u00a0e interessados em desenvolver conhecimentos de Espeleologia. Os menores de idade\u00a0<\/span>dever\u00e3o preencher a devida autoriza\u00e7\u00e3o do respetivo encarregado de educa\u00e7\u00e3o.<\/div><div style=\"letter-spacing: normal; margin: 0px; padding: 0px; caret-color: #000000; color: #000000; font-family: Questrial; text-align: justify; white-space: pre-line;\">\u00a0<\/div><div style=\"letter-spacing: normal; margin: 0px; padding: 0px; caret-color: #000000; color: #000000; font-family: Questrial; text-align: justify; white-space: pre-line;\"><span style=\"caret-color: #e78b00; color: #e78b00; font-size: 20px; text-align: left;\">Calend\u00e1rio e Inscri\u00e7\u00f5es<\/span><\/div><div style=\"letter-spacing: normal; margin: 0px; padding: 0px; caret-color: #000000; color: #000000; font-family: Questrial; text-align: justify; white-space: pre-line;\"><span style=\"letter-spacing: 0px;\">Veja\u00a0no <a href=\"https:\/\/www.gem.pt\/1\/atividades\/plano-atividades\/\">plano de atividades<\/a> as pr\u00f3ximas forma\u00e7\u00f5es de N\u00edvel II de Espeleologia. Para marca\u00e7\u00f5es de grupos ou outras datas contacte o GEM atrav\u00e9s do <span style=\"color: #ff8200;\"><u><a style=\"color: inherit;\" title=\"\" href=\"mailto:geral@gem.pt\" type=\"\" data-attached-link=\"{\">geral@gem.pt<\/a><\/u><\/span><\/span>.<\/div><div style=\"letter-spacing: normal; margin: 0px; padding: 0px; font-family: Questrial; text-align: justify; white-space: pre-line; font-size: 5px;\">\u00a0<\/div><div style=\"letter-spacing: normal; margin: 0px; padding: 0px; caret-color: #000000; color: #000000; font-family: Questrial; text-align: justify; white-space: pre-line;\"><u><strong>Valor de inscri\u00e7\u00e3o<\/strong><\/u>: Ver folheto do respetivo programa de forma\u00e7\u00e3o\u00a0(inclui: equipamento de seguran\u00e7a, seguro, manual, quota de s\u00f3cio tempor\u00e1rio\u00a0e certificado de N\u00edvel II de Espeleologia emitido pela FPE). Desconto de 20\u00a0euros para S\u00f3cios Efetivos.<\/div><div style=\"letter-spacing: normal; margin: 0px; padding: 0px; caret-color: #000000; color: #000000; font-family: Questrial; font-size: 14px; text-align: justify; white-space: pre-line; line-height: 0.5;\" data-line-height=\"0.5\">\u00a0<\/div><div style=\"letter-spacing: normal; margin: 0px; padding: 0px; caret-color: #000000; color: #000000; font-family: Questrial; text-align: justify; white-space: pre-line;\"><u><strong>Formul\u00e1rio de Inscri\u00e7\u00e3o<\/strong><\/u>:\u00a0Para se inscrever na forma\u00e7\u00e3o dever\u00e1 efetuar o pedido\u00a0para\u00a0<span style=\"color: #ff8200;\"><u><a style=\"color: inherit;\" title=\"\" href=\"mailto:geral@gem.pt\" type=\"\" data-attached-link=\"{\">geral@gem.pt<\/a><\/u><\/span>\u00a0dentro do prazo de inscri\u00e7\u00e3o,\u00a0juntamente com o comprovativo do pagamento do valor de inscri\u00e7\u00e3o, de acordo com as instru\u00e7\u00f5es do\u00a0folheto de divulga\u00e7\u00e3o da forma\u00e7\u00e3o. Se n\u00e3o for s\u00f3cio GEM, dever\u00e1 incluir no pedido\u00a0a <span style=\"text-decoration: underline; color: #ff9900;\"><a style=\"color: #ff9900; text-decoration: underline;\" href=\"\/wp-content\/uploads\/2020\/09\/Proposta-de-Socio-Aderente_GEM_2017.pdf\" target=\"_blank\" rel=\"noopener\">proposta de s\u00f3cio aderente<\/a><\/span>\u00a0preenchida\u00a0por completo.<\/div><\/div>\t\t\t\t\t\t\t\t<\/div>\n\t\t\t\t<\/div>\n\t\t\t\t\t<\/div>\n\t\t<\/div>\n\t\t\t\t\t<\/div>\n\t\t<\/section>\n\t\t\t\t<\/div>\n\t\t","protected":false},"excerpt":{"rendered":"<p>\u00a0 Espeleologia N\u00edvel IICurso de Inicia\u00e7\u00e3o \u00e0 Espeleologia de N\u00edvel II com certifica\u00e7\u00e3o FPE \u00a0 O curso de N\u00edvel II \u00e9 um curso de inicia\u00e7\u00e3o \u00e0 espeleologia, que consiste na aprendizagem dos aspectos te\u00f3ricos e pr\u00e1ticos das t\u00e9cnicas de explora\u00e7\u00e3o das cavidades e regras de seguran\u00e7a, complementada pela abordagem dos v\u00e1rios aspectos cient\u00edficos da actividade [&hellip;]<\/p>\n","protected":false},"author":1,"featured_media":0,"parent":867,"menu_order":1,"comment_status":"closed","ping_status":"closed","template":"","meta":{"footnotes":""},"class_list":["post-1084","page","type-page","status-publish","hentry"],"_links":{"self":[{"href":"https:\/\/www.gem.pt\/1\/wp-json\/wp\/v2\/pages\/1084","targetHints":{"allow":["GET"]}}],"collection":[{"href":"https:\/\/www.gem.pt\/1\/wp-json\/wp\/v2\/pages"}],"about":[{"href":"https:\/\/www.gem.pt\/1\/wp-json\/wp\/v2\/types\/page"}],"author":[{"embeddable":true,"href":"https:\/\/www.gem.pt\/1\/wp-json\/wp\/v2\/users\/1"}],"replies":[{"embeddable":true,"href":"https:\/\/www.gem.pt\/1\/wp-json\/wp\/v2\/comments?post=1084"}],"version-history":[{"count":0,"href":"https:\/\/www.gem.pt\/1\/wp-json\/wp\/v2\/pages\/1084\/revisions"}],"up":[{"embeddable":true,"href":"https:\/\/www.gem.pt\/1\/wp-json\/wp\/v2\/pages\/867"}],"wp:attachment":[{"href":"https:\/\/www.gem.pt\/1\/wp-json\/wp\/v2\/media?parent=1084"}],"curies":[{"name":"wp","href":"https:\/\/api.w.org\/{rel}","templated":true}]}}