{"id":13649,"date":"2022-04-06T16:01:56","date_gmt":"2022-04-06T15:01:56","guid":{"rendered":"https:\/\/www.gem.pt\/1\/?page_id=13649"},"modified":"2024-08-22T18:47:40","modified_gmt":"2024-08-22T17:47:40","slug":"radio-espeleogem","status":"publish","type":"page","link":"https:\/\/www.gem.pt\/1\/en\/radio-espeleogem\/","title":{"rendered":"EspeleoGEM Radio"},"content":{"rendered":"\t\t<div data-elementor-type=\"wp-page\" data-elementor-id=\"13649\" class=\"elementor elementor-13649\">\n\t\t\t\t\t\t<section class=\"elementor-section elementor-top-section elementor-element elementor-element-38ede328 elementor-section-boxed elementor-section-height-default elementor-section-height-default\" data-id=\"38ede328\" data-element_type=\"section\" data-e-type=\"section\">\n\t\t\t\t\t\t<div class=\"elementor-container elementor-column-gap-default\">\n\t\t\t\t\t<div class=\"aux-parallax-section elementor-column elementor-col-100 elementor-top-column elementor-element elementor-element-297eb977\" data-id=\"297eb977\" data-element_type=\"column\" data-e-type=\"column\">\n\t\t\t<div class=\"elementor-widget-wrap elementor-element-populated\">\n\t\t\t\t\t\t<div class=\"elementor-element elementor-element-03a446e elementor-widget elementor-widget-text-editor\" data-id=\"03a446e\" data-element_type=\"widget\" data-e-type=\"widget\" data-widget_type=\"text-editor.default\">\n\t\t\t\t<div class=\"elementor-widget-container\">\n\t\t\t\t\t\t\t\t\t<p><span style=\"font-family: Questrial; font-size: 10px; letter-spacing: normal; white-space: pre-line;\">\u00a0<\/span><\/p><p><span style=\"letter-spacing: normal; caret-color: #444444; color: #444444; font-family: Questrial; font-size: 30px; white-space: pre-line;\">Espeleo R\u00e1dio GEM<\/span><\/p><div style=\"text-align: left;\"><hr \/><\/div><div>\u00a0<\/div><div><span style=\"letter-spacing: normal; caret-color: #e78b00; color: #e78b00; font-family: Questrial; font-size: 20px; white-space: pre-line;\">Relatos espeleol\u00f3gicos dos trabalhos desenvolvidos pelo GEM<\/span><\/div>\t\t\t\t\t\t\t\t<\/div>\n\t\t\t\t<\/div>\n\t\t\t\t\t<\/div>\n\t\t<\/div>\n\t\t\t\t\t<\/div>\n\t\t<\/section>\n\t\t\t\t<section class=\"elementor-section elementor-top-section elementor-element elementor-element-6ea1780 elementor-section-boxed elementor-section-height-default elementor-section-height-default\" data-id=\"6ea1780\" data-element_type=\"section\" data-e-type=\"section\">\n\t\t\t\t\t\t<div class=\"elementor-container elementor-column-gap-default\">\n\t\t\t\t\t<div class=\"aux-parallax-section elementor-column elementor-col-100 elementor-top-column elementor-element elementor-element-8333ebf\" data-id=\"8333ebf\" data-element_type=\"column\" data-e-type=\"column\">\n\t\t\t<div class=\"elementor-widget-wrap elementor-element-populated\">\n\t\t\t\t\t\t<div class=\"elementor-element elementor-element-b30f90f elementor-widget elementor-widget-jkit_gallery\" data-id=\"b30f90f\" data-element_type=\"widget\" data-e-type=\"widget\" data-widget_type=\"jkit_gallery.default\">\n\t\t\t\t<div class=\"elementor-widget-container\">\n\t\t\t\t\t<div  class=\"jeg-elementor-kit jkit-gallery layout-card jeg_module___69f3390073382\"  data-grid=\"grid\" data-id=\"jeg_module___69f3390073382\" data-per-page=\"99\" data-load-more=\"0\" data-current-loaded=\"55\" data-count-items=\"55\" data-animation-duration=\"500\" data-no-more=\"N\u00e3o h\u00e1 mais edi\u00e7\u00f5es!\" data-items=\"[&quot;&lt;div class=\\&quot;gallery-item-wrap jkit-gcf-2024\\&quot;&gt; &lt;div class=\\&quot;grid-item\\&quot;&gt;&lt;div class=\\&quot;thumbnail-wrap\\&quot;&gt;&lt;img width=\\&quot;400\\&quot; height=\\&quot;225\\&quot; src=\\&quot;https:\\\/\\\/www.gem.pt\\\/wp-content\\\/uploads\\\/2024\\\/02\\\/AUDIO-2024-02-13-grande-falha.jpg\\&quot; class=\\&quot;attachment-full size-full\\&quot; alt=\\&quot;Edi\\u00e7\\u00e3o de 13 de Fevereiro de 2024\\&quot; url=\\&quot;https:\\\/\\\/www.gem.pt\\\/wp-content\\\/uploads\\\/2024\\\/02\\\/AUDIO-2024-02-13-grande-falha.jpg\\&quot; source=\\&quot;library\\&quot; srcset=\\&quot;https:\\\/\\\/www.gem.pt\\\/wp-content\\\/uploads\\\/2024\\\/02\\\/AUDIO-2024-02-13-grande-falha.jpg 400w, https:\\\/\\\/www.gem.pt\\\/wp-content\\\/uploads\\\/2024\\\/02\\\/AUDIO-2024-02-13-grande-falha-18x10.jpg 18w\\&quot; sizes=\\&quot;(max-width: 400px) 100vw, 400px\\&quot; \\\/&gt;&lt;div class=\\&quot;caption-wrap search-hover-bg style-overlay\\&quot;&gt; &lt;div class=\\&quot;caption-head\\&quot;&gt;&lt;\\\/div&gt; &lt;div class=\\&quot;caption-button\\&quot;&gt;&lt;\\\/div&gt; &lt;div class=\\&quot;caption-category\\&quot;&gt;&lt;\\\/div&gt; &lt;\\\/div&gt;&lt;\\\/div&gt;&lt;div class=\\&quot;caption-wrap style-card\\&quot;&gt; &lt;div class=\\&quot;item-caption-over\\&quot;&gt; &lt;h1 class=\\&quot;item-title\\&quot;&gt;Edi\\u00e7\\u00e3o de 13 de Fevereiro de 2024&lt;\\\/h1&gt; &lt;div class=\\&quot;item-content\\&quot;&gt;Gruta da Grande Falha &lt;div class=\\&quot;divFrame\\&quot;&gt;&lt;iframe src=\\&quot;https:\\\/\\\/drive.google.com\\\/file\\\/d\\\/1Lq-Yj2SMaKzb82WaE1Krk0gvPbE-sJ_Z\\\/preview\\&quot; height=\\&quot;60px\\&quot;&gt;&lt;\\\/iframe&gt;&lt;\\\/div&gt;&lt;\\\/div&gt; &lt;\\\/div&gt; &lt;\\\/div&gt;&lt;\\\/div&gt; &lt;\\\/div&gt;&quot;,&quot;&lt;div class=\\&quot;gallery-item-wrap jkit-gcf-2024\\&quot;&gt; &lt;div class=\\&quot;grid-item\\&quot;&gt;&lt;div class=\\&quot;thumbnail-wrap\\&quot;&gt;&lt;img width=\\&quot;400\\&quot; height=\\&quot;225\\&quot; src=\\&quot;https:\\\/\\\/www.gem.pt\\\/wp-content\\\/uploads\\\/2024\\\/02\\\/AUDIO-2024-02-03-18-59-26-alecrineiros-norte.jpg\\&quot; class=\\&quot;attachment-full size-full\\&quot; alt=\\&quot;Edi\\u00e7\\u00e3o de 3 de Fevereiro de 2024\\&quot; url=\\&quot;https:\\\/\\\/www.gem.pt\\\/wp-content\\\/uploads\\\/2024\\\/02\\\/AUDIO-2024-02-03-18-59-26-alecrineiros-norte.jpg\\&quot; source=\\&quot;library\\&quot; srcset=\\&quot;https:\\\/\\\/www.gem.pt\\\/wp-content\\\/uploads\\\/2024\\\/02\\\/AUDIO-2024-02-03-18-59-26-alecrineiros-norte.jpg 400w, https:\\\/\\\/www.gem.pt\\\/wp-content\\\/uploads\\\/2024\\\/02\\\/AUDIO-2024-02-03-18-59-26-alecrineiros-norte-18x10.jpg 18w\\&quot; sizes=\\&quot;(max-width: 400px) 100vw, 400px\\&quot; \\\/&gt;&lt;div class=\\&quot;caption-wrap search-hover-bg style-overlay\\&quot;&gt; &lt;div class=\\&quot;caption-head\\&quot;&gt;&lt;\\\/div&gt; &lt;div class=\\&quot;caption-button\\&quot;&gt;&lt;\\\/div&gt; &lt;div class=\\&quot;caption-category\\&quot;&gt;&lt;\\\/div&gt; &lt;\\\/div&gt;&lt;\\\/div&gt;&lt;div class=\\&quot;caption-wrap style-card\\&quot;&gt; &lt;div class=\\&quot;item-caption-over\\&quot;&gt; &lt;h1 class=\\&quot;item-title\\&quot;&gt;Edi\\u00e7\\u00e3o de 3 de Fevereiro de 2024&lt;\\\/h1&gt; &lt;div class=\\&quot;item-content\\&quot;&gt;Treino de Equipagens, Alecrineiros Norte &lt;div class=\\&quot;divFrame\\&quot;&gt;&lt;iframe src=\\&quot;https:\\\/\\\/drive.google.com\\\/file\\\/d\\\/1tChwycxVdbmYz-2kP8F5b2oO4Qy-RfHE\\\/preview\\&quot; height=\\&quot;60px\\&quot;&gt;&lt;\\\/iframe&gt;&lt;\\\/div&gt;&lt;\\\/div&gt; &lt;\\\/div&gt; &lt;\\\/div&gt;&lt;\\\/div&gt; &lt;\\\/div&gt;&quot;,&quot;&lt;div class=\\&quot;gallery-item-wrap jkit-gcf-2024\\&quot;&gt; &lt;div class=\\&quot;grid-item\\&quot;&gt;&lt;div class=\\&quot;thumbnail-wrap\\&quot;&gt;&lt;img width=\\&quot;400\\&quot; height=\\&quot;225\\&quot; src=\\&quot;https:\\\/\\\/www.gem.pt\\\/wp-content\\\/uploads\\\/2024\\\/02\\\/AUDIO-2024-01-27-18-36-13-lomba.png\\&quot; class=\\&quot;attachment-full size-full\\&quot; alt=\\&quot;Edi\\u00e7\\u00e3o de 27 de Janeiro de 2024\\&quot; url=\\&quot;https:\\\/\\\/www.gem.pt\\\/wp-content\\\/uploads\\\/2024\\\/02\\\/AUDIO-2024-01-27-18-36-13-lomba.png\\&quot; source=\\&quot;library\\&quot; srcset=\\&quot;https:\\\/\\\/www.gem.pt\\\/wp-content\\\/uploads\\\/2024\\\/02\\\/AUDIO-2024-01-27-18-36-13-lomba.png 400w, https:\\\/\\\/www.gem.pt\\\/wp-content\\\/uploads\\\/2024\\\/02\\\/AUDIO-2024-01-27-18-36-13-lomba-18x10.png 18w\\&quot; sizes=\\&quot;(max-width: 400px) 100vw, 400px\\&quot; \\\/&gt;&lt;div class=\\&quot;caption-wrap search-hover-bg style-overlay\\&quot;&gt; &lt;div class=\\&quot;caption-head\\&quot;&gt;&lt;\\\/div&gt; &lt;div class=\\&quot;caption-button\\&quot;&gt;&lt;\\\/div&gt; &lt;div class=\\&quot;caption-category\\&quot;&gt;&lt;\\\/div&gt; &lt;\\\/div&gt;&lt;\\\/div&gt;&lt;div class=\\&quot;caption-wrap style-card\\&quot;&gt; &lt;div class=\\&quot;item-caption-over\\&quot;&gt; &lt;h1 class=\\&quot;item-title\\&quot;&gt;Edi\\u00e7\\u00e3o de 27 de Janeiro de 2024&lt;\\\/h1&gt; &lt;div class=\\&quot;item-content\\&quot;&gt;Desequipagem do Algar da Lomba &lt;div class=\\&quot;divFrame\\&quot;&gt;&lt;iframe src=\\&quot;https:\\\/\\\/drive.google.com\\\/file\\\/d\\\/1S5MLm-3FT4kHU6m7e7fTAuY75NS8GNa5\\\/preview\\&quot; height=\\&quot;60px\\&quot;&gt;&lt;\\\/iframe&gt;&lt;\\\/div&gt;&lt;\\\/div&gt; &lt;\\\/div&gt; &lt;\\\/div&gt;&lt;\\\/div&gt; &lt;\\\/div&gt;&quot;,&quot;&lt;div class=\\&quot;gallery-item-wrap jkit-gcf-2023\\&quot;&gt; &lt;div class=\\&quot;grid-item\\&quot;&gt;&lt;div class=\\&quot;thumbnail-wrap\\&quot;&gt;&lt;img width=\\&quot;400\\&quot; height=\\&quot;225\\&quot; src=\\&quot;https:\\\/\\\/www.gem.pt\\\/wp-content\\\/uploads\\\/2024\\\/02\\\/AUDIO-2023-09-30-1-trabalhos-lomba.jpg\\&quot; class=\\&quot;attachment-full size-full\\&quot; alt=\\&quot;Edi\\u00e7\\u00e3o de 30 de Setembro de 2023 (2)\\&quot; url=\\&quot;https:\\\/\\\/www.gem.pt\\\/wp-content\\\/uploads\\\/2024\\\/02\\\/AUDIO-2023-09-30-1-trabalhos-lomba.jpg\\&quot; source=\\&quot;library\\&quot; srcset=\\&quot;https:\\\/\\\/www.gem.pt\\\/wp-content\\\/uploads\\\/2024\\\/02\\\/AUDIO-2023-09-30-1-trabalhos-lomba.jpg 400w, https:\\\/\\\/www.gem.pt\\\/wp-content\\\/uploads\\\/2024\\\/02\\\/AUDIO-2023-09-30-1-trabalhos-lomba-18x10.jpg 18w\\&quot; sizes=\\&quot;(max-width: 400px) 100vw, 400px\\&quot; \\\/&gt;&lt;div class=\\&quot;caption-wrap search-hover-bg style-overlay\\&quot;&gt; &lt;div class=\\&quot;caption-head\\&quot;&gt;&lt;\\\/div&gt; &lt;div class=\\&quot;caption-button\\&quot;&gt;&lt;\\\/div&gt; &lt;div class=\\&quot;caption-category\\&quot;&gt;&lt;\\\/div&gt; &lt;\\\/div&gt;&lt;\\\/div&gt;&lt;div class=\\&quot;caption-wrap style-card\\&quot;&gt; &lt;div class=\\&quot;item-caption-over\\&quot;&gt; &lt;h1 class=\\&quot;item-title\\&quot;&gt;Edi\\u00e7\\u00e3o de 30 de Setembro de 2023 (2)&lt;\\\/h1&gt; &lt;div class=\\&quot;item-content\\&quot;&gt;Apresenta\\u00e7\\u00e3o dos Trabalhos do Algar da Lomba &lt;div class=\\&quot;divFrame\\&quot;&gt;&lt;iframe src=\\&quot;https:\\\/\\\/drive.google.com\\\/file\\\/d\\\/1lTy7a3iY5ZaJxYVRX1w9dpt2R48KIWXY\\\/preview\\&quot; height=\\&quot;60px\\&quot;&gt;&lt;\\\/iframe&gt;&lt;\\\/div&gt;&lt;\\\/div&gt; &lt;\\\/div&gt; &lt;\\\/div&gt;&lt;\\\/div&gt; &lt;\\\/div&gt;&quot;,&quot;&lt;div class=\\&quot;gallery-item-wrap jkit-gcf-2023\\&quot;&gt; &lt;div class=\\&quot;grid-item\\&quot;&gt;&lt;div class=\\&quot;thumbnail-wrap\\&quot;&gt;&lt;img width=\\&quot;400\\&quot; height=\\&quot;225\\&quot; src=\\&quot;https:\\\/\\\/www.gem.pt\\\/wp-content\\\/uploads\\\/2024\\\/02\\\/AUDIO-2023-09-30-20-39-55-trabalhos-lomba.png\\&quot; class=\\&quot;attachment-full size-full\\&quot; alt=\\&quot;Edi\\u00e7\\u00e3o de 30 de Setembro de 2023 (1)\\&quot; url=\\&quot;https:\\\/\\\/www.gem.pt\\\/wp-content\\\/uploads\\\/2024\\\/02\\\/AUDIO-2023-09-30-20-39-55-trabalhos-lomba.png\\&quot; source=\\&quot;library\\&quot; srcset=\\&quot;https:\\\/\\\/www.gem.pt\\\/wp-content\\\/uploads\\\/2024\\\/02\\\/AUDIO-2023-09-30-20-39-55-trabalhos-lomba.png 400w, https:\\\/\\\/www.gem.pt\\\/wp-content\\\/uploads\\\/2024\\\/02\\\/AUDIO-2023-09-30-20-39-55-trabalhos-lomba-18x10.png 18w\\&quot; sizes=\\&quot;(max-width: 400px) 100vw, 400px\\&quot; \\\/&gt;&lt;div class=\\&quot;caption-wrap search-hover-bg style-overlay\\&quot;&gt; &lt;div class=\\&quot;caption-head\\&quot;&gt;&lt;\\\/div&gt; &lt;div class=\\&quot;caption-button\\&quot;&gt;&lt;\\\/div&gt; &lt;div class=\\&quot;caption-category\\&quot;&gt;&lt;\\\/div&gt; &lt;\\\/div&gt;&lt;\\\/div&gt;&lt;div class=\\&quot;caption-wrap style-card\\&quot;&gt; &lt;div class=\\&quot;item-caption-over\\&quot;&gt; &lt;h1 class=\\&quot;item-title\\&quot;&gt;Edi\\u00e7\\u00e3o de 30 de Setembro de 2023 (1)&lt;\\\/h1&gt; &lt;div class=\\&quot;item-content\\&quot;&gt;Apresenta\\u00e7\\u00e3o dos Trabalhos do Algar da Lomba &lt;div class=\\&quot;divFrame\\&quot;&gt;&lt;iframe src=\\&quot;https:\\\/\\\/drive.google.com\\\/file\\\/d\\\/1JLggT4NDyI_kbEyhSuVsAh55nsyfpj6P\\\/preview\\&quot; height=\\&quot;60px\\&quot;&gt;&lt;\\\/iframe&gt;&lt;\\\/div&gt;&lt;\\\/div&gt; &lt;\\\/div&gt; &lt;\\\/div&gt;&lt;\\\/div&gt; &lt;\\\/div&gt;&quot;,&quot;&lt;div class=\\&quot;gallery-item-wrap jkit-gcf-2023\\&quot;&gt; &lt;div class=\\&quot;grid-item\\&quot;&gt;&lt;div class=\\&quot;thumbnail-wrap\\&quot;&gt;&lt;img width=\\&quot;400\\&quot; height=\\&quot;225\\&quot; src=\\&quot;https:\\\/\\\/www.gem.pt\\\/wp-content\\\/uploads\\\/2024\\\/02\\\/AUDIO-2023-09-10-16-29-10-Algar-da-autoestrada.png\\&quot; class=\\&quot;attachment-full size-full\\&quot; alt=\\&quot;Edi\\u00e7\\u00e3o de 10 de Setembro de 2023\\&quot; url=\\&quot;https:\\\/\\\/www.gem.pt\\\/wp-content\\\/uploads\\\/2024\\\/02\\\/AUDIO-2023-09-10-16-29-10-Algar-da-autoestrada.png\\&quot; source=\\&quot;library\\&quot; srcset=\\&quot;https:\\\/\\\/www.gem.pt\\\/wp-content\\\/uploads\\\/2024\\\/02\\\/AUDIO-2023-09-10-16-29-10-Algar-da-autoestrada.png 400w, https:\\\/\\\/www.gem.pt\\\/wp-content\\\/uploads\\\/2024\\\/02\\\/AUDIO-2023-09-10-16-29-10-Algar-da-autoestrada-18x10.png 18w\\&quot; sizes=\\&quot;(max-width: 400px) 100vw, 400px\\&quot; \\\/&gt;&lt;div class=\\&quot;caption-wrap search-hover-bg style-overlay\\&quot;&gt; &lt;div class=\\&quot;caption-head\\&quot;&gt;&lt;\\\/div&gt; &lt;div class=\\&quot;caption-button\\&quot;&gt;&lt;\\\/div&gt; &lt;div class=\\&quot;caption-category\\&quot;&gt;&lt;\\\/div&gt; &lt;\\\/div&gt;&lt;\\\/div&gt;&lt;div class=\\&quot;caption-wrap style-card\\&quot;&gt; &lt;div class=\\&quot;item-caption-over\\&quot;&gt; &lt;h1 class=\\&quot;item-title\\&quot;&gt;Edi\\u00e7\\u00e3o de 10 de Setembro de 2023&lt;\\\/h1&gt; &lt;div class=\\&quot;item-content\\&quot;&gt;Algar da Autoestrada &lt;div class=\\&quot;divFrame\\&quot;&gt;&lt;iframe src=\\&quot;https:\\\/\\\/drive.google.com\\\/file\\\/d\\\/1MHYOP-boIgFuduC1DBzF6E8GJ8BenxTg\\\/preview\\&quot; height=\\&quot;60px\\&quot;&gt;&lt;\\\/iframe&gt;&lt;\\\/div&gt;&lt;\\\/div&gt; &lt;\\\/div&gt; &lt;\\\/div&gt;&lt;\\\/div&gt; &lt;\\\/div&gt;&quot;,&quot;&lt;div class=\\&quot;gallery-item-wrap jkit-gcf-2023\\&quot;&gt; &lt;div class=\\&quot;grid-item\\&quot;&gt;&lt;div class=\\&quot;thumbnail-wrap\\&quot;&gt;&lt;img width=\\&quot;400\\&quot; height=\\&quot;225\\&quot; src=\\&quot;https:\\\/\\\/www.gem.pt\\\/wp-content\\\/uploads\\\/2024\\\/02\\\/AUDIO-2023-07-02-11-17-35-Lomba-e-algar-da-esteveira.jpeg\\&quot; class=\\&quot;attachment-full size-full\\&quot; alt=\\&quot;Edi\\u00e7\\u00e3o de 2 de Julho de 2023\\&quot; url=\\&quot;https:\\\/\\\/www.gem.pt\\\/wp-content\\\/uploads\\\/2024\\\/02\\\/AUDIO-2023-07-02-11-17-35-Lomba-e-algar-da-esteveira.jpeg\\&quot; source=\\&quot;library\\&quot; srcset=\\&quot;https:\\\/\\\/www.gem.pt\\\/wp-content\\\/uploads\\\/2024\\\/02\\\/AUDIO-2023-07-02-11-17-35-Lomba-e-algar-da-esteveira.jpeg 400w, https:\\\/\\\/www.gem.pt\\\/wp-content\\\/uploads\\\/2024\\\/02\\\/AUDIO-2023-07-02-11-17-35-Lomba-e-algar-da-esteveira-18x10.jpeg 18w\\&quot; sizes=\\&quot;(max-width: 400px) 100vw, 400px\\&quot; \\\/&gt;&lt;div class=\\&quot;caption-wrap search-hover-bg style-overlay\\&quot;&gt; &lt;div class=\\&quot;caption-head\\&quot;&gt;&lt;\\\/div&gt; &lt;div class=\\&quot;caption-button\\&quot;&gt;&lt;\\\/div&gt; &lt;div class=\\&quot;caption-category\\&quot;&gt;&lt;\\\/div&gt; &lt;\\\/div&gt;&lt;\\\/div&gt;&lt;div class=\\&quot;caption-wrap style-card\\&quot;&gt; &lt;div class=\\&quot;item-caption-over\\&quot;&gt; &lt;h1 class=\\&quot;item-title\\&quot;&gt;Edi\\u00e7\\u00e3o de 2 de Julho de 2023&lt;\\\/h1&gt; &lt;div class=\\&quot;item-content\\&quot;&gt;Algar da Lomba e Algar da Esteveira &lt;div class=\\&quot;divFrame\\&quot;&gt;&lt;iframe src=\\&quot;https:\\\/\\\/drive.google.com\\\/file\\\/d\\\/11RJN__1YNpwFM9HjqU99uMSe_Z9Et2RZ\\\/preview\\&quot; height=\\&quot;60px\\&quot;&gt;&lt;\\\/iframe&gt;&lt;\\\/div&gt;&lt;\\\/div&gt; &lt;\\\/div&gt; &lt;\\\/div&gt;&lt;\\\/div&gt; &lt;\\\/div&gt;&quot;,&quot;&lt;div class=\\&quot;gallery-item-wrap jkit-gcf-2023\\&quot;&gt; &lt;div class=\\&quot;grid-item\\&quot;&gt;&lt;div class=\\&quot;thumbnail-wrap\\&quot;&gt;&lt;img width=\\&quot;400\\&quot; height=\\&quot;225\\&quot; src=\\&quot;https:\\\/\\\/www.gem.pt\\\/wp-content\\\/uploads\\\/2024\\\/02\\\/AUDIO-2023-05-14-18-38-48-algar-da-cotovia.png\\&quot; class=\\&quot;attachment-full size-full\\&quot; alt=\\&quot;Edi\\u00e7\\u00e3o de 14 de Maio de 2023\\&quot; url=\\&quot;https:\\\/\\\/www.gem.pt\\\/wp-content\\\/uploads\\\/2024\\\/02\\\/AUDIO-2023-05-14-18-38-48-algar-da-cotovia.png\\&quot; source=\\&quot;library\\&quot; srcset=\\&quot;https:\\\/\\\/www.gem.pt\\\/wp-content\\\/uploads\\\/2024\\\/02\\\/AUDIO-2023-05-14-18-38-48-algar-da-cotovia.png 400w, https:\\\/\\\/www.gem.pt\\\/wp-content\\\/uploads\\\/2024\\\/02\\\/AUDIO-2023-05-14-18-38-48-algar-da-cotovia-18x10.png 18w\\&quot; sizes=\\&quot;(max-width: 400px) 100vw, 400px\\&quot; \\\/&gt;&lt;div class=\\&quot;caption-wrap search-hover-bg style-overlay\\&quot;&gt; &lt;div class=\\&quot;caption-head\\&quot;&gt;&lt;\\\/div&gt; &lt;div class=\\&quot;caption-button\\&quot;&gt;&lt;\\\/div&gt; &lt;div class=\\&quot;caption-category\\&quot;&gt;&lt;\\\/div&gt; &lt;\\\/div&gt;&lt;\\\/div&gt;&lt;div class=\\&quot;caption-wrap style-card\\&quot;&gt; &lt;div class=\\&quot;item-caption-over\\&quot;&gt; &lt;h1 class=\\&quot;item-title\\&quot;&gt;Edi\\u00e7\\u00e3o de 14 de Maio de 2023&lt;\\\/h1&gt; &lt;div class=\\&quot;item-content\\&quot;&gt;Algar da Cotovia &lt;div class=\\&quot;divFrame\\&quot;&gt;&lt;iframe src=\\&quot;https:\\\/\\\/drive.google.com\\\/file\\\/d\\\/1Ra5pWJP51ClZ0_KM0M_LoTI5MrgwWsfR\\\/preview\\&quot; height=\\&quot;60px\\&quot;&gt;&lt;\\\/iframe&gt;&lt;\\\/div&gt;&lt;\\\/div&gt; &lt;\\\/div&gt; &lt;\\\/div&gt;&lt;\\\/div&gt; &lt;\\\/div&gt;&quot;,&quot;&lt;div class=\\&quot;gallery-item-wrap jkit-gcf-2023\\&quot;&gt; &lt;div class=\\&quot;grid-item\\&quot;&gt;&lt;div class=\\&quot;thumbnail-wrap\\&quot;&gt;&lt;img width=\\&quot;400\\&quot; height=\\&quot;225\\&quot; src=\\&quot;https:\\\/\\\/www.gem.pt\\\/wp-content\\\/uploads\\\/2024\\\/02\\\/AUDIO-2023-04-23-00-33-44-lomba.png\\&quot; class=\\&quot;attachment-full size-full\\&quot; alt=\\&quot;Edi\\u00e7\\u00e3o de 23 de Abril de 2023\\&quot; url=\\&quot;https:\\\/\\\/www.gem.pt\\\/wp-content\\\/uploads\\\/2024\\\/02\\\/AUDIO-2023-04-23-00-33-44-lomba.png\\&quot; source=\\&quot;library\\&quot; srcset=\\&quot;https:\\\/\\\/www.gem.pt\\\/wp-content\\\/uploads\\\/2024\\\/02\\\/AUDIO-2023-04-23-00-33-44-lomba.png 400w, https:\\\/\\\/www.gem.pt\\\/wp-content\\\/uploads\\\/2024\\\/02\\\/AUDIO-2023-04-23-00-33-44-lomba-18x10.png 18w\\&quot; sizes=\\&quot;(max-width: 400px) 100vw, 400px\\&quot; \\\/&gt;&lt;div class=\\&quot;caption-wrap search-hover-bg style-overlay\\&quot;&gt; &lt;div class=\\&quot;caption-head\\&quot;&gt;&lt;\\\/div&gt; &lt;div class=\\&quot;caption-button\\&quot;&gt;&lt;\\\/div&gt; &lt;div class=\\&quot;caption-category\\&quot;&gt;&lt;\\\/div&gt; &lt;\\\/div&gt;&lt;\\\/div&gt;&lt;div class=\\&quot;caption-wrap style-card\\&quot;&gt; &lt;div class=\\&quot;item-caption-over\\&quot;&gt; &lt;h1 class=\\&quot;item-title\\&quot;&gt;Edi\\u00e7\\u00e3o de 23 de Abril de 2023&lt;\\\/h1&gt; &lt;div class=\\&quot;item-content\\&quot;&gt;Algar da Lomba &lt;div class=\\&quot;divFrame\\&quot;&gt;&lt;iframe src=\\&quot;https:\\\/\\\/drive.google.com\\\/file\\\/d\\\/12F3lnH8KQ4XF7mMmZbISHmAqX4PyfT_j\\\/preview\\&quot; height=\\&quot;60px\\&quot;&gt;&lt;\\\/iframe&gt;&lt;\\\/div&gt;&lt;\\\/div&gt; &lt;\\\/div&gt; &lt;\\\/div&gt;&lt;\\\/div&gt; &lt;\\\/div&gt;&quot;,&quot;&lt;div class=\\&quot;gallery-item-wrap jkit-gcf-2023\\&quot;&gt; &lt;div class=\\&quot;grid-item\\&quot;&gt;&lt;div class=\\&quot;thumbnail-wrap\\&quot;&gt;&lt;img width=\\&quot;400\\&quot; height=\\&quot;225\\&quot; src=\\&quot;https:\\\/\\\/www.gem.pt\\\/wp-content\\\/uploads\\\/2023\\\/04\\\/AUDIO-2023-03-26.jpg\\&quot; class=\\&quot;attachment-full size-full\\&quot; alt=\\&quot;Edi\\u00e7\\u00e3o de 26 de Mar\\u00e7o de 2023\\&quot; url=\\&quot;https:\\\/\\\/www.gem.pt\\\/wp-content\\\/uploads\\\/2023\\\/04\\\/AUDIO-2023-03-26.jpg\\&quot; source=\\&quot;library\\&quot; \\\/&gt;&lt;div class=\\&quot;caption-wrap search-hover-bg style-overlay\\&quot;&gt; &lt;div class=\\&quot;caption-head\\&quot;&gt;&lt;\\\/div&gt; &lt;div class=\\&quot;caption-button\\&quot;&gt;&lt;\\\/div&gt; &lt;div class=\\&quot;caption-category\\&quot;&gt;&lt;\\\/div&gt; &lt;\\\/div&gt;&lt;\\\/div&gt;&lt;div class=\\&quot;caption-wrap style-card\\&quot;&gt; &lt;div class=\\&quot;item-caption-over\\&quot;&gt; &lt;h1 class=\\&quot;item-title\\&quot;&gt;Edi\\u00e7\\u00e3o de 26 de Mar\\u00e7o de 2023&lt;\\\/h1&gt; &lt;div class=\\&quot;item-content\\&quot;&gt;Lapa do Sobral e Algar da Lomba &lt;div class=\\&quot;divFrame\\&quot;&gt;&lt;iframe src=\\&quot;https:\\\/\\\/drive.google.com\\\/file\\\/d\\\/1CkrFyfqEAYz-9Pd9OgoAtpg-_KzRgGuX\\\/preview\\&quot; height=\\&quot;60px\\&quot;&gt;&lt;\\\/iframe&gt;&lt;\\\/div&gt;&lt;\\\/div&gt; &lt;\\\/div&gt; &lt;\\\/div&gt;&lt;\\\/div&gt; &lt;\\\/div&gt;&quot;,&quot;&lt;div class=\\&quot;gallery-item-wrap jkit-gcf-2023\\&quot;&gt; &lt;div class=\\&quot;grid-item\\&quot;&gt;&lt;div class=\\&quot;thumbnail-wrap\\&quot;&gt;&lt;img width=\\&quot;400\\&quot; height=\\&quot;225\\&quot; src=\\&quot;https:\\\/\\\/www.gem.pt\\\/wp-content\\\/uploads\\\/2023\\\/04\\\/AUDIO-2023-03-11e12.jpg\\&quot; class=\\&quot;attachment-full size-full\\&quot; alt=\\&quot;Edi\\u00e7\\u00e3o de 12 de Mar\\u00e7o de 2023\\&quot; url=\\&quot;https:\\\/\\\/www.gem.pt\\\/wp-content\\\/uploads\\\/2023\\\/04\\\/AUDIO-2023-03-11e12.jpg\\&quot; source=\\&quot;library\\&quot; \\\/&gt;&lt;div class=\\&quot;caption-wrap search-hover-bg style-overlay\\&quot;&gt; &lt;div class=\\&quot;caption-head\\&quot;&gt;&lt;\\\/div&gt; &lt;div class=\\&quot;caption-button\\&quot;&gt;&lt;\\\/div&gt; &lt;div class=\\&quot;caption-category\\&quot;&gt;&lt;\\\/div&gt; &lt;\\\/div&gt;&lt;\\\/div&gt;&lt;div class=\\&quot;caption-wrap style-card\\&quot;&gt; &lt;div class=\\&quot;item-caption-over\\&quot;&gt; &lt;h1 class=\\&quot;item-title\\&quot;&gt;Edi\\u00e7\\u00e3o de 12 de Mar\\u00e7o de 2023&lt;\\\/h1&gt; &lt;div class=\\&quot;item-content\\&quot;&gt;Anivers\\u00e1rio GEM &lt;div class=\\&quot;divFrame\\&quot;&gt;&lt;iframe src=\\&quot;https:\\\/\\\/drive.google.com\\\/file\\\/d\\\/1Wp23ZuBi-mzPVs6mmZrZPDqfc2qucy9_\\\/preview\\&quot; height=\\&quot;60px\\&quot;&gt;&lt;\\\/iframe&gt;&lt;\\\/div&gt;&lt;\\\/div&gt; &lt;\\\/div&gt; &lt;\\\/div&gt;&lt;\\\/div&gt; &lt;\\\/div&gt;&quot;,&quot;&lt;div class=\\&quot;gallery-item-wrap jkit-gcf-2023\\&quot;&gt; &lt;div class=\\&quot;grid-item\\&quot;&gt;&lt;div class=\\&quot;thumbnail-wrap\\&quot;&gt;&lt;img width=\\&quot;400\\&quot; height=\\&quot;225\\&quot; src=\\&quot;https:\\\/\\\/www.gem.pt\\\/wp-content\\\/uploads\\\/2023\\\/04\\\/AUDIO-2023-02-19.jpg\\&quot; class=\\&quot;attachment-full size-full\\&quot; alt=\\&quot;Edi\\u00e7\\u00e3o de 19 de Fevereiro de 2023\\&quot; url=\\&quot;https:\\\/\\\/www.gem.pt\\\/wp-content\\\/uploads\\\/2023\\\/04\\\/AUDIO-2023-02-19.jpg\\&quot; source=\\&quot;library\\&quot; \\\/&gt;&lt;div class=\\&quot;caption-wrap search-hover-bg style-overlay\\&quot;&gt; &lt;div class=\\&quot;caption-head\\&quot;&gt;&lt;\\\/div&gt; &lt;div class=\\&quot;caption-button\\&quot;&gt;&lt;\\\/div&gt; &lt;div class=\\&quot;caption-category\\&quot;&gt;&lt;\\\/div&gt; &lt;\\\/div&gt;&lt;\\\/div&gt;&lt;div class=\\&quot;caption-wrap style-card\\&quot;&gt; &lt;div class=\\&quot;item-caption-over\\&quot;&gt; &lt;h1 class=\\&quot;item-title\\&quot;&gt;Edi\\u00e7\\u00e3o de 19 de Fevereiro de 2023&lt;\\\/h1&gt; &lt;div class=\\&quot;item-content\\&quot;&gt;Algar da Lomba e Lapa Adentro &lt;div class=\\&quot;divFrame\\&quot;&gt;&lt;iframe src=\\&quot;https:\\\/\\\/drive.google.com\\\/file\\\/d\\\/1nzogkcebF0hYKTJpXqsa0G1278tIEdsj\\\/preview\\&quot; height=\\&quot;60px\\&quot;&gt;&lt;\\\/iframe&gt;&lt;\\\/div&gt;&lt;\\\/div&gt; &lt;\\\/div&gt; &lt;\\\/div&gt;&lt;\\\/div&gt; &lt;\\\/div&gt;&quot;,&quot;&lt;div class=\\&quot;gallery-item-wrap jkit-gcf-2023\\&quot;&gt; &lt;div class=\\&quot;grid-item\\&quot;&gt;&lt;div class=\\&quot;thumbnail-wrap\\&quot;&gt;&lt;img width=\\&quot;400\\&quot; height=\\&quot;225\\&quot; src=\\&quot;https:\\\/\\\/www.gem.pt\\\/wp-content\\\/uploads\\\/2023\\\/04\\\/PHOTO-2023-02-18-08-04-13.jpg\\&quot; class=\\&quot;attachment-full size-full\\&quot; alt=\\&quot;Edi\\u00e7\\u00e3o de 17 de Fevereiro de 2023\\&quot; url=\\&quot;https:\\\/\\\/www.gem.pt\\\/wp-content\\\/uploads\\\/2023\\\/04\\\/PHOTO-2023-02-18-08-04-13.jpg\\&quot; source=\\&quot;library\\&quot; \\\/&gt;&lt;div class=\\&quot;caption-wrap search-hover-bg style-overlay\\&quot;&gt; &lt;div class=\\&quot;caption-head\\&quot;&gt;&lt;\\\/div&gt; &lt;div class=\\&quot;caption-button\\&quot;&gt;&lt;\\\/div&gt; &lt;div class=\\&quot;caption-category\\&quot;&gt;&lt;\\\/div&gt; &lt;\\\/div&gt;&lt;\\\/div&gt;&lt;div class=\\&quot;caption-wrap style-card\\&quot;&gt; &lt;div class=\\&quot;item-caption-over\\&quot;&gt; &lt;h1 class=\\&quot;item-title\\&quot;&gt;Edi\\u00e7\\u00e3o de 17 de Fevereiro de 2023&lt;\\\/h1&gt; &lt;div class=\\&quot;item-content\\&quot;&gt;Algar da Lomba &lt;div class=\\&quot;divFrame\\&quot;&gt;&lt;iframe src=\\&quot;https:\\\/\\\/drive.google.com\\\/file\\\/d\\\/1aR31Y-ZNRudbtEEh21yaQgIh5NB0sbIT\\\/preview\\&quot; height=\\&quot;60px\\&quot;&gt;&lt;\\\/iframe&gt;&lt;\\\/div&gt;&lt;\\\/div&gt; &lt;\\\/div&gt; &lt;\\\/div&gt;&lt;\\\/div&gt; &lt;\\\/div&gt;&quot;,&quot;&lt;div class=\\&quot;gallery-item-wrap jkit-gcf-2023\\&quot;&gt; &lt;div class=\\&quot;grid-item\\&quot;&gt;&lt;div class=\\&quot;thumbnail-wrap\\&quot;&gt;&lt;img width=\\&quot;400\\&quot; height=\\&quot;225\\&quot; src=\\&quot;https:\\\/\\\/www.gem.pt\\\/wp-content\\\/uploads\\\/2023\\\/02\\\/AUDIO-2023-01-22.jpg\\&quot; class=\\&quot;attachment-full size-full\\&quot; alt=\\&quot;Edi\\u00e7\\u00e3o de 22 de Janeiro de 2023\\&quot; url=\\&quot;https:\\\/\\\/www.gem.pt\\\/wp-content\\\/uploads\\\/2023\\\/02\\\/AUDIO-2023-01-22.jpg\\&quot; source=\\&quot;library\\&quot; \\\/&gt;&lt;div class=\\&quot;caption-wrap search-hover-bg style-overlay\\&quot;&gt; &lt;div class=\\&quot;caption-head\\&quot;&gt;&lt;\\\/div&gt; &lt;div class=\\&quot;caption-button\\&quot;&gt;&lt;\\\/div&gt; &lt;div class=\\&quot;caption-category\\&quot;&gt;&lt;\\\/div&gt; &lt;\\\/div&gt;&lt;\\\/div&gt;&lt;div class=\\&quot;caption-wrap style-card\\&quot;&gt; &lt;div class=\\&quot;item-caption-over\\&quot;&gt; &lt;h1 class=\\&quot;item-title\\&quot;&gt;Edi\\u00e7\\u00e3o de 22 de Janeiro de 2023&lt;\\\/h1&gt; &lt;div class=\\&quot;item-content\\&quot;&gt;Algar da Chapa &lt;div class=\\&quot;divFrame\\&quot;&gt;&lt;iframe src=\\&quot;https:\\\/\\\/drive.google.com\\\/file\\\/d\\\/1mimSgV_NQ2VELmghfaiytpudd9gh8x16\\\/preview\\&quot; height=\\&quot;60px\\&quot;&gt;&lt;\\\/iframe&gt;&lt;\\\/div&gt;&lt;\\\/div&gt; &lt;\\\/div&gt; &lt;\\\/div&gt;&lt;\\\/div&gt; &lt;\\\/div&gt;&quot;,&quot;&lt;div class=\\&quot;gallery-item-wrap jkit-gcf-2022\\&quot;&gt; &lt;div class=\\&quot;grid-item\\&quot;&gt;&lt;div class=\\&quot;thumbnail-wrap\\&quot;&gt;&lt;img width=\\&quot;400\\&quot; height=\\&quot;225\\&quot; src=\\&quot;https:\\\/\\\/www.gem.pt\\\/wp-content\\\/uploads\\\/2023\\\/02\\\/AUDIO-2022-12-11.jpg\\&quot; class=\\&quot;attachment-full size-full\\&quot; alt=\\&quot;Edi\\u00e7\\u00e3o de 11 de Dezembro de 2022\\&quot; url=\\&quot;https:\\\/\\\/www.gem.pt\\\/wp-content\\\/uploads\\\/2023\\\/02\\\/AUDIO-2022-12-11.jpg\\&quot; source=\\&quot;library\\&quot; \\\/&gt;&lt;div class=\\&quot;caption-wrap search-hover-bg style-overlay\\&quot;&gt; &lt;div class=\\&quot;caption-head\\&quot;&gt;&lt;\\\/div&gt; &lt;div class=\\&quot;caption-button\\&quot;&gt;&lt;\\\/div&gt; &lt;div class=\\&quot;caption-category\\&quot;&gt;&lt;\\\/div&gt; &lt;\\\/div&gt;&lt;\\\/div&gt;&lt;div class=\\&quot;caption-wrap style-card\\&quot;&gt; &lt;div class=\\&quot;item-caption-over\\&quot;&gt; &lt;h1 class=\\&quot;item-title\\&quot;&gt;Edi\\u00e7\\u00e3o de 11 de Dezembro de 2022&lt;\\\/h1&gt; &lt;div class=\\&quot;item-content\\&quot;&gt;Algar da Lapa, Bocas Largas V, da Azevia e da Alfarroba &lt;div class=\\&quot;divFrame\\&quot;&gt;&lt;iframe src=\\&quot;https:\\\/\\\/drive.google.com\\\/file\\\/d\\\/18n9S9MpgYn-HE81i47l7UNo5VFv2fxtE\\\/preview\\&quot; height=\\&quot;60px\\&quot;&gt;&lt;\\\/iframe&gt;&lt;\\\/div&gt;&lt;\\\/div&gt; &lt;\\\/div&gt; &lt;\\\/div&gt;&lt;\\\/div&gt; &lt;\\\/div&gt;&quot;,&quot;&lt;div class=\\&quot;gallery-item-wrap jkit-gcf-2022\\&quot;&gt; &lt;div class=\\&quot;grid-item\\&quot;&gt;&lt;div class=\\&quot;thumbnail-wrap\\&quot;&gt;&lt;img width=\\&quot;400\\&quot; height=\\&quot;225\\&quot; src=\\&quot;https:\\\/\\\/www.gem.pt\\\/wp-content\\\/uploads\\\/2023\\\/02\\\/AUDIO-2022-11-26b.jpg\\&quot; class=\\&quot;attachment-full size-full\\&quot; alt=\\&quot;Edi\\u00e7\\u00e3o de 26 de Novembro de 2022 (2)\\&quot; url=\\&quot;https:\\\/\\\/www.gem.pt\\\/wp-content\\\/uploads\\\/2023\\\/02\\\/AUDIO-2022-11-26b.jpg\\&quot; source=\\&quot;library\\&quot; \\\/&gt;&lt;div class=\\&quot;caption-wrap search-hover-bg style-overlay\\&quot;&gt; &lt;div class=\\&quot;caption-head\\&quot;&gt;&lt;\\\/div&gt; &lt;div class=\\&quot;caption-button\\&quot;&gt;&lt;\\\/div&gt; &lt;div class=\\&quot;caption-category\\&quot;&gt;&lt;\\\/div&gt; &lt;\\\/div&gt;&lt;\\\/div&gt;&lt;div class=\\&quot;caption-wrap style-card\\&quot;&gt; &lt;div class=\\&quot;item-caption-over\\&quot;&gt; &lt;h1 class=\\&quot;item-title\\&quot;&gt;Edi\\u00e7\\u00e3o de 26 de Novembro de 2022 (2)&lt;\\\/h1&gt; &lt;div class=\\&quot;item-content\\&quot;&gt;Minas da linha amarela (Vila Nova de Gaia) &lt;div class=\\&quot;divFrame\\&quot;&gt;&lt;iframe src=\\&quot;https:\\\/\\\/drive.google.com\\\/file\\\/d\\\/1FYvaOov1dGoeZMOyKM-QFjhD5woYqUGg\\\/preview\\&quot; height=\\&quot;60px\\&quot;&gt;&lt;\\\/iframe&gt;&lt;\\\/div&gt;&lt;\\\/div&gt; &lt;\\\/div&gt; &lt;\\\/div&gt;&lt;\\\/div&gt; &lt;\\\/div&gt;&quot;,&quot;&lt;div class=\\&quot;gallery-item-wrap jkit-gcf-2022\\&quot;&gt; &lt;div class=\\&quot;grid-item\\&quot;&gt;&lt;div class=\\&quot;thumbnail-wrap\\&quot;&gt;&lt;img width=\\&quot;400\\&quot; height=\\&quot;225\\&quot; src=\\&quot;https:\\\/\\\/www.gem.pt\\\/wp-content\\\/uploads\\\/2023\\\/02\\\/AUDIO-2022-11-26a.jpg\\&quot; class=\\&quot;attachment-full size-full\\&quot; alt=\\&quot;Edi\\u00e7\\u00e3o de 26 de Novembro de 2022 (1)\\&quot; url=\\&quot;https:\\\/\\\/www.gem.pt\\\/wp-content\\\/uploads\\\/2023\\\/02\\\/AUDIO-2022-11-26a.jpg\\&quot; source=\\&quot;library\\&quot; \\\/&gt;&lt;div class=\\&quot;caption-wrap search-hover-bg style-overlay\\&quot;&gt; &lt;div class=\\&quot;caption-head\\&quot;&gt;&lt;\\\/div&gt; &lt;div class=\\&quot;caption-button\\&quot;&gt;&lt;\\\/div&gt; &lt;div class=\\&quot;caption-category\\&quot;&gt;&lt;\\\/div&gt; &lt;\\\/div&gt;&lt;\\\/div&gt;&lt;div class=\\&quot;caption-wrap style-card\\&quot;&gt; &lt;div class=\\&quot;item-caption-over\\&quot;&gt; &lt;h1 class=\\&quot;item-title\\&quot;&gt;Edi\\u00e7\\u00e3o de 26 de Novembro de 2022 (1)&lt;\\\/h1&gt; &lt;div class=\\&quot;item-content\\&quot;&gt;Algar do Daniel &lt;div class=\\&quot;divFrame\\&quot;&gt;&lt;iframe src=\\&quot;https:\\\/\\\/drive.google.com\\\/file\\\/d\\\/1xl_lQtOKOwv_W5yWzlI1_DoKTOWwrtJM\\\/preview\\&quot; height=\\&quot;60px\\&quot;&gt;&lt;\\\/iframe&gt;&lt;\\\/div&gt;&lt;\\\/div&gt; &lt;\\\/div&gt; &lt;\\\/div&gt;&lt;\\\/div&gt; &lt;\\\/div&gt;&quot;,&quot;&lt;div class=\\&quot;gallery-item-wrap jkit-gcf-2022\\&quot;&gt; &lt;div class=\\&quot;grid-item\\&quot;&gt;&lt;div class=\\&quot;thumbnail-wrap\\&quot;&gt;&lt;img width=\\&quot;400\\&quot; height=\\&quot;225\\&quot; src=\\&quot;https:\\\/\\\/www.gem.pt\\\/wp-content\\\/uploads\\\/2023\\\/02\\\/AUDIO-2022-11-19.jpg\\&quot; class=\\&quot;attachment-full size-full\\&quot; alt=\\&quot;Edi\\u00e7\\u00e3o de 19 de Novembro de 2022\\&quot; url=\\&quot;https:\\\/\\\/www.gem.pt\\\/wp-content\\\/uploads\\\/2023\\\/02\\\/AUDIO-2022-11-19.jpg\\&quot; source=\\&quot;library\\&quot; \\\/&gt;&lt;div class=\\&quot;caption-wrap search-hover-bg style-overlay\\&quot;&gt; &lt;div class=\\&quot;caption-head\\&quot;&gt;&lt;\\\/div&gt; &lt;div class=\\&quot;caption-button\\&quot;&gt;&lt;\\\/div&gt; &lt;div class=\\&quot;caption-category\\&quot;&gt;&lt;\\\/div&gt; &lt;\\\/div&gt;&lt;\\\/div&gt;&lt;div class=\\&quot;caption-wrap style-card\\&quot;&gt; &lt;div class=\\&quot;item-caption-over\\&quot;&gt; &lt;h1 class=\\&quot;item-title\\&quot;&gt;Edi\\u00e7\\u00e3o de 19 de Novembro de 2022&lt;\\\/h1&gt; &lt;div class=\\&quot;item-content\\&quot;&gt;Algar Bocas Largas V &lt;div class=\\&quot;divFrame\\&quot;&gt;&lt;iframe src=\\&quot;https:\\\/\\\/drive.google.com\\\/file\\\/d\\\/1Te671DBNxHQZIL93zPqELO6Y1XNGh06i\\\/preview\\&quot; height=\\&quot;60px\\&quot;&gt;&lt;\\\/iframe&gt;&lt;\\\/div&gt;&lt;\\\/div&gt; &lt;\\\/div&gt; &lt;\\\/div&gt;&lt;\\\/div&gt; &lt;\\\/div&gt;&quot;,&quot;&lt;div class=\\&quot;gallery-item-wrap jkit-gcf-2022\\&quot;&gt; &lt;div class=\\&quot;grid-item\\&quot;&gt;&lt;div class=\\&quot;thumbnail-wrap\\&quot;&gt;&lt;img width=\\&quot;400\\&quot; height=\\&quot;225\\&quot; src=\\&quot;https:\\\/\\\/www.gem.pt\\\/wp-content\\\/uploads\\\/2023\\\/02\\\/AUDIO-2022-11-13.jpg\\&quot; class=\\&quot;attachment-full size-full\\&quot; alt=\\&quot;Edi\\u00e7\\u00e3o de 13 de Novembro de 2022\\&quot; url=\\&quot;https:\\\/\\\/www.gem.pt\\\/wp-content\\\/uploads\\\/2023\\\/02\\\/AUDIO-2022-11-13.jpg\\&quot; source=\\&quot;library\\&quot; \\\/&gt;&lt;div class=\\&quot;caption-wrap search-hover-bg style-overlay\\&quot;&gt; &lt;div class=\\&quot;caption-head\\&quot;&gt;&lt;\\\/div&gt; &lt;div class=\\&quot;caption-button\\&quot;&gt;&lt;\\\/div&gt; &lt;div class=\\&quot;caption-category\\&quot;&gt;&lt;\\\/div&gt; &lt;\\\/div&gt;&lt;\\\/div&gt;&lt;div class=\\&quot;caption-wrap style-card\\&quot;&gt; &lt;div class=\\&quot;item-caption-over\\&quot;&gt; &lt;h1 class=\\&quot;item-title\\&quot;&gt;Edi\\u00e7\\u00e3o de 13 de Novembro de 2022&lt;\\\/h1&gt; &lt;div class=\\&quot;item-content\\&quot;&gt;Algar Bocas Largas V, Algar Novo, Algar do Cov\\u00e3o do Frade &lt;div class=\\&quot;divFrame\\&quot;&gt;&lt;iframe src=\\&quot;https:\\\/\\\/drive.google.com\\\/file\\\/d\\\/1ZwtY-9LJScDYUeKmMsh8KFj1fMfBwiZP\\\/preview\\&quot; height=\\&quot;60px\\&quot;&gt;&lt;\\\/iframe&gt;&lt;\\\/div&gt;&lt;\\\/div&gt; &lt;\\\/div&gt; &lt;\\\/div&gt;&lt;\\\/div&gt; &lt;\\\/div&gt;&quot;,&quot;&lt;div class=\\&quot;gallery-item-wrap jkit-gcf-2022\\&quot;&gt; &lt;div class=\\&quot;grid-item\\&quot;&gt;&lt;div class=\\&quot;thumbnail-wrap\\&quot;&gt;&lt;img width=\\&quot;400\\&quot; height=\\&quot;225\\&quot; src=\\&quot;https:\\\/\\\/www.gem.pt\\\/wp-content\\\/uploads\\\/2023\\\/02\\\/AUDIO-2022-10-22e23.jpg\\&quot; class=\\&quot;attachment-full size-full\\&quot; alt=\\&quot;Edi\\u00e7\\u00e3o de 22 e 23 de Outubro de 2022\\&quot; url=\\&quot;https:\\\/\\\/www.gem.pt\\\/wp-content\\\/uploads\\\/2023\\\/02\\\/AUDIO-2022-10-22e23.jpg\\&quot; source=\\&quot;library\\&quot; \\\/&gt;&lt;div class=\\&quot;caption-wrap search-hover-bg style-overlay\\&quot;&gt; &lt;div class=\\&quot;caption-head\\&quot;&gt;&lt;\\\/div&gt; &lt;div class=\\&quot;caption-button\\&quot;&gt;&lt;\\\/div&gt; &lt;div class=\\&quot;caption-category\\&quot;&gt;&lt;\\\/div&gt; &lt;\\\/div&gt;&lt;\\\/div&gt;&lt;div class=\\&quot;caption-wrap style-card\\&quot;&gt; &lt;div class=\\&quot;item-caption-over\\&quot;&gt; &lt;h1 class=\\&quot;item-title\\&quot;&gt;Edi\\u00e7\\u00e3o de 22 e 23 de Outubro de 2022&lt;\\\/h1&gt; &lt;div class=\\&quot;item-content\\&quot;&gt;Almonda, Algar\\u00a0dos Lat\\u00f5es, Azevia, Grade, Pinan\\u00e7o e Daniel &lt;div class=\\&quot;divFrame\\&quot;&gt;&lt;iframe src=\\&quot;https:\\\/\\\/drive.google.com\\\/file\\\/d\\\/1_sL3oc2tdXEj-fNmJSI21fIVVUXo0LIX\\\/preview\\&quot; height=\\&quot;60px\\&quot;&gt;&lt;\\\/iframe&gt;&lt;\\\/div&gt;&lt;\\\/div&gt; &lt;\\\/div&gt; &lt;\\\/div&gt;&lt;\\\/div&gt; &lt;\\\/div&gt;&quot;,&quot;&lt;div class=\\&quot;gallery-item-wrap jkit-gcf-2022\\&quot;&gt; &lt;div class=\\&quot;grid-item\\&quot;&gt;&lt;div class=\\&quot;thumbnail-wrap\\&quot;&gt;&lt;img width=\\&quot;400\\&quot; height=\\&quot;225\\&quot; src=\\&quot;https:\\\/\\\/www.gem.pt\\\/wp-content\\\/uploads\\\/2023\\\/02\\\/AUDIO-2022-10-16.jpg\\&quot; class=\\&quot;attachment-full size-full\\&quot; alt=\\&quot;Edi\\u00e7\\u00e3o de 16 de Outubro de 2022\\&quot; url=\\&quot;https:\\\/\\\/www.gem.pt\\\/wp-content\\\/uploads\\\/2023\\\/02\\\/AUDIO-2022-10-16.jpg\\&quot; source=\\&quot;library\\&quot; \\\/&gt;&lt;div class=\\&quot;caption-wrap search-hover-bg style-overlay\\&quot;&gt; &lt;div class=\\&quot;caption-head\\&quot;&gt;&lt;\\\/div&gt; &lt;div class=\\&quot;caption-button\\&quot;&gt;&lt;\\\/div&gt; &lt;div class=\\&quot;caption-category\\&quot;&gt;&lt;\\\/div&gt; &lt;\\\/div&gt;&lt;\\\/div&gt;&lt;div class=\\&quot;caption-wrap style-card\\&quot;&gt; &lt;div class=\\&quot;item-caption-over\\&quot;&gt; &lt;h1 class=\\&quot;item-title\\&quot;&gt;Edi\\u00e7\\u00e3o de 16 de Outubro de 2022&lt;\\\/h1&gt; &lt;div class=\\&quot;item-content\\&quot;&gt;Algar das Cotovias, dos Lat\\u00f5es, da Gralha e da Figueira &lt;div class=\\&quot;divFrame\\&quot;&gt;&lt;iframe src=\\&quot;https:\\\/\\\/drive.google.com\\\/file\\\/d\\\/1zLnF0Aepo3H3BeXqcsY_OuizyhQz6ZlB\\\/preview\\&quot; height=\\&quot;60px\\&quot;&gt;&lt;\\\/iframe&gt;&lt;\\\/div&gt;&lt;\\\/div&gt; &lt;\\\/div&gt; &lt;\\\/div&gt;&lt;\\\/div&gt; &lt;\\\/div&gt;&quot;,&quot;&lt;div class=\\&quot;gallery-item-wrap jkit-gcf-2022\\&quot;&gt; &lt;div class=\\&quot;grid-item\\&quot;&gt;&lt;div class=\\&quot;thumbnail-wrap\\&quot;&gt;&lt;img width=\\&quot;400\\&quot; height=\\&quot;225\\&quot; src=\\&quot;https:\\\/\\\/www.gem.pt\\\/wp-content\\\/uploads\\\/2023\\\/02\\\/AUDIO-2022-09-26.jpg\\&quot; class=\\&quot;attachment-full size-full\\&quot; alt=\\&quot;Edi\\u00e7\\u00e3o de 26 de Setembro de 2022\\&quot; url=\\&quot;https:\\\/\\\/www.gem.pt\\\/wp-content\\\/uploads\\\/2023\\\/02\\\/AUDIO-2022-09-26.jpg\\&quot; source=\\&quot;library\\&quot; \\\/&gt;&lt;div class=\\&quot;caption-wrap search-hover-bg style-overlay\\&quot;&gt; &lt;div class=\\&quot;caption-head\\&quot;&gt;&lt;\\\/div&gt; &lt;div class=\\&quot;caption-button\\&quot;&gt;&lt;\\\/div&gt; &lt;div class=\\&quot;caption-category\\&quot;&gt;&lt;\\\/div&gt; &lt;\\\/div&gt;&lt;\\\/div&gt;&lt;div class=\\&quot;caption-wrap style-card\\&quot;&gt; &lt;div class=\\&quot;item-caption-over\\&quot;&gt; &lt;h1 class=\\&quot;item-title\\&quot;&gt;Edi\\u00e7\\u00e3o de 26 de Setembro de 2022&lt;\\\/h1&gt; &lt;div class=\\&quot;item-content\\&quot;&gt;Topo-Sorbas - Banos Termales &lt;div class=\\&quot;divFrame\\&quot;&gt;&lt;iframe src=\\&quot;https:\\\/\\\/drive.google.com\\\/file\\\/d\\\/1OCPZd8FOhixO-G0jJwvGsbjsj1VHLDEQ\\\/preview\\&quot; height=\\&quot;60px\\&quot;&gt;&lt;\\\/iframe&gt;&lt;\\\/div&gt;&lt;\\\/div&gt; &lt;\\\/div&gt; &lt;\\\/div&gt;&lt;\\\/div&gt; &lt;\\\/div&gt;&quot;,&quot;&lt;div class=\\&quot;gallery-item-wrap jkit-gcf-2022\\&quot;&gt; &lt;div class=\\&quot;grid-item\\&quot;&gt;&lt;div class=\\&quot;thumbnail-wrap\\&quot;&gt;&lt;img width=\\&quot;400\\&quot; height=\\&quot;225\\&quot; src=\\&quot;https:\\\/\\\/www.gem.pt\\\/wp-content\\\/uploads\\\/2023\\\/02\\\/AUDIO-2022-09-25.jpg\\&quot; class=\\&quot;attachment-full size-full\\&quot; alt=\\&quot;Edi\\u00e7\\u00e3o de 25 de Setembro de 2022\\&quot; url=\\&quot;https:\\\/\\\/www.gem.pt\\\/wp-content\\\/uploads\\\/2023\\\/02\\\/AUDIO-2022-09-25.jpg\\&quot; source=\\&quot;library\\&quot; \\\/&gt;&lt;div class=\\&quot;caption-wrap search-hover-bg style-overlay\\&quot;&gt; &lt;div class=\\&quot;caption-head\\&quot;&gt;&lt;\\\/div&gt; &lt;div class=\\&quot;caption-button\\&quot;&gt;&lt;\\\/div&gt; &lt;div class=\\&quot;caption-category\\&quot;&gt;&lt;\\\/div&gt; &lt;\\\/div&gt;&lt;\\\/div&gt;&lt;div class=\\&quot;caption-wrap style-card\\&quot;&gt; &lt;div class=\\&quot;item-caption-over\\&quot;&gt; &lt;h1 class=\\&quot;item-title\\&quot;&gt;Edi\\u00e7\\u00e3o de 25 de Setembro de 2022&lt;\\\/h1&gt; &lt;div class=\\&quot;item-content\\&quot;&gt;Topo-Sorbas - Cueva del Tesoro &lt;div class=\\&quot;divFrame\\&quot;&gt;&lt;iframe src=\\&quot;https:\\\/\\\/drive.google.com\\\/file\\\/d\\\/1JyIkI9ZyONjH7JfWt5qagmwr-O4p9pln\\\/preview\\&quot; height=\\&quot;60px\\&quot;&gt;&lt;\\\/iframe&gt;&lt;\\\/div&gt;&lt;\\\/div&gt; &lt;\\\/div&gt; &lt;\\\/div&gt;&lt;\\\/div&gt; &lt;\\\/div&gt;&quot;,&quot;&lt;div class=\\&quot;gallery-item-wrap jkit-gcf-2022\\&quot;&gt; &lt;div class=\\&quot;grid-item\\&quot;&gt;&lt;div class=\\&quot;thumbnail-wrap\\&quot;&gt;&lt;img width=\\&quot;400\\&quot; height=\\&quot;225\\&quot; src=\\&quot;https:\\\/\\\/www.gem.pt\\\/wp-content\\\/uploads\\\/2023\\\/02\\\/AUDIO-2022-09-24.jpg\\&quot; class=\\&quot;attachment-full size-full\\&quot; alt=\\&quot;Edi\\u00e7\\u00e3o de 24 de Setembro de 2022\\&quot; url=\\&quot;https:\\\/\\\/www.gem.pt\\\/wp-content\\\/uploads\\\/2023\\\/02\\\/AUDIO-2022-09-24.jpg\\&quot; source=\\&quot;library\\&quot; \\\/&gt;&lt;div class=\\&quot;caption-wrap search-hover-bg style-overlay\\&quot;&gt; &lt;div class=\\&quot;caption-head\\&quot;&gt;&lt;\\\/div&gt; &lt;div class=\\&quot;caption-button\\&quot;&gt;&lt;\\\/div&gt; &lt;div class=\\&quot;caption-category\\&quot;&gt;&lt;\\\/div&gt; &lt;\\\/div&gt;&lt;\\\/div&gt;&lt;div class=\\&quot;caption-wrap style-card\\&quot;&gt; &lt;div class=\\&quot;item-caption-over\\&quot;&gt; &lt;h1 class=\\&quot;item-title\\&quot;&gt;Edi\\u00e7\\u00e3o de 24 de Setembro de 2022&lt;\\\/h1&gt; &lt;div class=\\&quot;item-content\\&quot;&gt;Topo-Sorbas - Calibron &lt;div class=\\&quot;divFrame\\&quot;&gt;&lt;iframe src=\\&quot;https:\\\/\\\/drive.google.com\\\/file\\\/d\\\/1Cs387ZQfhKkFcjqzO1HdNkcpu9Npwhi5\\\/preview\\&quot; height=\\&quot;60px\\&quot;&gt;&lt;\\\/iframe&gt;&lt;\\\/div&gt;&lt;\\\/div&gt; &lt;\\\/div&gt; &lt;\\\/div&gt;&lt;\\\/div&gt; &lt;\\\/div&gt;&quot;,&quot;&lt;div class=\\&quot;gallery-item-wrap jkit-gcf-2022\\&quot;&gt; &lt;div class=\\&quot;grid-item\\&quot;&gt;&lt;div class=\\&quot;thumbnail-wrap\\&quot;&gt;&lt;img width=\\&quot;400\\&quot; height=\\&quot;225\\&quot; src=\\&quot;https:\\\/\\\/www.gem.pt\\\/wp-content\\\/uploads\\\/2023\\\/02\\\/AUDIO-2022-09-23.jpg\\&quot; class=\\&quot;attachment-full size-full\\&quot; alt=\\&quot;Edi\\u00e7\\u00e3o de 23 de Setembro de 2022\\&quot; url=\\&quot;https:\\\/\\\/www.gem.pt\\\/wp-content\\\/uploads\\\/2023\\\/02\\\/AUDIO-2022-09-23.jpg\\&quot; source=\\&quot;library\\&quot; \\\/&gt;&lt;div class=\\&quot;caption-wrap search-hover-bg style-overlay\\&quot;&gt; &lt;div class=\\&quot;caption-head\\&quot;&gt;&lt;\\\/div&gt; &lt;div class=\\&quot;caption-button\\&quot;&gt;&lt;\\\/div&gt; &lt;div class=\\&quot;caption-category\\&quot;&gt;&lt;\\\/div&gt; &lt;\\\/div&gt;&lt;\\\/div&gt;&lt;div class=\\&quot;caption-wrap style-card\\&quot;&gt; &lt;div class=\\&quot;item-caption-over\\&quot;&gt; &lt;h1 class=\\&quot;item-title\\&quot;&gt;Edi\\u00e7\\u00e3o de 23 de Setembro de 2022&lt;\\\/h1&gt; &lt;div class=\\&quot;item-content\\&quot;&gt;TopoSorbas - Molinos del R\\u00edo \\u00c1guas e Cr\\u00e1ter del Hoyazo &lt;div class=\\&quot;divFrame\\&quot;&gt;&lt;iframe src=\\&quot;https:\\\/\\\/drive.google.com\\\/file\\\/d\\\/1zMpgheZ5t332SEsvJ9zFdZy7LdY7m129\\\/preview\\&quot; height=\\&quot;60px\\&quot;&gt;&lt;\\\/iframe&gt;&lt;\\\/div&gt;&lt;\\\/div&gt; &lt;\\\/div&gt; &lt;\\\/div&gt;&lt;\\\/div&gt; &lt;\\\/div&gt;&quot;,&quot;&lt;div class=\\&quot;gallery-item-wrap jkit-gcf-2022\\&quot;&gt; &lt;div class=\\&quot;grid-item\\&quot;&gt;&lt;div class=\\&quot;thumbnail-wrap\\&quot;&gt;&lt;img width=\\&quot;400\\&quot; height=\\&quot;225\\&quot; src=\\&quot;https:\\\/\\\/www.gem.pt\\\/wp-content\\\/uploads\\\/2023\\\/02\\\/AUDIO-2022-09-22.jpg\\&quot; class=\\&quot;attachment-full size-full\\&quot; alt=\\&quot;Edi\\u00e7\\u00e3o de 22 de Setembro de 2022\\&quot; url=\\&quot;https:\\\/\\\/www.gem.pt\\\/wp-content\\\/uploads\\\/2023\\\/02\\\/AUDIO-2022-09-22.jpg\\&quot; source=\\&quot;library\\&quot; \\\/&gt;&lt;div class=\\&quot;caption-wrap search-hover-bg style-overlay\\&quot;&gt; &lt;div class=\\&quot;caption-head\\&quot;&gt;&lt;\\\/div&gt; &lt;div class=\\&quot;caption-button\\&quot;&gt;&lt;\\\/div&gt; &lt;div class=\\&quot;caption-category\\&quot;&gt;&lt;\\\/div&gt; &lt;\\\/div&gt;&lt;\\\/div&gt;&lt;div class=\\&quot;caption-wrap style-card\\&quot;&gt; &lt;div class=\\&quot;item-caption-over\\&quot;&gt; &lt;h1 class=\\&quot;item-title\\&quot;&gt;Edi\\u00e7\\u00e3o de 22 de Setembro de 2022&lt;\\\/h1&gt; &lt;div class=\\&quot;item-content\\&quot;&gt;Topo-Sorbas - Barranco del Infierno (Cueva del Yeso) &lt;div class=\\&quot;divFrame\\&quot;&gt;&lt;iframe src=\\&quot;https:\\\/\\\/drive.google.com\\\/file\\\/d\\\/1AlCQzukEQ3GEtNbrwS3N6JR0AdsXuD4F\\\/preview\\&quot; height=\\&quot;60px\\&quot;&gt;&lt;\\\/iframe&gt;&lt;\\\/div&gt;&lt;\\\/div&gt; &lt;\\\/div&gt; &lt;\\\/div&gt;&lt;\\\/div&gt; &lt;\\\/div&gt;&quot;,&quot;&lt;div class=\\&quot;gallery-item-wrap jkit-gcf-2022\\&quot;&gt; &lt;div class=\\&quot;grid-item\\&quot;&gt;&lt;div class=\\&quot;thumbnail-wrap\\&quot;&gt;&lt;img width=\\&quot;400\\&quot; height=\\&quot;225\\&quot; src=\\&quot;https:\\\/\\\/www.gem.pt\\\/wp-content\\\/uploads\\\/2023\\\/02\\\/AUDIO-2022-09-11.jpg\\&quot; class=\\&quot;attachment-full size-full\\&quot; alt=\\&quot;Edi\\u00e7\\u00e3o de 11 de Setembro de 2022\\&quot; url=\\&quot;https:\\\/\\\/www.gem.pt\\\/wp-content\\\/uploads\\\/2023\\\/02\\\/AUDIO-2022-09-11.jpg\\&quot; source=\\&quot;library\\&quot; \\\/&gt;&lt;div class=\\&quot;caption-wrap search-hover-bg style-overlay\\&quot;&gt; &lt;div class=\\&quot;caption-head\\&quot;&gt;&lt;\\\/div&gt; &lt;div class=\\&quot;caption-button\\&quot;&gt;&lt;\\\/div&gt; &lt;div class=\\&quot;caption-category\\&quot;&gt;&lt;\\\/div&gt; &lt;\\\/div&gt;&lt;\\\/div&gt;&lt;div class=\\&quot;caption-wrap style-card\\&quot;&gt; &lt;div class=\\&quot;item-caption-over\\&quot;&gt; &lt;h1 class=\\&quot;item-title\\&quot;&gt;Edi\\u00e7\\u00e3o de 11 de Setembro de 2022&lt;\\\/h1&gt; &lt;div class=\\&quot;item-content\\&quot;&gt;Almonda &lt;div class=\\&quot;divFrame\\&quot;&gt;&lt;iframe src=\\&quot;https:\\\/\\\/drive.google.com\\\/file\\\/d\\\/1AU30BFNUGx6aru9GJ7JiDr-jYZP8dEMt\\\/preview\\&quot; height=\\&quot;60px\\&quot;&gt;&lt;\\\/iframe&gt;&lt;\\\/div&gt;&lt;\\\/div&gt; &lt;\\\/div&gt; &lt;\\\/div&gt;&lt;\\\/div&gt; &lt;\\\/div&gt;&quot;,&quot;&lt;div class=\\&quot;gallery-item-wrap jkit-gcf-2022\\&quot;&gt; &lt;div class=\\&quot;grid-item\\&quot;&gt;&lt;div class=\\&quot;thumbnail-wrap\\&quot;&gt;&lt;img width=\\&quot;400\\&quot; height=\\&quot;225\\&quot; src=\\&quot;https:\\\/\\\/www.gem.pt\\\/wp-content\\\/uploads\\\/2023\\\/04\\\/AUDIO-2022-08-21-Almonda.jpg\\&quot; class=\\&quot;attachment-full size-full\\&quot; alt=\\&quot;Edi\\u00e7\\u00e3o de 21 de Agosto de 2022\\&quot; url=\\&quot;https:\\\/\\\/www.gem.pt\\\/wp-content\\\/uploads\\\/2023\\\/04\\\/AUDIO-2022-08-21-Almonda.jpg\\&quot; source=\\&quot;library\\&quot; \\\/&gt;&lt;div class=\\&quot;caption-wrap search-hover-bg style-overlay\\&quot;&gt; &lt;div class=\\&quot;caption-head\\&quot;&gt;&lt;\\\/div&gt; &lt;div class=\\&quot;caption-button\\&quot;&gt;&lt;\\\/div&gt; &lt;div class=\\&quot;caption-category\\&quot;&gt;&lt;\\\/div&gt; &lt;\\\/div&gt;&lt;\\\/div&gt;&lt;div class=\\&quot;caption-wrap style-card\\&quot;&gt; &lt;div class=\\&quot;item-caption-over\\&quot;&gt; &lt;h1 class=\\&quot;item-title\\&quot;&gt;Edi\\u00e7\\u00e3o de 21 de Agosto de 2022&lt;\\\/h1&gt; &lt;div class=\\&quot;item-content\\&quot;&gt;Almonda &lt;div class=\\&quot;divFrame\\&quot;&gt;&lt;iframe src=\\&quot;https:\\\/\\\/drive.google.com\\\/file\\\/d\\\/1lvBCH4c2t0LkpNwtcHrhZQHjq1rIcbZA\\\/preview\\&quot; height=\\&quot;60px\\&quot;&gt;&lt;\\\/iframe&gt;&lt;\\\/div&gt;&lt;\\\/div&gt; &lt;\\\/div&gt; &lt;\\\/div&gt;&lt;\\\/div&gt; &lt;\\\/div&gt;&quot;,&quot;&lt;div class=\\&quot;gallery-item-wrap jkit-gcf-2022\\&quot;&gt; &lt;div class=\\&quot;grid-item\\&quot;&gt;&lt;div class=\\&quot;thumbnail-wrap\\&quot;&gt;&lt;img width=\\&quot;400\\&quot; height=\\&quot;225\\&quot; src=\\&quot;https:\\\/\\\/www.gem.pt\\\/wp-content\\\/uploads\\\/2023\\\/04\\\/AUDIO-2022-08-07-Algar-do-Marradinhas.jpg\\&quot; class=\\&quot;attachment-full size-full\\&quot; alt=\\&quot;Edi\\u00e7\\u00e3o de 7 de Agosto de 2022\\&quot; url=\\&quot;https:\\\/\\\/www.gem.pt\\\/wp-content\\\/uploads\\\/2023\\\/04\\\/AUDIO-2022-08-07-Algar-do-Marradinhas.jpg\\&quot; source=\\&quot;library\\&quot; \\\/&gt;&lt;div class=\\&quot;caption-wrap search-hover-bg style-overlay\\&quot;&gt; &lt;div class=\\&quot;caption-head\\&quot;&gt;&lt;\\\/div&gt; &lt;div class=\\&quot;caption-button\\&quot;&gt;&lt;\\\/div&gt; &lt;div class=\\&quot;caption-category\\&quot;&gt;&lt;\\\/div&gt; &lt;\\\/div&gt;&lt;\\\/div&gt;&lt;div class=\\&quot;caption-wrap style-card\\&quot;&gt; &lt;div class=\\&quot;item-caption-over\\&quot;&gt; &lt;h1 class=\\&quot;item-title\\&quot;&gt;Edi\\u00e7\\u00e3o de 7 de Agosto de 2022&lt;\\\/h1&gt; &lt;div class=\\&quot;item-content\\&quot;&gt;Algar do Marradinhas II &lt;div class=\\&quot;divFrame\\&quot;&gt;&lt;iframe src=\\&quot;https:\\\/\\\/drive.google.com\\\/file\\\/d\\\/1hcSQmMU7Knpvx0zQDUnfuQLlnG1yRhZs\\\/preview\\&quot; height=\\&quot;60px\\&quot;&gt;&lt;\\\/iframe&gt;&lt;\\\/div&gt;&lt;\\\/div&gt; &lt;\\\/div&gt; &lt;\\\/div&gt;&lt;\\\/div&gt; &lt;\\\/div&gt;&quot;,&quot;&lt;div class=\\&quot;gallery-item-wrap jkit-gcf-2022\\&quot;&gt; &lt;div class=\\&quot;grid-item\\&quot;&gt;&lt;div class=\\&quot;thumbnail-wrap\\&quot;&gt;&lt;img width=\\&quot;400\\&quot; height=\\&quot;225\\&quot; src=\\&quot;https:\\\/\\\/www.gem.pt\\\/wp-content\\\/uploads\\\/2023\\\/02\\\/AUDIO-2022-07-10.jpg\\&quot; class=\\&quot;attachment-full size-full\\&quot; alt=\\&quot;Edi\\u00e7\\u00e3o de 10 de Julho de 2022\\&quot; url=\\&quot;https:\\\/\\\/www.gem.pt\\\/wp-content\\\/uploads\\\/2023\\\/02\\\/AUDIO-2022-07-10.jpg\\&quot; source=\\&quot;library\\&quot; \\\/&gt;&lt;div class=\\&quot;caption-wrap search-hover-bg style-overlay\\&quot;&gt; &lt;div class=\\&quot;caption-head\\&quot;&gt;&lt;\\\/div&gt; &lt;div class=\\&quot;caption-button\\&quot;&gt;&lt;\\\/div&gt; &lt;div class=\\&quot;caption-category\\&quot;&gt;&lt;\\\/div&gt; &lt;\\\/div&gt;&lt;\\\/div&gt;&lt;div class=\\&quot;caption-wrap style-card\\&quot;&gt; &lt;div class=\\&quot;item-caption-over\\&quot;&gt; &lt;h1 class=\\&quot;item-title\\&quot;&gt;Edi\\u00e7\\u00e3o de 10 de Julho de 2022&lt;\\\/h1&gt; &lt;div class=\\&quot;item-content\\&quot;&gt;Almonda &lt;div class=\\&quot;divFrame\\&quot;&gt;&lt;iframe src=\\&quot;https:\\\/\\\/drive.google.com\\\/file\\\/d\\\/1FpDIpZNYhnNKeE6PENOf355yR97V4Hpi\\\/preview\\&quot; height=\\&quot;60px\\&quot;&gt;&lt;\\\/iframe&gt;&lt;\\\/div&gt;&lt;\\\/div&gt; &lt;\\\/div&gt; &lt;\\\/div&gt;&lt;\\\/div&gt; &lt;\\\/div&gt;&quot;,&quot;&lt;div class=\\&quot;gallery-item-wrap jkit-gcf-2022\\&quot;&gt; &lt;div class=\\&quot;grid-item\\&quot;&gt;&lt;div class=\\&quot;thumbnail-wrap\\&quot;&gt;&lt;img width=\\&quot;400\\&quot; height=\\&quot;225\\&quot; src=\\&quot;https:\\\/\\\/www.gem.pt\\\/wp-content\\\/uploads\\\/2023\\\/02\\\/AUDIO-2022-07-09.jpg\\&quot; class=\\&quot;attachment-full size-full\\&quot; alt=\\&quot;Edi\\u00e7\\u00e3o de 9 de Julho de 2022\\&quot; url=\\&quot;https:\\\/\\\/www.gem.pt\\\/wp-content\\\/uploads\\\/2023\\\/02\\\/AUDIO-2022-07-09.jpg\\&quot; source=\\&quot;library\\&quot; \\\/&gt;&lt;div class=\\&quot;caption-wrap search-hover-bg style-overlay\\&quot;&gt; &lt;div class=\\&quot;caption-head\\&quot;&gt;&lt;\\\/div&gt; &lt;div class=\\&quot;caption-button\\&quot;&gt;&lt;\\\/div&gt; &lt;div class=\\&quot;caption-category\\&quot;&gt;&lt;\\\/div&gt; &lt;\\\/div&gt;&lt;\\\/div&gt;&lt;div class=\\&quot;caption-wrap style-card\\&quot;&gt; &lt;div class=\\&quot;item-caption-over\\&quot;&gt; &lt;h1 class=\\&quot;item-title\\&quot;&gt;Edi\\u00e7\\u00e3o de 9 de Julho de 2022&lt;\\\/h1&gt; &lt;div class=\\&quot;item-content\\&quot;&gt;Almonda &lt;div class=\\&quot;divFrame\\&quot;&gt;&lt;iframe src=\\&quot;https:\\\/\\\/drive.google.com\\\/file\\\/d\\\/1gzjsAFob47oBcxidKV_8xDRPOfVISfRf\\\/preview\\&quot; height=\\&quot;60px\\&quot;&gt;&lt;\\\/iframe&gt;&lt;\\\/div&gt;&lt;\\\/div&gt; &lt;\\\/div&gt; &lt;\\\/div&gt;&lt;\\\/div&gt; &lt;\\\/div&gt;&quot;,&quot;&lt;div class=\\&quot;gallery-item-wrap jkit-gcf-2022\\&quot;&gt; &lt;div class=\\&quot;grid-item\\&quot;&gt;&lt;div class=\\&quot;thumbnail-wrap\\&quot;&gt;&lt;img width=\\&quot;400\\&quot; height=\\&quot;225\\&quot; src=\\&quot;https:\\\/\\\/www.gem.pt\\\/wp-content\\\/uploads\\\/2023\\\/02\\\/AUDIO-2022-07-02.jpg\\&quot; class=\\&quot;attachment-full size-full\\&quot; alt=\\&quot;Edi\\u00e7\\u00e3o de 2 de Julho de 2022\\&quot; url=\\&quot;https:\\\/\\\/www.gem.pt\\\/wp-content\\\/uploads\\\/2023\\\/02\\\/AUDIO-2022-07-02.jpg\\&quot; source=\\&quot;library\\&quot; \\\/&gt;&lt;div class=\\&quot;caption-wrap search-hover-bg style-overlay\\&quot;&gt; &lt;div class=\\&quot;caption-head\\&quot;&gt;&lt;\\\/div&gt; &lt;div class=\\&quot;caption-button\\&quot;&gt;&lt;\\\/div&gt; &lt;div class=\\&quot;caption-category\\&quot;&gt;&lt;\\\/div&gt; &lt;\\\/div&gt;&lt;\\\/div&gt;&lt;div class=\\&quot;caption-wrap style-card\\&quot;&gt; &lt;div class=\\&quot;item-caption-over\\&quot;&gt; &lt;h1 class=\\&quot;item-title\\&quot;&gt;Edi\\u00e7\\u00e3o de 2 de Julho de 2022&lt;\\\/h1&gt; &lt;div class=\\&quot;item-content\\&quot;&gt;Almonda &lt;div class=\\&quot;divFrame\\&quot;&gt;&lt;iframe src=\\&quot;https:\\\/\\\/drive.google.com\\\/file\\\/d\\\/18XtgEYM9sTZd6xKuzfWw-Wo2TERgdh7l\\\/preview\\&quot; height=\\&quot;60px\\&quot;&gt;&lt;\\\/iframe&gt;&lt;\\\/div&gt;&lt;\\\/div&gt; &lt;\\\/div&gt; &lt;\\\/div&gt;&lt;\\\/div&gt; &lt;\\\/div&gt;&quot;,&quot;&lt;div class=\\&quot;gallery-item-wrap jkit-gcf-2022\\&quot;&gt; &lt;div class=\\&quot;grid-item\\&quot;&gt;&lt;div class=\\&quot;thumbnail-wrap\\&quot;&gt;&lt;img width=\\&quot;400\\&quot; height=\\&quot;225\\&quot; src=\\&quot;https:\\\/\\\/www.gem.pt\\\/wp-content\\\/uploads\\\/2023\\\/04\\\/AUDIO-2022-06-18-marradinhas.jpg\\&quot; class=\\&quot;attachment-full size-full\\&quot; alt=\\&quot;Edi\\u00e7\\u00e3o de 18 de Junho de 2022\\&quot; url=\\&quot;https:\\\/\\\/www.gem.pt\\\/wp-content\\\/uploads\\\/2023\\\/04\\\/AUDIO-2022-06-18-marradinhas.jpg\\&quot; source=\\&quot;library\\&quot; \\\/&gt;&lt;div class=\\&quot;caption-wrap search-hover-bg style-overlay\\&quot;&gt; &lt;div class=\\&quot;caption-head\\&quot;&gt;&lt;\\\/div&gt; &lt;div class=\\&quot;caption-button\\&quot;&gt;&lt;\\\/div&gt; &lt;div class=\\&quot;caption-category\\&quot;&gt;&lt;\\\/div&gt; &lt;\\\/div&gt;&lt;\\\/div&gt;&lt;div class=\\&quot;caption-wrap style-card\\&quot;&gt; &lt;div class=\\&quot;item-caption-over\\&quot;&gt; &lt;h1 class=\\&quot;item-title\\&quot;&gt;Edi\\u00e7\\u00e3o de 18 de Junho de 2022&lt;\\\/h1&gt; &lt;div class=\\&quot;item-content\\&quot;&gt;Algar do Marradinhas II &lt;div class=\\&quot;divFrame\\&quot;&gt;&lt;iframe src=\\&quot;https:\\\/\\\/drive.google.com\\\/file\\\/d\\\/1qy91qlHmoezyEYZFhd10NsU8NjZ3qhZ2\\\/preview\\&quot; height=\\&quot;60px\\&quot;&gt;&lt;\\\/iframe&gt;&lt;\\\/div&gt;&lt;\\\/div&gt; &lt;\\\/div&gt; &lt;\\\/div&gt;&lt;\\\/div&gt; &lt;\\\/div&gt;&quot;,&quot;&lt;div class=\\&quot;gallery-item-wrap jkit-gcf-2022\\&quot;&gt; &lt;div class=\\&quot;grid-item\\&quot;&gt;&lt;div class=\\&quot;thumbnail-wrap\\&quot;&gt;&lt;img width=\\&quot;400\\&quot; height=\\&quot;225\\&quot; src=\\&quot;https:\\\/\\\/www.gem.pt\\\/wp-content\\\/uploads\\\/2023\\\/04\\\/AUDIO-2022-06-11-marradinhas2.jpg\\&quot; class=\\&quot;attachment-full size-full\\&quot; alt=\\&quot;Edi\\u00e7\\u00e3o de 11 de Junho de 2022\\&quot; url=\\&quot;https:\\\/\\\/www.gem.pt\\\/wp-content\\\/uploads\\\/2023\\\/04\\\/AUDIO-2022-06-11-marradinhas2.jpg\\&quot; source=\\&quot;library\\&quot; \\\/&gt;&lt;div class=\\&quot;caption-wrap search-hover-bg style-overlay\\&quot;&gt; &lt;div class=\\&quot;caption-head\\&quot;&gt;&lt;\\\/div&gt; &lt;div class=\\&quot;caption-button\\&quot;&gt;&lt;\\\/div&gt; &lt;div class=\\&quot;caption-category\\&quot;&gt;&lt;\\\/div&gt; &lt;\\\/div&gt;&lt;\\\/div&gt;&lt;div class=\\&quot;caption-wrap style-card\\&quot;&gt; &lt;div class=\\&quot;item-caption-over\\&quot;&gt; &lt;h1 class=\\&quot;item-title\\&quot;&gt;Edi\\u00e7\\u00e3o de 11 de Junho de 2022&lt;\\\/h1&gt; &lt;div class=\\&quot;item-content\\&quot;&gt;Algar do Marradinhas II &lt;div class=\\&quot;divFrame\\&quot;&gt;&lt;iframe src=\\&quot;https:\\\/\\\/drive.google.com\\\/file\\\/d\\\/1p5JEsSl0dIuvL9mpcjV83qEHXfZ4G_x8\\\/preview\\&quot; height=\\&quot;60px\\&quot;&gt;&lt;\\\/iframe&gt;&lt;\\\/div&gt;&lt;\\\/div&gt; &lt;\\\/div&gt; &lt;\\\/div&gt;&lt;\\\/div&gt; &lt;\\\/div&gt;&quot;,&quot;&lt;div class=\\&quot;gallery-item-wrap jkit-gcf-2022\\&quot;&gt; &lt;div class=\\&quot;grid-item\\&quot;&gt;&lt;div class=\\&quot;thumbnail-wrap\\&quot;&gt;&lt;img width=\\&quot;400\\&quot; height=\\&quot;225\\&quot; src=\\&quot;https:\\\/\\\/www.gem.pt\\\/wp-content\\\/uploads\\\/2023\\\/04\\\/AUDIO-2022-06-10-marradinhas2.jpg\\&quot; class=\\&quot;attachment-full size-full\\&quot; alt=\\&quot;Edi\\u00e7\\u00e3o de 10 de Junho de 2022\\&quot; url=\\&quot;https:\\\/\\\/www.gem.pt\\\/wp-content\\\/uploads\\\/2023\\\/04\\\/AUDIO-2022-06-10-marradinhas2.jpg\\&quot; source=\\&quot;library\\&quot; \\\/&gt;&lt;div class=\\&quot;caption-wrap search-hover-bg style-overlay\\&quot;&gt; &lt;div class=\\&quot;caption-head\\&quot;&gt;&lt;\\\/div&gt; &lt;div class=\\&quot;caption-button\\&quot;&gt;&lt;\\\/div&gt; &lt;div class=\\&quot;caption-category\\&quot;&gt;&lt;\\\/div&gt; &lt;\\\/div&gt;&lt;\\\/div&gt;&lt;div class=\\&quot;caption-wrap style-card\\&quot;&gt; &lt;div class=\\&quot;item-caption-over\\&quot;&gt; &lt;h1 class=\\&quot;item-title\\&quot;&gt;Edi\\u00e7\\u00e3o de 10 de Junho de 2022&lt;\\\/h1&gt; &lt;div class=\\&quot;item-content\\&quot;&gt;Algar do Marradinhas II &lt;div class=\\&quot;divFrame\\&quot;&gt;&lt;iframe src=\\&quot;https:\\\/\\\/drive.google.com\\\/file\\\/d\\\/1q_LS_w0wifJykSbrKleaMlf3fYblt7hz\\\/preview\\&quot; height=\\&quot;60px\\&quot;&gt;&lt;\\\/iframe&gt;&lt;\\\/div&gt;&lt;\\\/div&gt; &lt;\\\/div&gt; &lt;\\\/div&gt;&lt;\\\/div&gt; &lt;\\\/div&gt;&quot;,&quot;&lt;div class=\\&quot;gallery-item-wrap jkit-gcf-2022\\&quot;&gt; &lt;div class=\\&quot;grid-item\\&quot;&gt;&lt;div class=\\&quot;thumbnail-wrap\\&quot;&gt;&lt;img width=\\&quot;400\\&quot; height=\\&quot;225\\&quot; src=\\&quot;https:\\\/\\\/www.gem.pt\\\/wp-content\\\/uploads\\\/2023\\\/04\\\/AUDIO-2022-06-05-18-24-28.jpg\\&quot; class=\\&quot;attachment-full size-full\\&quot; alt=\\&quot;Edi\\u00e7\\u00e3o de 5 de Junho de 2022 (corre\\u00e7\\u00e3o)\\&quot; url=\\&quot;https:\\\/\\\/www.gem.pt\\\/wp-content\\\/uploads\\\/2023\\\/04\\\/AUDIO-2022-06-05-18-24-28.jpg\\&quot; source=\\&quot;library\\&quot; \\\/&gt;&lt;div class=\\&quot;caption-wrap search-hover-bg style-overlay\\&quot;&gt; &lt;div class=\\&quot;caption-head\\&quot;&gt;&lt;\\\/div&gt; &lt;div class=\\&quot;caption-button\\&quot;&gt;&lt;\\\/div&gt; &lt;div class=\\&quot;caption-category\\&quot;&gt;&lt;\\\/div&gt; &lt;\\\/div&gt;&lt;\\\/div&gt;&lt;div class=\\&quot;caption-wrap style-card\\&quot;&gt; &lt;div class=\\&quot;item-caption-over\\&quot;&gt; &lt;h1 class=\\&quot;item-title\\&quot;&gt;Edi\\u00e7\\u00e3o de 5 de Junho de 2022 (corre\\u00e7\\u00e3o)&lt;\\\/h1&gt; &lt;div class=\\&quot;item-content\\&quot;&gt;Almonda &lt;div class=\\&quot;divFrame\\&quot;&gt;&lt;iframe src=\\&quot;https:\\\/\\\/drive.google.com\\\/file\\\/d\\\/1C4gJHtkFAegyvVAkNPpkvN-0uB7MsqZS\\\/preview\\&quot; height=\\&quot;60px\\&quot;&gt;&lt;\\\/iframe&gt;&lt;\\\/div&gt;&lt;\\\/div&gt; &lt;\\\/div&gt; &lt;\\\/div&gt;&lt;\\\/div&gt; &lt;\\\/div&gt;&quot;,&quot;&lt;div class=\\&quot;gallery-item-wrap jkit-gcf-2022\\&quot;&gt; &lt;div class=\\&quot;grid-item\\&quot;&gt;&lt;div class=\\&quot;thumbnail-wrap\\&quot;&gt;&lt;img width=\\&quot;400\\&quot; height=\\&quot;225\\&quot; src=\\&quot;https:\\\/\\\/www.gem.pt\\\/wp-content\\\/uploads\\\/2023\\\/02\\\/AUDIO-2022-06-05-18-09-06.jpg\\&quot; class=\\&quot;attachment-full size-full\\&quot; alt=\\&quot;Edi\\u00e7\\u00e3o de 5 de Junho de 2022\\&quot; url=\\&quot;https:\\\/\\\/www.gem.pt\\\/wp-content\\\/uploads\\\/2023\\\/02\\\/AUDIO-2022-06-05-18-09-06.jpg\\&quot; source=\\&quot;library\\&quot; \\\/&gt;&lt;div class=\\&quot;caption-wrap search-hover-bg style-overlay\\&quot;&gt; &lt;div class=\\&quot;caption-head\\&quot;&gt;&lt;\\\/div&gt; &lt;div class=\\&quot;caption-button\\&quot;&gt;&lt;\\\/div&gt; &lt;div class=\\&quot;caption-category\\&quot;&gt;&lt;\\\/div&gt; &lt;\\\/div&gt;&lt;\\\/div&gt;&lt;div class=\\&quot;caption-wrap style-card\\&quot;&gt; &lt;div class=\\&quot;item-caption-over\\&quot;&gt; &lt;h1 class=\\&quot;item-title\\&quot;&gt;Edi\\u00e7\\u00e3o de 5 de Junho de 2022&lt;\\\/h1&gt; &lt;div class=\\&quot;item-content\\&quot;&gt;Almonda &lt;div class=\\&quot;divFrame\\&quot;&gt;&lt;iframe src=\\&quot;https:\\\/\\\/drive.google.com\\\/file\\\/d\\\/1OC6K0rb_Xcf1q7l1DlYssKjvsdIjLOl2\\\/preview\\&quot; height=\\&quot;60px\\&quot;&gt;&lt;\\\/iframe&gt;&lt;\\\/div&gt;&lt;\\\/div&gt; &lt;\\\/div&gt; &lt;\\\/div&gt;&lt;\\\/div&gt; &lt;\\\/div&gt;&quot;,&quot;&lt;div class=\\&quot;gallery-item-wrap jkit-gcf-2022\\&quot;&gt; &lt;div class=\\&quot;grid-item\\&quot;&gt;&lt;div class=\\&quot;thumbnail-wrap\\&quot;&gt;&lt;img width=\\&quot;400\\&quot; height=\\&quot;225\\&quot; src=\\&quot;https:\\\/\\\/www.gem.pt\\\/wp-content\\\/uploads\\\/2022\\\/07\\\/PHOTO-2022-05-29-17-15-29_.jpg\\&quot; class=\\&quot;attachment-full size-full\\&quot; alt=\\&quot;Edi\\u00e7\\u00e3o de 29 de Maio de 2022\\&quot; url=\\&quot;https:\\\/\\\/www.gem.pt\\\/wp-content\\\/uploads\\\/2022\\\/07\\\/PHOTO-2022-05-29-17-15-29_.jpg\\&quot; source=\\&quot;library\\&quot; \\\/&gt;&lt;div class=\\&quot;caption-wrap search-hover-bg style-overlay\\&quot;&gt; &lt;div class=\\&quot;caption-head\\&quot;&gt;&lt;\\\/div&gt; &lt;div class=\\&quot;caption-button\\&quot;&gt;&lt;\\\/div&gt; &lt;div class=\\&quot;caption-category\\&quot;&gt;&lt;\\\/div&gt; &lt;\\\/div&gt;&lt;\\\/div&gt;&lt;div class=\\&quot;caption-wrap style-card\\&quot;&gt; &lt;div class=\\&quot;item-caption-over\\&quot;&gt; &lt;h1 class=\\&quot;item-title\\&quot;&gt;Edi\\u00e7\\u00e3o de 29 de Maio de 2022&lt;\\\/h1&gt; &lt;div class=\\&quot;item-content\\&quot;&gt;GEM Family \\u2013 Edi\\u00e7\\u00e3o de encerramento II (nos carac\\u00f3is) &lt;div class=\\&quot;divFrame\\&quot;&gt;&lt;iframe src=\\&quot;https:\\\/\\\/drive.google.com\\\/file\\\/d\\\/1xF6fgefFn9o70ZA_WJ72e5Ws2n8tqXeW\\\/preview\\&quot; height=\\&quot;60px\\&quot;&gt;&lt;\\\/iframe&gt;&lt;\\\/div&gt;&lt;\\\/div&gt; &lt;\\\/div&gt; &lt;\\\/div&gt;&lt;\\\/div&gt; &lt;\\\/div&gt;&quot;,&quot;&lt;div class=\\&quot;gallery-item-wrap jkit-gcf-2022\\&quot;&gt; &lt;div class=\\&quot;grid-item\\&quot;&gt;&lt;div class=\\&quot;thumbnail-wrap\\&quot;&gt;&lt;img width=\\&quot;400\\&quot; height=\\&quot;225\\&quot; src=\\&quot;https:\\\/\\\/www.gem.pt\\\/wp-content\\\/uploads\\\/2022\\\/07\\\/PHOTO-2022-05-29-12-28-51_.jpg\\&quot; class=\\&quot;attachment-full size-full\\&quot; alt=\\&quot;Edi\\u00e7\\u00e3o de 29 de Maio de 2022\\&quot; url=\\&quot;https:\\\/\\\/www.gem.pt\\\/wp-content\\\/uploads\\\/2022\\\/07\\\/PHOTO-2022-05-29-12-28-51_.jpg\\&quot; source=\\&quot;library\\&quot; \\\/&gt;&lt;div class=\\&quot;caption-wrap search-hover-bg style-overlay\\&quot;&gt; &lt;div class=\\&quot;caption-head\\&quot;&gt;&lt;\\\/div&gt; &lt;div class=\\&quot;caption-button\\&quot;&gt;&lt;\\\/div&gt; &lt;div class=\\&quot;caption-category\\&quot;&gt;&lt;\\\/div&gt; &lt;\\\/div&gt;&lt;\\\/div&gt;&lt;div class=\\&quot;caption-wrap style-card\\&quot;&gt; &lt;div class=\\&quot;item-caption-over\\&quot;&gt; &lt;h1 class=\\&quot;item-title\\&quot;&gt;Edi\\u00e7\\u00e3o de 29 de Maio de 2022&lt;\\\/h1&gt; &lt;div class=\\&quot;item-content\\&quot;&gt;GEM Family \\u2013 Edi\\u00e7\\u00e3o de encerramento &lt;div class=\\&quot;divFrame\\&quot;&gt;&lt;iframe src=\\&quot;https:\\\/\\\/drive.google.com\\\/file\\\/d\\\/1OOWIDl-VDlBeRa_Emq-ddytf--Iidya7\\\/preview\\&quot; height=\\&quot;60px\\&quot;&gt;&lt;\\\/iframe&gt;&lt;\\\/div&gt;&lt;\\\/div&gt; &lt;\\\/div&gt; &lt;\\\/div&gt;&lt;\\\/div&gt; &lt;\\\/div&gt;&quot;,&quot;&lt;div class=\\&quot;gallery-item-wrap jkit-gcf-2022\\&quot;&gt; &lt;div class=\\&quot;grid-item\\&quot;&gt;&lt;div class=\\&quot;thumbnail-wrap\\&quot;&gt;&lt;img width=\\&quot;400\\&quot; height=\\&quot;225\\&quot; src=\\&quot;https:\\\/\\\/www.gem.pt\\\/wp-content\\\/uploads\\\/2022\\\/07\\\/PHOTO-2022-05-29-08-24-19_.jpg\\&quot; class=\\&quot;attachment-full size-full\\&quot; alt=\\&quot;Edi\\u00e7\\u00e3o de 29 de Maio de 2022\\&quot; url=\\&quot;https:\\\/\\\/www.gem.pt\\\/wp-content\\\/uploads\\\/2022\\\/07\\\/PHOTO-2022-05-29-08-24-19_.jpg\\&quot; source=\\&quot;library\\&quot; \\\/&gt;&lt;div class=\\&quot;caption-wrap search-hover-bg style-overlay\\&quot;&gt; &lt;div class=\\&quot;caption-head\\&quot;&gt;&lt;\\\/div&gt; &lt;div class=\\&quot;caption-button\\&quot;&gt;&lt;\\\/div&gt; &lt;div class=\\&quot;caption-category\\&quot;&gt;&lt;\\\/div&gt; &lt;\\\/div&gt;&lt;\\\/div&gt;&lt;div class=\\&quot;caption-wrap style-card\\&quot;&gt; &lt;div class=\\&quot;item-caption-over\\&quot;&gt; &lt;h1 class=\\&quot;item-title\\&quot;&gt;Edi\\u00e7\\u00e3o de 29 de Maio de 2022&lt;\\\/h1&gt; &lt;div class=\\&quot;item-content\\&quot;&gt;GEM Family \\u2013\\u00a0Algar das Gralhas &lt;div class=\\&quot;divFrame\\&quot;&gt;&lt;iframe src=\\&quot;https:\\\/\\\/drive.google.com\\\/file\\\/d\\\/1o6Qv0TiPhmRtAIFTZqEFhi1e3jw8YEp-\\\/preview\\&quot; height=\\&quot;60px\\&quot;&gt;&lt;\\\/iframe&gt;&lt;\\\/div&gt;&lt;\\\/div&gt; &lt;\\\/div&gt; &lt;\\\/div&gt;&lt;\\\/div&gt; &lt;\\\/div&gt;&quot;,&quot;&lt;div class=\\&quot;gallery-item-wrap jkit-gcf-2022\\&quot;&gt; &lt;div class=\\&quot;grid-item\\&quot;&gt;&lt;div class=\\&quot;thumbnail-wrap\\&quot;&gt;&lt;img width=\\&quot;400\\&quot; height=\\&quot;225\\&quot; src=\\&quot;https:\\\/\\\/www.gem.pt\\\/wp-content\\\/uploads\\\/2022\\\/07\\\/PHOTO-2022-05-28-17-07-17_.jpg\\&quot; class=\\&quot;attachment-full size-full\\&quot; alt=\\&quot;Edi\\u00e7\\u00e3o de 29 de Maio de 2022\\&quot; url=\\&quot;https:\\\/\\\/www.gem.pt\\\/wp-content\\\/uploads\\\/2022\\\/07\\\/PHOTO-2022-05-28-17-07-17_.jpg\\&quot; source=\\&quot;library\\&quot; \\\/&gt;&lt;div class=\\&quot;caption-wrap search-hover-bg style-overlay\\&quot;&gt; &lt;div class=\\&quot;caption-head\\&quot;&gt;&lt;\\\/div&gt; &lt;div class=\\&quot;caption-button\\&quot;&gt;&lt;\\\/div&gt; &lt;div class=\\&quot;caption-category\\&quot;&gt;&lt;\\\/div&gt; &lt;\\\/div&gt;&lt;\\\/div&gt;&lt;div class=\\&quot;caption-wrap style-card\\&quot;&gt; &lt;div class=\\&quot;item-caption-over\\&quot;&gt; &lt;h1 class=\\&quot;item-title\\&quot;&gt;Edi\\u00e7\\u00e3o de 29 de Maio de 2022&lt;\\\/h1&gt; &lt;div class=\\&quot;item-content\\&quot;&gt;GEM Family \\u2013\\u00a0Algar do Marradinhas II &lt;div class=\\&quot;divFrame\\&quot;&gt;&lt;iframe src=\\&quot;https:\\\/\\\/drive.google.com\\\/file\\\/d\\\/1wtG-YtUhfOrbJ6qG_EJzOTYQi3y-OGET\\\/preview\\&quot; height=\\&quot;60px\\&quot;&gt;&lt;\\\/iframe&gt;&lt;\\\/div&gt;&lt;\\\/div&gt; &lt;\\\/div&gt; &lt;\\\/div&gt;&lt;\\\/div&gt; &lt;\\\/div&gt;&quot;,&quot;&lt;div class=\\&quot;gallery-item-wrap jkit-gcf-2022\\&quot;&gt; &lt;div class=\\&quot;grid-item\\&quot;&gt;&lt;div class=\\&quot;thumbnail-wrap\\&quot;&gt;&lt;img width=\\&quot;400\\&quot; height=\\&quot;225\\&quot; src=\\&quot;https:\\\/\\\/www.gem.pt\\\/wp-content\\\/uploads\\\/2022\\\/07\\\/PHOTO-2022-05-22-23-29-14_.jpg\\&quot; class=\\&quot;attachment-full size-full\\&quot; alt=\\&quot;Edi\\u00e7\\u00e3o de 22 de Maio de 2022\\&quot; url=\\&quot;https:\\\/\\\/www.gem.pt\\\/wp-content\\\/uploads\\\/2022\\\/07\\\/PHOTO-2022-05-22-23-29-14_.jpg\\&quot; source=\\&quot;library\\&quot; \\\/&gt;&lt;div class=\\&quot;caption-wrap search-hover-bg style-overlay\\&quot;&gt; &lt;div class=\\&quot;caption-head\\&quot;&gt;&lt;\\\/div&gt; &lt;div class=\\&quot;caption-button\\&quot;&gt;&lt;\\\/div&gt; &lt;div class=\\&quot;caption-category\\&quot;&gt;&lt;\\\/div&gt; &lt;\\\/div&gt;&lt;\\\/div&gt;&lt;div class=\\&quot;caption-wrap style-card\\&quot;&gt; &lt;div class=\\&quot;item-caption-over\\&quot;&gt; &lt;h1 class=\\&quot;item-title\\&quot;&gt;Edi\\u00e7\\u00e3o de 22 de Maio de 2022&lt;\\\/h1&gt; &lt;div class=\\&quot;item-content\\&quot;&gt;Algar do Marradinhas II &lt;div class=\\&quot;divFrame\\&quot;&gt;&lt;iframe src=\\&quot;https:\\\/\\\/drive.google.com\\\/file\\\/d\\\/1st2_FyKqX-QfB4I0u2AIhibK0JCEy4tj\\\/preview\\&quot; height=\\&quot;60px\\&quot;&gt;&lt;\\\/iframe&gt;&lt;\\\/div&gt;&lt;\\\/div&gt; &lt;\\\/div&gt; &lt;\\\/div&gt;&lt;\\\/div&gt; &lt;\\\/div&gt;&quot;,&quot;&lt;div class=\\&quot;gallery-item-wrap jkit-gcf-2022\\&quot;&gt; &lt;div class=\\&quot;grid-item\\&quot;&gt;&lt;div class=\\&quot;thumbnail-wrap\\&quot;&gt;&lt;img width=\\&quot;400\\&quot; height=\\&quot;225\\&quot; src=\\&quot;https:\\\/\\\/www.gem.pt\\\/wp-content\\\/uploads\\\/2022\\\/05\\\/PHOTO-2022-05-14-20-11-52.jpg\\&quot; class=\\&quot;attachment-full size-full\\&quot; alt=\\&quot;Edi\\u00e7\\u00e3o de 14 de Maio de 2022\\&quot; url=\\&quot;https:\\\/\\\/www.gem.pt\\\/wp-content\\\/uploads\\\/2022\\\/05\\\/PHOTO-2022-05-14-20-11-52.jpg\\&quot; source=\\&quot;library\\&quot; \\\/&gt;&lt;div class=\\&quot;caption-wrap search-hover-bg style-overlay\\&quot;&gt; &lt;div class=\\&quot;caption-head\\&quot;&gt;&lt;\\\/div&gt; &lt;div class=\\&quot;caption-button\\&quot;&gt;&lt;\\\/div&gt; &lt;div class=\\&quot;caption-category\\&quot;&gt;&lt;\\\/div&gt; &lt;\\\/div&gt;&lt;\\\/div&gt;&lt;div class=\\&quot;caption-wrap style-card\\&quot;&gt; &lt;div class=\\&quot;item-caption-over\\&quot;&gt; &lt;h1 class=\\&quot;item-title\\&quot;&gt;Edi\\u00e7\\u00e3o de 14 de Maio de 2022&lt;\\\/h1&gt; &lt;div class=\\&quot;item-content\\&quot;&gt;Algar do Marradinhas II &lt;div class=\\&quot;divFrame\\&quot;&gt;&lt;iframe src=\\&quot;https:\\\/\\\/drive.google.com\\\/file\\\/d\\\/1q57168qlMANLEGtQK_rhZzpdUiJI0NGo\\\/preview\\&quot; height=\\&quot;60px\\&quot;&gt;&lt;\\\/iframe&gt;&lt;\\\/div&gt;&lt;\\\/div&gt; &lt;\\\/div&gt; &lt;\\\/div&gt;&lt;\\\/div&gt; &lt;\\\/div&gt;&quot;,&quot;&lt;div class=\\&quot;gallery-item-wrap jkit-gcf-2022\\&quot;&gt; &lt;div class=\\&quot;grid-item\\&quot;&gt;&lt;div class=\\&quot;thumbnail-wrap\\&quot;&gt;&lt;img width=\\&quot;400\\&quot; height=\\&quot;225\\&quot; src=\\&quot;https:\\\/\\\/www.gem.pt\\\/wp-content\\\/uploads\\\/2022\\\/05\\\/PHOTO-2022-05-05-18-17-56.jpg\\&quot; class=\\&quot;attachment-full size-full\\&quot; alt=\\&quot;Edi\\u00e7\\u00e3o de 5 de Maio de 2022\\&quot; url=\\&quot;https:\\\/\\\/www.gem.pt\\\/wp-content\\\/uploads\\\/2022\\\/05\\\/PHOTO-2022-05-05-18-17-56.jpg\\&quot; source=\\&quot;library\\&quot; \\\/&gt;&lt;div class=\\&quot;caption-wrap search-hover-bg style-overlay\\&quot;&gt; &lt;div class=\\&quot;caption-head\\&quot;&gt;&lt;\\\/div&gt; &lt;div class=\\&quot;caption-button\\&quot;&gt;&lt;\\\/div&gt; &lt;div class=\\&quot;caption-category\\&quot;&gt;&lt;\\\/div&gt; &lt;\\\/div&gt;&lt;\\\/div&gt;&lt;div class=\\&quot;caption-wrap style-card\\&quot;&gt; &lt;div class=\\&quot;item-caption-over\\&quot;&gt; &lt;h1 class=\\&quot;item-title\\&quot;&gt;Edi\\u00e7\\u00e3o de 5 de Maio de 2022&lt;\\\/h1&gt; &lt;div class=\\&quot;item-content\\&quot;&gt;Algar do Marradinhas II &lt;div class=\\&quot;divFrame\\&quot;&gt;&lt;iframe src=\\&quot;https:\\\/\\\/drive.google.com\\\/file\\\/d\\\/17mhw4rj3sj7kFtsMDp5EcUwzpL26kOv6\\\/preview\\&quot; height=\\&quot;60px\\&quot;&gt;&lt;\\\/iframe&gt;&lt;\\\/div&gt;&lt;\\\/div&gt; &lt;\\\/div&gt; &lt;\\\/div&gt;&lt;\\\/div&gt; &lt;\\\/div&gt;&quot;,&quot;&lt;div class=\\&quot;gallery-item-wrap jkit-gcf-2022\\&quot;&gt; &lt;div class=\\&quot;grid-item\\&quot;&gt;&lt;div class=\\&quot;thumbnail-wrap\\&quot;&gt;&lt;img width=\\&quot;400\\&quot; height=\\&quot;225\\&quot; src=\\&quot;https:\\\/\\\/www.gem.pt\\\/wp-content\\\/uploads\\\/2022\\\/05\\\/PHOTO-2022-04-30-17-58-37.jpg\\&quot; class=\\&quot;attachment-full size-full\\&quot; alt=\\&quot;Edi\\u00e7\\u00e3o de 30 de Abril de 2022\\&quot; url=\\&quot;https:\\\/\\\/www.gem.pt\\\/wp-content\\\/uploads\\\/2022\\\/05\\\/PHOTO-2022-04-30-17-58-37.jpg\\&quot; source=\\&quot;library\\&quot; \\\/&gt;&lt;div class=\\&quot;caption-wrap search-hover-bg style-overlay\\&quot;&gt; &lt;div class=\\&quot;caption-head\\&quot;&gt;&lt;\\\/div&gt; &lt;div class=\\&quot;caption-button\\&quot;&gt;&lt;\\\/div&gt; &lt;div class=\\&quot;caption-category\\&quot;&gt;&lt;\\\/div&gt; &lt;\\\/div&gt;&lt;\\\/div&gt;&lt;div class=\\&quot;caption-wrap style-card\\&quot;&gt; &lt;div class=\\&quot;item-caption-over\\&quot;&gt; &lt;h1 class=\\&quot;item-title\\&quot;&gt;Edi\\u00e7\\u00e3o de 30 de Abril de 2022&lt;\\\/h1&gt; &lt;div class=\\&quot;item-content\\&quot;&gt;Algar dos Lat\\u00f5es &lt;div class=\\&quot;divFrame\\&quot;&gt;&lt;iframe src=\\&quot;https:\\\/\\\/drive.google.com\\\/file\\\/d\\\/18-bEgXyUPKwao3y1nBeLIdqD5YaH2kXg\\\/preview\\&quot; height=\\&quot;60px\\&quot;&gt;&lt;\\\/iframe&gt;&lt;\\\/div&gt;&lt;\\\/div&gt; &lt;\\\/div&gt; &lt;\\\/div&gt;&lt;\\\/div&gt; &lt;\\\/div&gt;&quot;,&quot;&lt;div class=\\&quot;gallery-item-wrap jkit-gcf-2022\\&quot;&gt; &lt;div class=\\&quot;grid-item\\&quot;&gt;&lt;div class=\\&quot;thumbnail-wrap\\&quot;&gt;&lt;img width=\\&quot;400\\&quot; height=\\&quot;225\\&quot; src=\\&quot;https:\\\/\\\/www.gem.pt\\\/wp-content\\\/uploads\\\/2022\\\/05\\\/PHOTO-2022-04-23-20-26-22.jpg\\&quot; class=\\&quot;attachment-full size-full\\&quot; alt=\\&quot;2\\u00aa Edi\\u00e7\\u00e3o de 23 de Abril de 2022\\&quot; url=\\&quot;https:\\\/\\\/www.gem.pt\\\/wp-content\\\/uploads\\\/2022\\\/05\\\/PHOTO-2022-04-23-20-26-22.jpg\\&quot; source=\\&quot;library\\&quot; \\\/&gt;&lt;div class=\\&quot;caption-wrap search-hover-bg style-overlay\\&quot;&gt; &lt;div class=\\&quot;caption-head\\&quot;&gt;&lt;\\\/div&gt; &lt;div class=\\&quot;caption-button\\&quot;&gt;&lt;\\\/div&gt; &lt;div class=\\&quot;caption-category\\&quot;&gt;&lt;\\\/div&gt; &lt;\\\/div&gt;&lt;\\\/div&gt;&lt;div class=\\&quot;caption-wrap style-card\\&quot;&gt; &lt;div class=\\&quot;item-caption-over\\&quot;&gt; &lt;h1 class=\\&quot;item-title\\&quot;&gt;2\\u00aa Edi\\u00e7\\u00e3o de 23 de Abril de 2022&lt;\\\/h1&gt; &lt;div class=\\&quot;item-content\\&quot;&gt;Algar do Marradinhas II e Algar da Grade &lt;div class=\\&quot;divFrame\\&quot;&gt;&lt;iframe src=\\&quot;https:\\\/\\\/drive.google.com\\\/file\\\/d\\\/1wQZqg-CDtgIU8GrOT73o_z7W1uKa8Rw8\\\/preview\\&quot; height=\\&quot;60px\\&quot;&gt;&lt;\\\/iframe&gt;&lt;\\\/div&gt;&lt;\\\/div&gt; &lt;\\\/div&gt; &lt;\\\/div&gt;&lt;\\\/div&gt; &lt;\\\/div&gt;&quot;,&quot;&lt;div class=\\&quot;gallery-item-wrap jkit-gcf-2022\\&quot;&gt; &lt;div class=\\&quot;grid-item\\&quot;&gt;&lt;div class=\\&quot;thumbnail-wrap\\&quot;&gt;&lt;img width=\\&quot;400\\&quot; height=\\&quot;225\\&quot; src=\\&quot;https:\\\/\\\/www.gem.pt\\\/wp-content\\\/uploads\\\/2022\\\/05\\\/PHOTO-2022-04-23-20-20-38.jpg\\&quot; class=\\&quot;attachment-full size-full\\&quot; alt=\\&quot;Edi\\u00e7\\u00e3o de 23 de Abril de 2022\\&quot; url=\\&quot;https:\\\/\\\/www.gem.pt\\\/wp-content\\\/uploads\\\/2022\\\/05\\\/PHOTO-2022-04-23-20-20-38.jpg\\&quot; source=\\&quot;library\\&quot; \\\/&gt;&lt;div class=\\&quot;caption-wrap search-hover-bg style-overlay\\&quot;&gt; &lt;div class=\\&quot;caption-head\\&quot;&gt;&lt;\\\/div&gt; &lt;div class=\\&quot;caption-button\\&quot;&gt;&lt;\\\/div&gt; &lt;div class=\\&quot;caption-category\\&quot;&gt;&lt;\\\/div&gt; &lt;\\\/div&gt;&lt;\\\/div&gt;&lt;div class=\\&quot;caption-wrap style-card\\&quot;&gt; &lt;div class=\\&quot;item-caption-over\\&quot;&gt; &lt;h1 class=\\&quot;item-title\\&quot;&gt;Edi\\u00e7\\u00e3o de 23 de Abril de 2022&lt;\\\/h1&gt; &lt;div class=\\&quot;item-content\\&quot;&gt;Algar do Marradinhas II &lt;div class=\\&quot;divFrame\\&quot;&gt;&lt;iframe src=\\&quot;https:\\\/\\\/drive.google.com\\\/file\\\/d\\\/1YgS5xpvCG8hoAeIa9kVs34KpyPnnLnnO\\\/preview\\&quot; height=\\&quot;60px\\&quot;&gt;&lt;\\\/iframe&gt;&lt;\\\/div&gt;&lt;\\\/div&gt; &lt;\\\/div&gt; &lt;\\\/div&gt;&lt;\\\/div&gt; &lt;\\\/div&gt;&quot;,&quot;&lt;div class=\\&quot;gallery-item-wrap jkit-gcf-2022\\&quot;&gt; &lt;div class=\\&quot;grid-item\\&quot;&gt;&lt;div class=\\&quot;thumbnail-wrap\\&quot;&gt;&lt;img width=\\&quot;400\\&quot; height=\\&quot;225\\&quot; src=\\&quot;https:\\\/\\\/www.gem.pt\\\/wp-content\\\/uploads\\\/2022\\\/05\\\/PHOTO-2022-04-16-18-43-15.jpg\\&quot; class=\\&quot;attachment-full size-full\\&quot; alt=\\&quot;Edi\\u00e7\\u00e3o de 16 de Abril de 2022\\&quot; url=\\&quot;https:\\\/\\\/www.gem.pt\\\/wp-content\\\/uploads\\\/2022\\\/05\\\/PHOTO-2022-04-16-18-43-15.jpg\\&quot; source=\\&quot;library\\&quot; \\\/&gt;&lt;div class=\\&quot;caption-wrap search-hover-bg style-overlay\\&quot;&gt; &lt;div class=\\&quot;caption-head\\&quot;&gt;&lt;\\\/div&gt; &lt;div class=\\&quot;caption-button\\&quot;&gt;&lt;\\\/div&gt; &lt;div class=\\&quot;caption-category\\&quot;&gt;&lt;\\\/div&gt; &lt;\\\/div&gt;&lt;\\\/div&gt;&lt;div class=\\&quot;caption-wrap style-card\\&quot;&gt; &lt;div class=\\&quot;item-caption-over\\&quot;&gt; &lt;h1 class=\\&quot;item-title\\&quot;&gt;Edi\\u00e7\\u00e3o de 16 de Abril de 2022&lt;\\\/h1&gt; &lt;div class=\\&quot;item-content\\&quot;&gt;Algar do Marradinhas I &lt;div class=\\&quot;divFrame\\&quot;&gt;&lt;iframe src=\\&quot;https:\\\/\\\/drive.google.com\\\/file\\\/d\\\/1jt6KZj9zvF2EvWca4zoI8HFq4L3RZNg9\\\/preview\\&quot; height=\\&quot;60px\\&quot;&gt;&lt;\\\/iframe&gt;&lt;\\\/div&gt;&lt;\\\/div&gt; &lt;\\\/div&gt; &lt;\\\/div&gt;&lt;\\\/div&gt; &lt;\\\/div&gt;&quot;,&quot;&lt;div class=\\&quot;gallery-item-wrap jkit-gcf-2022\\&quot;&gt; &lt;div class=\\&quot;grid-item\\&quot;&gt;&lt;div class=\\&quot;thumbnail-wrap\\&quot;&gt;&lt;img width=\\&quot;400\\&quot; height=\\&quot;225\\&quot; src=\\&quot;https:\\\/\\\/www.gem.pt\\\/wp-content\\\/uploads\\\/2022\\\/04\\\/PHOTO-2022-04-02-19-36-10-1.jpg\\&quot; class=\\&quot;attachment-full size-full\\&quot; alt=\\&quot;Edi\\u00e7\\u00e3o de 2 de Abril de 2022\\&quot; url=\\&quot;https:\\\/\\\/www.gem.pt\\\/wp-content\\\/uploads\\\/2022\\\/04\\\/PHOTO-2022-04-02-19-36-10-1.jpg\\&quot; source=\\&quot;library\\&quot; \\\/&gt;&lt;div class=\\&quot;caption-wrap search-hover-bg style-overlay\\&quot;&gt; &lt;div class=\\&quot;caption-head\\&quot;&gt;&lt;\\\/div&gt; &lt;div class=\\&quot;caption-button\\&quot;&gt;&lt;\\\/div&gt; &lt;div class=\\&quot;caption-category\\&quot;&gt;&lt;\\\/div&gt; &lt;\\\/div&gt;&lt;\\\/div&gt;&lt;div class=\\&quot;caption-wrap style-card\\&quot;&gt; &lt;div class=\\&quot;item-caption-over\\&quot;&gt; &lt;h1 class=\\&quot;item-title\\&quot;&gt;Edi\\u00e7\\u00e3o de 2 de Abril de 2022&lt;\\\/h1&gt; &lt;div class=\\&quot;item-content\\&quot;&gt;Algar do Z\\u00e9 de Braga e Algar dos Lat\\u00f5es &lt;div class=\\&quot;divFrame\\&quot;&gt;&lt;iframe src=\\&quot;https:\\\/\\\/drive.google.com\\\/file\\\/d\\\/1rOr32rdeYBT3OXEFd4six2qA_9WP8QFY\\\/preview\\&quot; height=\\&quot;60px\\&quot;&gt;&lt;\\\/iframe&gt;&lt;\\\/div&gt;&lt;\\\/div&gt; &lt;\\\/div&gt; &lt;\\\/div&gt;&lt;\\\/div&gt; &lt;\\\/div&gt;&quot;,&quot;&lt;div class=\\&quot;gallery-item-wrap jkit-gcf-2022\\&quot;&gt; &lt;div class=\\&quot;grid-item\\&quot;&gt;&lt;div class=\\&quot;thumbnail-wrap\\&quot;&gt;&lt;img width=\\&quot;400\\&quot; height=\\&quot;225\\&quot; src=\\&quot;https:\\\/\\\/www.gem.pt\\\/wp-content\\\/uploads\\\/2022\\\/04\\\/PHOTO-2022-03-27-15-30-09.jpg\\&quot; class=\\&quot;attachment-full size-full\\&quot; alt=\\&quot;Edi\\u00e7\\u00e3o de 26 de Mar\\u00e7o de 2022\\&quot; url=\\&quot;https:\\\/\\\/www.gem.pt\\\/wp-content\\\/uploads\\\/2022\\\/04\\\/PHOTO-2022-03-27-15-30-09.jpg\\&quot; source=\\&quot;library\\&quot; \\\/&gt;&lt;div class=\\&quot;caption-wrap search-hover-bg style-overlay\\&quot;&gt; &lt;div class=\\&quot;caption-head\\&quot;&gt;&lt;\\\/div&gt; &lt;div class=\\&quot;caption-button\\&quot;&gt;&lt;\\\/div&gt; &lt;div class=\\&quot;caption-category\\&quot;&gt;&lt;\\\/div&gt; &lt;\\\/div&gt;&lt;\\\/div&gt;&lt;div class=\\&quot;caption-wrap style-card\\&quot;&gt; &lt;div class=\\&quot;item-caption-over\\&quot;&gt; &lt;h1 class=\\&quot;item-title\\&quot;&gt;Edi\\u00e7\\u00e3o de 26 de Mar\\u00e7o de 2022&lt;\\\/h1&gt; &lt;div class=\\&quot;item-content\\&quot;&gt;Algar dos Lat\\u00f5es e Marradinhas I &lt;div class=\\&quot;divFrame\\&quot;&gt;&lt;iframe src=\\&quot;https:\\\/\\\/drive.google.com\\\/file\\\/d\\\/1b8QmKeqMtq8mg2clqHgsfioEUMR-wIS-\\\/preview\\&quot; height=\\&quot;60px\\&quot;&gt;&lt;\\\/iframe&gt;&lt;\\\/div&gt;&lt;\\\/div&gt; &lt;\\\/div&gt; &lt;\\\/div&gt;&lt;\\\/div&gt; &lt;\\\/div&gt;&quot;,&quot;&lt;div class=\\&quot;gallery-item-wrap jkit-gcf-2022\\&quot;&gt; &lt;div class=\\&quot;grid-item\\&quot;&gt;&lt;div class=\\&quot;thumbnail-wrap\\&quot;&gt;&lt;img width=\\&quot;400\\&quot; height=\\&quot;226\\&quot; src=\\&quot;https:\\\/\\\/www.gem.pt\\\/wp-content\\\/uploads\\\/2022\\\/04\\\/PHOTO-2022-03-20-21-51-34.jpg\\&quot; class=\\&quot;attachment-full size-full\\&quot; alt=\\&quot;Edi\\u00e7\\u00e3o de 20 de Mar\\u00e7o de 2022\\&quot; url=\\&quot;https:\\\/\\\/www.gem.pt\\\/wp-content\\\/uploads\\\/2022\\\/04\\\/PHOTO-2022-03-20-21-51-34.jpg\\&quot; source=\\&quot;library\\&quot; \\\/&gt;&lt;div class=\\&quot;caption-wrap search-hover-bg style-overlay\\&quot;&gt; &lt;div class=\\&quot;caption-head\\&quot;&gt;&lt;\\\/div&gt; &lt;div class=\\&quot;caption-button\\&quot;&gt;&lt;\\\/div&gt; &lt;div class=\\&quot;caption-category\\&quot;&gt;&lt;\\\/div&gt; &lt;\\\/div&gt;&lt;\\\/div&gt;&lt;div class=\\&quot;caption-wrap style-card\\&quot;&gt; &lt;div class=\\&quot;item-caption-over\\&quot;&gt; &lt;h1 class=\\&quot;item-title\\&quot;&gt;Edi\\u00e7\\u00e3o de 20 de Mar\\u00e7o de 2022&lt;\\\/h1&gt; &lt;div class=\\&quot;item-content\\&quot;&gt;Algar das Couves e Algar do Z\\u00e9 de Braga &lt;div class=\\&quot;divFrame\\&quot;&gt;&lt;iframe src=\\&quot;https:\\\/\\\/drive.google.com\\\/file\\\/d\\\/10T7HCQZDuhfP3Q4LsyXUX7y4xQz4Zfjb\\\/preview\\&quot; height=\\&quot;60px\\&quot;&gt;&lt;\\\/iframe&gt;&lt;\\\/div&gt;&lt;\\\/div&gt; &lt;\\\/div&gt; &lt;\\\/div&gt;&lt;\\\/div&gt; &lt;\\\/div&gt;&quot;,&quot;&lt;div class=\\&quot;gallery-item-wrap jkit-gcf-2022\\&quot;&gt; &lt;div class=\\&quot;grid-item\\&quot;&gt;&lt;div class=\\&quot;thumbnail-wrap\\&quot;&gt;&lt;img width=\\&quot;400\\&quot; height=\\&quot;225\\&quot; src=\\&quot;https:\\\/\\\/www.gem.pt\\\/wp-content\\\/uploads\\\/2022\\\/04\\\/PHOTO-2022-03-05-19-15-26.jpg\\&quot; class=\\&quot;attachment-full size-full\\&quot; alt=\\&quot;Edi\\u00e7\\u00e3o de 5 de Mar\\u00e7o de 2022\\&quot; url=\\&quot;https:\\\/\\\/www.gem.pt\\\/wp-content\\\/uploads\\\/2022\\\/04\\\/PHOTO-2022-03-05-19-15-26.jpg\\&quot; source=\\&quot;library\\&quot; \\\/&gt;&lt;div class=\\&quot;caption-wrap search-hover-bg style-overlay\\&quot;&gt; &lt;div class=\\&quot;caption-head\\&quot;&gt;&lt;\\\/div&gt; &lt;div class=\\&quot;caption-button\\&quot;&gt;&lt;\\\/div&gt; &lt;div class=\\&quot;caption-category\\&quot;&gt;&lt;\\\/div&gt; &lt;\\\/div&gt;&lt;\\\/div&gt;&lt;div class=\\&quot;caption-wrap style-card\\&quot;&gt; &lt;div class=\\&quot;item-caption-over\\&quot;&gt; &lt;h1 class=\\&quot;item-title\\&quot;&gt;Edi\\u00e7\\u00e3o de 5 de Mar\\u00e7o de 2022&lt;\\\/h1&gt; &lt;div class=\\&quot;item-content\\&quot;&gt;Algar da Grade &lt;div class=\\&quot;divFrame\\&quot;&gt;&lt;iframe src=\\&quot;https:\\\/\\\/drive.google.com\\\/file\\\/d\\\/1Hm3Kz4Uol14D4zc1xD3MfeKWkflSLpeS\\\/preview\\&quot; height=\\&quot;60px\\&quot;&gt;&lt;\\\/iframe&gt;&lt;\\\/div&gt;&lt;\\\/div&gt; &lt;\\\/div&gt; &lt;\\\/div&gt;&lt;\\\/div&gt; &lt;\\\/div&gt;&quot;,&quot;&lt;div class=\\&quot;gallery-item-wrap jkit-gcf-2022\\&quot;&gt; &lt;div class=\\&quot;grid-item\\&quot;&gt;&lt;div class=\\&quot;thumbnail-wrap\\&quot;&gt;&lt;img width=\\&quot;400\\&quot; height=\\&quot;226\\&quot; src=\\&quot;https:\\\/\\\/www.gem.pt\\\/wp-content\\\/uploads\\\/2022\\\/04\\\/PHOTO-2022-03-06-08-50-38.jpg\\&quot; class=\\&quot;attachment-full size-full\\&quot; alt=\\&quot;Edi\\u00e7\\u00e3o de 26 de Fevereiro de 2022\\&quot; url=\\&quot;https:\\\/\\\/www.gem.pt\\\/wp-content\\\/uploads\\\/2022\\\/04\\\/PHOTO-2022-03-06-08-50-38.jpg\\&quot; source=\\&quot;library\\&quot; \\\/&gt;&lt;div class=\\&quot;caption-wrap search-hover-bg style-overlay\\&quot;&gt; &lt;div class=\\&quot;caption-head\\&quot;&gt;&lt;\\\/div&gt; &lt;div class=\\&quot;caption-button\\&quot;&gt;&lt;\\\/div&gt; &lt;div class=\\&quot;caption-category\\&quot;&gt;&lt;\\\/div&gt; &lt;\\\/div&gt;&lt;\\\/div&gt;&lt;div class=\\&quot;caption-wrap style-card\\&quot;&gt; &lt;div class=\\&quot;item-caption-over\\&quot;&gt; &lt;h1 class=\\&quot;item-title\\&quot;&gt;Edi\\u00e7\\u00e3o de 26 de Fevereiro de 2022&lt;\\\/h1&gt; &lt;div class=\\&quot;item-content\\&quot;&gt;Algar das Couves, Algar da Grade e Algar dos Lat\\u00f5es &lt;div class=\\&quot;divFrame\\&quot;&gt;&lt;iframe src=\\&quot;https:\\\/\\\/drive.google.com\\\/file\\\/d\\\/1xSWNzSH1vs0pSGZehCiuorSGJIS48zp9\\\/preview\\&quot; height=\\&quot;60px\\&quot;&gt;&lt;\\\/iframe&gt;&lt;\\\/div&gt;&lt;\\\/div&gt; &lt;\\\/div&gt; &lt;\\\/div&gt;&lt;\\\/div&gt; &lt;\\\/div&gt;&quot;,&quot;&lt;div class=\\&quot;gallery-item-wrap jkit-gcf-2022\\&quot;&gt; &lt;div class=\\&quot;grid-item\\&quot;&gt;&lt;div class=\\&quot;thumbnail-wrap\\&quot;&gt;&lt;img width=\\&quot;400\\&quot; height=\\&quot;225\\&quot; src=\\&quot;https:\\\/\\\/www.gem.pt\\\/wp-content\\\/uploads\\\/2022\\\/04\\\/PHOTO-2022-02-05-18-57-32.jpg\\&quot; class=\\&quot;attachment-full size-full\\&quot; alt=\\&quot;Edi\\u00e7\\u00e3o de 5 de Fevereiro de 2022\\&quot; url=\\&quot;https:\\\/\\\/www.gem.pt\\\/wp-content\\\/uploads\\\/2022\\\/04\\\/PHOTO-2022-02-05-18-57-32.jpg\\&quot; source=\\&quot;library\\&quot; \\\/&gt;&lt;div class=\\&quot;caption-wrap search-hover-bg style-overlay\\&quot;&gt; &lt;div class=\\&quot;caption-head\\&quot;&gt;&lt;\\\/div&gt; &lt;div class=\\&quot;caption-button\\&quot;&gt;&lt;\\\/div&gt; &lt;div class=\\&quot;caption-category\\&quot;&gt;&lt;\\\/div&gt; &lt;\\\/div&gt;&lt;\\\/div&gt;&lt;div class=\\&quot;caption-wrap style-card\\&quot;&gt; &lt;div class=\\&quot;item-caption-over\\&quot;&gt; &lt;h1 class=\\&quot;item-title\\&quot;&gt;Edi\\u00e7\\u00e3o de 5 de Fevereiro de 2022&lt;\\\/h1&gt; &lt;div class=\\&quot;item-content\\&quot;&gt;Algar Pimp\\u00e3o &lt;div class=\\&quot;divFrame\\&quot;&gt;&lt;iframe src=\\&quot;https:\\\/\\\/drive.google.com\\\/file\\\/d\\\/1ytctstOrgO5mzUH_f7oLi72YSLxc6l9-\\\/preview\\&quot; height=\\&quot;60px\\&quot;&gt;&lt;\\\/iframe&gt;&lt;\\\/div&gt;&lt;\\\/div&gt; &lt;\\\/div&gt; &lt;\\\/div&gt;&lt;\\\/div&gt; &lt;\\\/div&gt;&quot;,&quot;&lt;div class=\\&quot;gallery-item-wrap jkit-gcf-2022\\&quot;&gt; &lt;div class=\\&quot;grid-item\\&quot;&gt;&lt;div class=\\&quot;thumbnail-wrap\\&quot;&gt;&lt;img width=\\&quot;400\\&quot; height=\\&quot;225\\&quot; src=\\&quot;https:\\\/\\\/www.gem.pt\\\/wp-content\\\/uploads\\\/2022\\\/04\\\/PHOTO-2022-01-29-18-11-20.jpg\\&quot; class=\\&quot;attachment-full size-full\\&quot; alt=\\&quot;Edi\\u00e7\\u00e3o de 29 de Janeiro de 2022\\&quot; url=\\&quot;https:\\\/\\\/www.gem.pt\\\/wp-content\\\/uploads\\\/2022\\\/04\\\/PHOTO-2022-01-29-18-11-20.jpg\\&quot; source=\\&quot;library\\&quot; \\\/&gt;&lt;div class=\\&quot;caption-wrap search-hover-bg style-overlay\\&quot;&gt; &lt;div class=\\&quot;caption-head\\&quot;&gt;&lt;\\\/div&gt; &lt;div class=\\&quot;caption-button\\&quot;&gt;&lt;\\\/div&gt; &lt;div class=\\&quot;caption-category\\&quot;&gt;&lt;\\\/div&gt; &lt;\\\/div&gt;&lt;\\\/div&gt;&lt;div class=\\&quot;caption-wrap style-card\\&quot;&gt; &lt;div class=\\&quot;item-caption-over\\&quot;&gt; &lt;h1 class=\\&quot;item-title\\&quot;&gt;Edi\\u00e7\\u00e3o de 29 de Janeiro de 2022&lt;\\\/h1&gt; &lt;div class=\\&quot;item-content\\&quot;&gt;Algar do Pres\\u00e9pio &lt;div class=\\&quot;divFrame\\&quot;&gt;&lt;iframe src=\\&quot;https:\\\/\\\/drive.google.com\\\/file\\\/d\\\/18c88ePWXtDAdSeM4BLBGfzTNxxlkpqlb\\\/preview\\&quot; height=\\&quot;60px\\&quot;&gt;&lt;\\\/iframe&gt;&lt;\\\/div&gt;&lt;\\\/div&gt; &lt;\\\/div&gt; &lt;\\\/div&gt;&lt;\\\/div&gt; &lt;\\\/div&gt;&quot;]\"><div class=\"filter-controls\"><ul><li class=\"jkit-gallery-control active\" data-filter=\"*\">TODAS<\/li><li class=\"jkit-gallery-control\" data-filter=\".jkit-gcf-2024\">2024<\/li><li class=\"jkit-gallery-control\" data-filter=\".jkit-gcf-2023\">2023<\/li><li class=\"jkit-gallery-control\" data-filter=\".jkit-gcf-2022\">2022<\/li><\/ul><\/div>\n            <div class=\"gallery-items\"><div class=\"gallery-item-wrap jkit-gcf-2024\"> <div class=\"grid-item\"><div class=\"thumbnail-wrap\"><img fetchpriority=\"high\" decoding=\"async\" width=\"400\" height=\"225\" src=\"https:\/\/www.gem.pt\/wp-content\/uploads\/2024\/02\/AUDIO-2024-02-13-grande-falha.jpg\" class=\"attachment-full size-full\" alt=\"Edi\u00e7\u00e3o de 13 de Fevereiro de 2024\" url=\"https:\/\/www.gem.pt\/wp-content\/uploads\/2024\/02\/AUDIO-2024-02-13-grande-falha.jpg\" source=\"library\" srcset=\"https:\/\/www.gem.pt\/wp-content\/uploads\/2024\/02\/AUDIO-2024-02-13-grande-falha.jpg 400w, https:\/\/www.gem.pt\/wp-content\/uploads\/2024\/02\/AUDIO-2024-02-13-grande-falha-18x10.jpg 18w\" sizes=\"(max-width: 400px) 100vw, 400px\" \/><div class=\"caption-wrap search-hover-bg style-overlay\"> <div class=\"caption-head\"><\/div> <div class=\"caption-button\"><\/div> <div class=\"caption-category\"><\/div> <\/div><\/div><div class=\"caption-wrap style-card\"> <div class=\"item-caption-over\"> <h1 class=\"item-title\">Edi\u00e7\u00e3o de 13 de Fevereiro de 2024<\/h1> <div class=\"item-content\">Gruta da Grande Falha <div class=\"divFrame\"><iframe src=\"https:\/\/drive.google.com\/file\/d\/1Lq-Yj2SMaKzb82WaE1Krk0gvPbE-sJ_Z\/preview\" height=\"60px\"><\/iframe><\/div><\/div> <\/div> <\/div><\/div> <\/div><div class=\"gallery-item-wrap jkit-gcf-2024\"> <div class=\"grid-item\"><div class=\"thumbnail-wrap\"><img decoding=\"async\" width=\"400\" height=\"225\" src=\"https:\/\/www.gem.pt\/wp-content\/uploads\/2024\/02\/AUDIO-2024-02-03-18-59-26-alecrineiros-norte.jpg\" class=\"attachment-full size-full\" alt=\"Edi\u00e7\u00e3o de 3 de Fevereiro de 2024\" url=\"https:\/\/www.gem.pt\/wp-content\/uploads\/2024\/02\/AUDIO-2024-02-03-18-59-26-alecrineiros-norte.jpg\" source=\"library\" srcset=\"https:\/\/www.gem.pt\/wp-content\/uploads\/2024\/02\/AUDIO-2024-02-03-18-59-26-alecrineiros-norte.jpg 400w, https:\/\/www.gem.pt\/wp-content\/uploads\/2024\/02\/AUDIO-2024-02-03-18-59-26-alecrineiros-norte-18x10.jpg 18w\" sizes=\"(max-width: 400px) 100vw, 400px\" \/><div class=\"caption-wrap search-hover-bg style-overlay\"> <div class=\"caption-head\"><\/div> <div class=\"caption-button\"><\/div> <div class=\"caption-category\"><\/div> <\/div><\/div><div class=\"caption-wrap style-card\"> <div class=\"item-caption-over\"> <h1 class=\"item-title\">Edi\u00e7\u00e3o de 3 de Fevereiro de 2024<\/h1> <div class=\"item-content\">Treino de Equipagens, Alecrineiros Norte <div class=\"divFrame\"><iframe src=\"https:\/\/drive.google.com\/file\/d\/1tChwycxVdbmYz-2kP8F5b2oO4Qy-RfHE\/preview\" height=\"60px\"><\/iframe><\/div><\/div> <\/div> <\/div><\/div> <\/div><div class=\"gallery-item-wrap jkit-gcf-2024\"> <div class=\"grid-item\"><div class=\"thumbnail-wrap\"><img decoding=\"async\" width=\"400\" height=\"225\" src=\"https:\/\/www.gem.pt\/wp-content\/uploads\/2024\/02\/AUDIO-2024-01-27-18-36-13-lomba.png\" class=\"attachment-full size-full\" alt=\"Edi\u00e7\u00e3o de 27 de Janeiro de 2024\" url=\"https:\/\/www.gem.pt\/wp-content\/uploads\/2024\/02\/AUDIO-2024-01-27-18-36-13-lomba.png\" source=\"library\" srcset=\"https:\/\/www.gem.pt\/wp-content\/uploads\/2024\/02\/AUDIO-2024-01-27-18-36-13-lomba.png 400w, https:\/\/www.gem.pt\/wp-content\/uploads\/2024\/02\/AUDIO-2024-01-27-18-36-13-lomba-18x10.png 18w\" sizes=\"(max-width: 400px) 100vw, 400px\" \/><div class=\"caption-wrap search-hover-bg style-overlay\"> <div class=\"caption-head\"><\/div> <div class=\"caption-button\"><\/div> <div class=\"caption-category\"><\/div> <\/div><\/div><div class=\"caption-wrap style-card\"> <div class=\"item-caption-over\"> <h1 class=\"item-title\">Edi\u00e7\u00e3o de 27 de Janeiro de 2024<\/h1> <div class=\"item-content\">Desequipagem do Algar da Lomba <div class=\"divFrame\"><iframe src=\"https:\/\/drive.google.com\/file\/d\/1S5MLm-3FT4kHU6m7e7fTAuY75NS8GNa5\/preview\" height=\"60px\"><\/iframe><\/div><\/div> <\/div> <\/div><\/div> <\/div><div class=\"gallery-item-wrap jkit-gcf-2023\"> <div class=\"grid-item\"><div class=\"thumbnail-wrap\"><img loading=\"lazy\" decoding=\"async\" width=\"400\" height=\"225\" src=\"https:\/\/www.gem.pt\/wp-content\/uploads\/2024\/02\/AUDIO-2023-09-30-1-trabalhos-lomba.jpg\" class=\"attachment-full size-full\" alt=\"Edi\u00e7\u00e3o de 30 de Setembro de 2023 (2)\" url=\"https:\/\/www.gem.pt\/wp-content\/uploads\/2024\/02\/AUDIO-2023-09-30-1-trabalhos-lomba.jpg\" source=\"library\" srcset=\"https:\/\/www.gem.pt\/wp-content\/uploads\/2024\/02\/AUDIO-2023-09-30-1-trabalhos-lomba.jpg 400w, https:\/\/www.gem.pt\/wp-content\/uploads\/2024\/02\/AUDIO-2023-09-30-1-trabalhos-lomba-18x10.jpg 18w\" sizes=\"(max-width: 400px) 100vw, 400px\" \/><div class=\"caption-wrap search-hover-bg style-overlay\"> <div class=\"caption-head\"><\/div> <div class=\"caption-button\"><\/div> <div class=\"caption-category\"><\/div> <\/div><\/div><div class=\"caption-wrap style-card\"> <div class=\"item-caption-over\"> <h1 class=\"item-title\">Edi\u00e7\u00e3o de 30 de Setembro de 2023 (2)<\/h1> <div class=\"item-content\">Apresenta\u00e7\u00e3o dos Trabalhos do Algar da Lomba <div class=\"divFrame\"><iframe src=\"https:\/\/drive.google.com\/file\/d\/1lTy7a3iY5ZaJxYVRX1w9dpt2R48KIWXY\/preview\" height=\"60px\"><\/iframe><\/div><\/div> <\/div> <\/div><\/div> <\/div><div class=\"gallery-item-wrap jkit-gcf-2023\"> <div class=\"grid-item\"><div class=\"thumbnail-wrap\"><img loading=\"lazy\" decoding=\"async\" width=\"400\" height=\"225\" src=\"https:\/\/www.gem.pt\/wp-content\/uploads\/2024\/02\/AUDIO-2023-09-30-20-39-55-trabalhos-lomba.png\" class=\"attachment-full size-full\" alt=\"Edi\u00e7\u00e3o de 30 de Setembro de 2023 (1)\" url=\"https:\/\/www.gem.pt\/wp-content\/uploads\/2024\/02\/AUDIO-2023-09-30-20-39-55-trabalhos-lomba.png\" source=\"library\" srcset=\"https:\/\/www.gem.pt\/wp-content\/uploads\/2024\/02\/AUDIO-2023-09-30-20-39-55-trabalhos-lomba.png 400w, https:\/\/www.gem.pt\/wp-content\/uploads\/2024\/02\/AUDIO-2023-09-30-20-39-55-trabalhos-lomba-18x10.png 18w\" sizes=\"(max-width: 400px) 100vw, 400px\" \/><div class=\"caption-wrap search-hover-bg style-overlay\"> <div class=\"caption-head\"><\/div> <div class=\"caption-button\"><\/div> <div class=\"caption-category\"><\/div> <\/div><\/div><div class=\"caption-wrap style-card\"> <div class=\"item-caption-over\"> <h1 class=\"item-title\">Edi\u00e7\u00e3o de 30 de Setembro de 2023 (1)<\/h1> <div class=\"item-content\">Apresenta\u00e7\u00e3o dos Trabalhos do Algar da Lomba <div class=\"divFrame\"><iframe src=\"https:\/\/drive.google.com\/file\/d\/1JLggT4NDyI_kbEyhSuVsAh55nsyfpj6P\/preview\" height=\"60px\"><\/iframe><\/div><\/div> <\/div> <\/div><\/div> <\/div><div class=\"gallery-item-wrap jkit-gcf-2023\"> <div class=\"grid-item\"><div class=\"thumbnail-wrap\"><img loading=\"lazy\" decoding=\"async\" width=\"400\" height=\"225\" src=\"https:\/\/www.gem.pt\/wp-content\/uploads\/2024\/02\/AUDIO-2023-09-10-16-29-10-Algar-da-autoestrada.png\" class=\"attachment-full size-full\" alt=\"Edi\u00e7\u00e3o de 10 de Setembro de 2023\" url=\"https:\/\/www.gem.pt\/wp-content\/uploads\/2024\/02\/AUDIO-2023-09-10-16-29-10-Algar-da-autoestrada.png\" source=\"library\" srcset=\"https:\/\/www.gem.pt\/wp-content\/uploads\/2024\/02\/AUDIO-2023-09-10-16-29-10-Algar-da-autoestrada.png 400w, https:\/\/www.gem.pt\/wp-content\/uploads\/2024\/02\/AUDIO-2023-09-10-16-29-10-Algar-da-autoestrada-18x10.png 18w\" sizes=\"(max-width: 400px) 100vw, 400px\" \/><div class=\"caption-wrap search-hover-bg style-overlay\"> <div class=\"caption-head\"><\/div> <div class=\"caption-button\"><\/div> <div class=\"caption-category\"><\/div> <\/div><\/div><div class=\"caption-wrap style-card\"> <div class=\"item-caption-over\"> <h1 class=\"item-title\">Edi\u00e7\u00e3o de 10 de Setembro de 2023<\/h1> <div class=\"item-content\">Algar da Autoestrada <div class=\"divFrame\"><iframe src=\"https:\/\/drive.google.com\/file\/d\/1MHYOP-boIgFuduC1DBzF6E8GJ8BenxTg\/preview\" height=\"60px\"><\/iframe><\/div><\/div> <\/div> <\/div><\/div> <\/div><div class=\"gallery-item-wrap jkit-gcf-2023\"> <div class=\"grid-item\"><div class=\"thumbnail-wrap\"><img loading=\"lazy\" decoding=\"async\" width=\"400\" height=\"225\" src=\"https:\/\/www.gem.pt\/wp-content\/uploads\/2024\/02\/AUDIO-2023-07-02-11-17-35-Lomba-e-algar-da-esteveira.jpeg\" class=\"attachment-full size-full\" alt=\"Edi\u00e7\u00e3o de 2 de Julho de 2023\" url=\"https:\/\/www.gem.pt\/wp-content\/uploads\/2024\/02\/AUDIO-2023-07-02-11-17-35-Lomba-e-algar-da-esteveira.jpeg\" source=\"library\" srcset=\"https:\/\/www.gem.pt\/wp-content\/uploads\/2024\/02\/AUDIO-2023-07-02-11-17-35-Lomba-e-algar-da-esteveira.jpeg 400w, https:\/\/www.gem.pt\/wp-content\/uploads\/2024\/02\/AUDIO-2023-07-02-11-17-35-Lomba-e-algar-da-esteveira-18x10.jpeg 18w\" sizes=\"(max-width: 400px) 100vw, 400px\" \/><div class=\"caption-wrap search-hover-bg style-overlay\"> <div class=\"caption-head\"><\/div> <div class=\"caption-button\"><\/div> <div class=\"caption-category\"><\/div> <\/div><\/div><div class=\"caption-wrap style-card\"> <div class=\"item-caption-over\"> <h1 class=\"item-title\">Edi\u00e7\u00e3o de 2 de Julho de 2023<\/h1> <div class=\"item-content\">Algar da Lomba e Algar da Esteveira <div class=\"divFrame\"><iframe src=\"https:\/\/drive.google.com\/file\/d\/11RJN__1YNpwFM9HjqU99uMSe_Z9Et2RZ\/preview\" height=\"60px\"><\/iframe><\/div><\/div> <\/div> <\/div><\/div> <\/div><div class=\"gallery-item-wrap jkit-gcf-2023\"> <div class=\"grid-item\"><div class=\"thumbnail-wrap\"><img loading=\"lazy\" decoding=\"async\" width=\"400\" height=\"225\" src=\"https:\/\/www.gem.pt\/wp-content\/uploads\/2024\/02\/AUDIO-2023-05-14-18-38-48-algar-da-cotovia.png\" class=\"attachment-full size-full\" alt=\"Edi\u00e7\u00e3o de 14 de Maio de 2023\" url=\"https:\/\/www.gem.pt\/wp-content\/uploads\/2024\/02\/AUDIO-2023-05-14-18-38-48-algar-da-cotovia.png\" source=\"library\" srcset=\"https:\/\/www.gem.pt\/wp-content\/uploads\/2024\/02\/AUDIO-2023-05-14-18-38-48-algar-da-cotovia.png 400w, https:\/\/www.gem.pt\/wp-content\/uploads\/2024\/02\/AUDIO-2023-05-14-18-38-48-algar-da-cotovia-18x10.png 18w\" sizes=\"(max-width: 400px) 100vw, 400px\" \/><div class=\"caption-wrap search-hover-bg style-overlay\"> <div class=\"caption-head\"><\/div> <div class=\"caption-button\"><\/div> <div class=\"caption-category\"><\/div> <\/div><\/div><div class=\"caption-wrap style-card\"> <div class=\"item-caption-over\"> <h1 class=\"item-title\">Edi\u00e7\u00e3o de 14 de Maio de 2023<\/h1> <div class=\"item-content\">Algar da Cotovia <div class=\"divFrame\"><iframe src=\"https:\/\/drive.google.com\/file\/d\/1Ra5pWJP51ClZ0_KM0M_LoTI5MrgwWsfR\/preview\" height=\"60px\"><\/iframe><\/div><\/div> <\/div> <\/div><\/div> <\/div><div class=\"gallery-item-wrap jkit-gcf-2023\"> <div class=\"grid-item\"><div class=\"thumbnail-wrap\"><img loading=\"lazy\" decoding=\"async\" width=\"400\" height=\"225\" src=\"https:\/\/www.gem.pt\/wp-content\/uploads\/2024\/02\/AUDIO-2023-04-23-00-33-44-lomba.png\" class=\"attachment-full size-full\" alt=\"Edi\u00e7\u00e3o de 23 de Abril de 2023\" url=\"https:\/\/www.gem.pt\/wp-content\/uploads\/2024\/02\/AUDIO-2023-04-23-00-33-44-lomba.png\" source=\"library\" srcset=\"https:\/\/www.gem.pt\/wp-content\/uploads\/2024\/02\/AUDIO-2023-04-23-00-33-44-lomba.png 400w, https:\/\/www.gem.pt\/wp-content\/uploads\/2024\/02\/AUDIO-2023-04-23-00-33-44-lomba-18x10.png 18w\" sizes=\"(max-width: 400px) 100vw, 400px\" \/><div class=\"caption-wrap search-hover-bg style-overlay\"> <div class=\"caption-head\"><\/div> <div class=\"caption-button\"><\/div> <div class=\"caption-category\"><\/div> <\/div><\/div><div class=\"caption-wrap style-card\"> <div class=\"item-caption-over\"> <h1 class=\"item-title\">Edi\u00e7\u00e3o de 23 de Abril de 2023<\/h1> <div class=\"item-content\">Algar da Lomba <div class=\"divFrame\"><iframe src=\"https:\/\/drive.google.com\/file\/d\/12F3lnH8KQ4XF7mMmZbISHmAqX4PyfT_j\/preview\" height=\"60px\"><\/iframe><\/div><\/div> <\/div> <\/div><\/div> <\/div><div class=\"gallery-item-wrap jkit-gcf-2023\"> <div class=\"grid-item\"><div class=\"thumbnail-wrap\"><img loading=\"lazy\" decoding=\"async\" width=\"400\" height=\"225\" src=\"https:\/\/www.gem.pt\/wp-content\/uploads\/2023\/04\/AUDIO-2023-03-26.jpg\" class=\"attachment-full size-full\" alt=\"Edi\u00e7\u00e3o de 26 de Mar\u00e7o de 2023\" url=\"https:\/\/www.gem.pt\/wp-content\/uploads\/2023\/04\/AUDIO-2023-03-26.jpg\" source=\"library\" \/><div class=\"caption-wrap search-hover-bg style-overlay\"> <div class=\"caption-head\"><\/div> <div class=\"caption-button\"><\/div> <div class=\"caption-category\"><\/div> <\/div><\/div><div class=\"caption-wrap style-card\"> <div class=\"item-caption-over\"> <h1 class=\"item-title\">Edi\u00e7\u00e3o de 26 de Mar\u00e7o de 2023<\/h1> <div class=\"item-content\">Lapa do Sobral e Algar da Lomba <div class=\"divFrame\"><iframe src=\"https:\/\/drive.google.com\/file\/d\/1CkrFyfqEAYz-9Pd9OgoAtpg-_KzRgGuX\/preview\" height=\"60px\"><\/iframe><\/div><\/div> <\/div> <\/div><\/div> <\/div><div class=\"gallery-item-wrap jkit-gcf-2023\"> <div class=\"grid-item\"><div class=\"thumbnail-wrap\"><img loading=\"lazy\" decoding=\"async\" width=\"400\" height=\"225\" src=\"https:\/\/www.gem.pt\/wp-content\/uploads\/2023\/04\/AUDIO-2023-03-11e12.jpg\" class=\"attachment-full size-full\" alt=\"Edi\u00e7\u00e3o de 12 de Mar\u00e7o de 2023\" url=\"https:\/\/www.gem.pt\/wp-content\/uploads\/2023\/04\/AUDIO-2023-03-11e12.jpg\" source=\"library\" \/><div class=\"caption-wrap search-hover-bg style-overlay\"> <div class=\"caption-head\"><\/div> <div class=\"caption-button\"><\/div> <div class=\"caption-category\"><\/div> <\/div><\/div><div class=\"caption-wrap style-card\"> <div class=\"item-caption-over\"> <h1 class=\"item-title\">Edi\u00e7\u00e3o de 12 de Mar\u00e7o de 2023<\/h1> <div class=\"item-content\">Anivers\u00e1rio GEM <div class=\"divFrame\"><iframe src=\"https:\/\/drive.google.com\/file\/d\/1Wp23ZuBi-mzPVs6mmZrZPDqfc2qucy9_\/preview\" height=\"60px\"><\/iframe><\/div><\/div> <\/div> <\/div><\/div> <\/div><div class=\"gallery-item-wrap jkit-gcf-2023\"> <div class=\"grid-item\"><div class=\"thumbnail-wrap\"><img loading=\"lazy\" decoding=\"async\" width=\"400\" height=\"225\" src=\"https:\/\/www.gem.pt\/wp-content\/uploads\/2023\/04\/AUDIO-2023-02-19.jpg\" class=\"attachment-full size-full\" alt=\"Edi\u00e7\u00e3o de 19 de Fevereiro de 2023\" url=\"https:\/\/www.gem.pt\/wp-content\/uploads\/2023\/04\/AUDIO-2023-02-19.jpg\" source=\"library\" \/><div class=\"caption-wrap search-hover-bg style-overlay\"> <div class=\"caption-head\"><\/div> <div class=\"caption-button\"><\/div> <div class=\"caption-category\"><\/div> <\/div><\/div><div class=\"caption-wrap style-card\"> <div class=\"item-caption-over\"> <h1 class=\"item-title\">Edi\u00e7\u00e3o de 19 de Fevereiro de 2023<\/h1> <div class=\"item-content\">Algar da Lomba e Lapa Adentro <div class=\"divFrame\"><iframe src=\"https:\/\/drive.google.com\/file\/d\/1nzogkcebF0hYKTJpXqsa0G1278tIEdsj\/preview\" height=\"60px\"><\/iframe><\/div><\/div> <\/div> <\/div><\/div> <\/div><div class=\"gallery-item-wrap jkit-gcf-2023\"> <div class=\"grid-item\"><div class=\"thumbnail-wrap\"><img loading=\"lazy\" decoding=\"async\" width=\"400\" height=\"225\" src=\"https:\/\/www.gem.pt\/wp-content\/uploads\/2023\/04\/PHOTO-2023-02-18-08-04-13.jpg\" class=\"attachment-full size-full\" alt=\"Edi\u00e7\u00e3o de 17 de Fevereiro de 2023\" url=\"https:\/\/www.gem.pt\/wp-content\/uploads\/2023\/04\/PHOTO-2023-02-18-08-04-13.jpg\" source=\"library\" \/><div class=\"caption-wrap search-hover-bg style-overlay\"> <div class=\"caption-head\"><\/div> <div class=\"caption-button\"><\/div> <div class=\"caption-category\"><\/div> <\/div><\/div><div class=\"caption-wrap style-card\"> <div class=\"item-caption-over\"> <h1 class=\"item-title\">Edi\u00e7\u00e3o de 17 de Fevereiro de 2023<\/h1> <div class=\"item-content\">Algar da Lomba <div class=\"divFrame\"><iframe src=\"https:\/\/drive.google.com\/file\/d\/1aR31Y-ZNRudbtEEh21yaQgIh5NB0sbIT\/preview\" height=\"60px\"><\/iframe><\/div><\/div> <\/div> <\/div><\/div> <\/div><div class=\"gallery-item-wrap jkit-gcf-2023\"> <div class=\"grid-item\"><div class=\"thumbnail-wrap\"><img loading=\"lazy\" decoding=\"async\" width=\"400\" height=\"225\" src=\"https:\/\/www.gem.pt\/wp-content\/uploads\/2023\/02\/AUDIO-2023-01-22.jpg\" class=\"attachment-full size-full\" alt=\"Edi\u00e7\u00e3o de 22 de Janeiro de 2023\" url=\"https:\/\/www.gem.pt\/wp-content\/uploads\/2023\/02\/AUDIO-2023-01-22.jpg\" source=\"library\" \/><div class=\"caption-wrap search-hover-bg style-overlay\"> <div class=\"caption-head\"><\/div> <div class=\"caption-button\"><\/div> <div class=\"caption-category\"><\/div> <\/div><\/div><div class=\"caption-wrap style-card\"> <div class=\"item-caption-over\"> <h1 class=\"item-title\">Edi\u00e7\u00e3o de 22 de Janeiro de 2023<\/h1> <div class=\"item-content\">Algar da Chapa <div class=\"divFrame\"><iframe src=\"https:\/\/drive.google.com\/file\/d\/1mimSgV_NQ2VELmghfaiytpudd9gh8x16\/preview\" height=\"60px\"><\/iframe><\/div><\/div> <\/div> <\/div><\/div> <\/div><div class=\"gallery-item-wrap jkit-gcf-2022\"> <div class=\"grid-item\"><div class=\"thumbnail-wrap\"><img loading=\"lazy\" decoding=\"async\" width=\"400\" height=\"225\" src=\"https:\/\/www.gem.pt\/wp-content\/uploads\/2023\/02\/AUDIO-2022-12-11.jpg\" class=\"attachment-full size-full\" alt=\"Edi\u00e7\u00e3o de 11 de Dezembro de 2022\" url=\"https:\/\/www.gem.pt\/wp-content\/uploads\/2023\/02\/AUDIO-2022-12-11.jpg\" source=\"library\" \/><div class=\"caption-wrap search-hover-bg style-overlay\"> <div class=\"caption-head\"><\/div> <div class=\"caption-button\"><\/div> <div class=\"caption-category\"><\/div> <\/div><\/div><div class=\"caption-wrap style-card\"> <div class=\"item-caption-over\"> <h1 class=\"item-title\">Edi\u00e7\u00e3o de 11 de Dezembro de 2022<\/h1> <div class=\"item-content\">Algar da Lapa, Bocas Largas V, da Azevia e da Alfarroba <div class=\"divFrame\"><iframe src=\"https:\/\/drive.google.com\/file\/d\/18n9S9MpgYn-HE81i47l7UNo5VFv2fxtE\/preview\" height=\"60px\"><\/iframe><\/div><\/div> <\/div> <\/div><\/div> <\/div><div class=\"gallery-item-wrap jkit-gcf-2022\"> <div class=\"grid-item\"><div class=\"thumbnail-wrap\"><img loading=\"lazy\" decoding=\"async\" width=\"400\" height=\"225\" src=\"https:\/\/www.gem.pt\/wp-content\/uploads\/2023\/02\/AUDIO-2022-11-26b.jpg\" class=\"attachment-full size-full\" alt=\"Edi\u00e7\u00e3o de 26 de Novembro de 2022 (2)\" url=\"https:\/\/www.gem.pt\/wp-content\/uploads\/2023\/02\/AUDIO-2022-11-26b.jpg\" source=\"library\" \/><div class=\"caption-wrap search-hover-bg style-overlay\"> <div class=\"caption-head\"><\/div> <div class=\"caption-button\"><\/div> <div class=\"caption-category\"><\/div> <\/div><\/div><div class=\"caption-wrap style-card\"> <div class=\"item-caption-over\"> <h1 class=\"item-title\">Edi\u00e7\u00e3o de 26 de Novembro de 2022 (2)<\/h1> <div class=\"item-content\">Minas da linha amarela (Vila Nova de Gaia) <div class=\"divFrame\"><iframe src=\"https:\/\/drive.google.com\/file\/d\/1FYvaOov1dGoeZMOyKM-QFjhD5woYqUGg\/preview\" height=\"60px\"><\/iframe><\/div><\/div> <\/div> <\/div><\/div> <\/div><div class=\"gallery-item-wrap jkit-gcf-2022\"> <div class=\"grid-item\"><div class=\"thumbnail-wrap\"><img loading=\"lazy\" decoding=\"async\" width=\"400\" height=\"225\" src=\"https:\/\/www.gem.pt\/wp-content\/uploads\/2023\/02\/AUDIO-2022-11-26a.jpg\" class=\"attachment-full size-full\" alt=\"Edi\u00e7\u00e3o de 26 de Novembro de 2022 (1)\" url=\"https:\/\/www.gem.pt\/wp-content\/uploads\/2023\/02\/AUDIO-2022-11-26a.jpg\" source=\"library\" \/><div class=\"caption-wrap search-hover-bg style-overlay\"> <div class=\"caption-head\"><\/div> <div class=\"caption-button\"><\/div> <div class=\"caption-category\"><\/div> <\/div><\/div><div class=\"caption-wrap style-card\"> <div class=\"item-caption-over\"> <h1 class=\"item-title\">Edi\u00e7\u00e3o de 26 de Novembro de 2022 (1)<\/h1> <div class=\"item-content\">Algar do Daniel <div class=\"divFrame\"><iframe src=\"https:\/\/drive.google.com\/file\/d\/1xl_lQtOKOwv_W5yWzlI1_DoKTOWwrtJM\/preview\" height=\"60px\"><\/iframe><\/div><\/div> <\/div> <\/div><\/div> <\/div><div class=\"gallery-item-wrap jkit-gcf-2022\"> <div class=\"grid-item\"><div class=\"thumbnail-wrap\"><img loading=\"lazy\" decoding=\"async\" width=\"400\" height=\"225\" src=\"https:\/\/www.gem.pt\/wp-content\/uploads\/2023\/02\/AUDIO-2022-11-19.jpg\" class=\"attachment-full size-full\" alt=\"Edi\u00e7\u00e3o de 19 de Novembro de 2022\" url=\"https:\/\/www.gem.pt\/wp-content\/uploads\/2023\/02\/AUDIO-2022-11-19.jpg\" source=\"library\" \/><div class=\"caption-wrap search-hover-bg style-overlay\"> <div class=\"caption-head\"><\/div> <div class=\"caption-button\"><\/div> <div class=\"caption-category\"><\/div> <\/div><\/div><div class=\"caption-wrap style-card\"> <div class=\"item-caption-over\"> <h1 class=\"item-title\">Edi\u00e7\u00e3o de 19 de Novembro de 2022<\/h1> <div class=\"item-content\">Algar Bocas Largas V <div class=\"divFrame\"><iframe src=\"https:\/\/drive.google.com\/file\/d\/1Te671DBNxHQZIL93zPqELO6Y1XNGh06i\/preview\" height=\"60px\"><\/iframe><\/div><\/div> <\/div> <\/div><\/div> <\/div><div class=\"gallery-item-wrap jkit-gcf-2022\"> <div class=\"grid-item\"><div class=\"thumbnail-wrap\"><img loading=\"lazy\" decoding=\"async\" width=\"400\" height=\"225\" src=\"https:\/\/www.gem.pt\/wp-content\/uploads\/2023\/02\/AUDIO-2022-11-13.jpg\" class=\"attachment-full size-full\" alt=\"Edi\u00e7\u00e3o de 13 de Novembro de 2022\" url=\"https:\/\/www.gem.pt\/wp-content\/uploads\/2023\/02\/AUDIO-2022-11-13.jpg\" source=\"library\" \/><div class=\"caption-wrap search-hover-bg style-overlay\"> <div class=\"caption-head\"><\/div> <div class=\"caption-button\"><\/div> <div class=\"caption-category\"><\/div> <\/div><\/div><div class=\"caption-wrap style-card\"> <div class=\"item-caption-over\"> <h1 class=\"item-title\">Edi\u00e7\u00e3o de 13 de Novembro de 2022<\/h1> <div class=\"item-content\">Algar Bocas Largas V, Algar Novo, Algar do Cov\u00e3o do Frade <div class=\"divFrame\"><iframe src=\"https:\/\/drive.google.com\/file\/d\/1ZwtY-9LJScDYUeKmMsh8KFj1fMfBwiZP\/preview\" height=\"60px\"><\/iframe><\/div><\/div> <\/div> <\/div><\/div> <\/div><div class=\"gallery-item-wrap jkit-gcf-2022\"> <div class=\"grid-item\"><div class=\"thumbnail-wrap\"><img loading=\"lazy\" decoding=\"async\" width=\"400\" height=\"225\" src=\"https:\/\/www.gem.pt\/wp-content\/uploads\/2023\/02\/AUDIO-2022-10-22e23.jpg\" class=\"attachment-full size-full\" alt=\"Edi\u00e7\u00e3o de 22 e 23 de Outubro de 2022\" url=\"https:\/\/www.gem.pt\/wp-content\/uploads\/2023\/02\/AUDIO-2022-10-22e23.jpg\" source=\"library\" \/><div class=\"caption-wrap search-hover-bg style-overlay\"> <div class=\"caption-head\"><\/div> <div class=\"caption-button\"><\/div> <div class=\"caption-category\"><\/div> <\/div><\/div><div class=\"caption-wrap style-card\"> <div class=\"item-caption-over\"> <h1 class=\"item-title\">Edi\u00e7\u00e3o de 22 e 23 de Outubro de 2022<\/h1> <div class=\"item-content\">Almonda, Algar\u00a0dos Lat\u00f5es, Azevia, Grade, Pinan\u00e7o e Daniel <div class=\"divFrame\"><iframe src=\"https:\/\/drive.google.com\/file\/d\/1_sL3oc2tdXEj-fNmJSI21fIVVUXo0LIX\/preview\" height=\"60px\"><\/iframe><\/div><\/div> <\/div> <\/div><\/div> <\/div><div class=\"gallery-item-wrap jkit-gcf-2022\"> <div class=\"grid-item\"><div class=\"thumbnail-wrap\"><img loading=\"lazy\" decoding=\"async\" width=\"400\" height=\"225\" src=\"https:\/\/www.gem.pt\/wp-content\/uploads\/2023\/02\/AUDIO-2022-10-16.jpg\" class=\"attachment-full size-full\" alt=\"Edi\u00e7\u00e3o de 16 de Outubro de 2022\" url=\"https:\/\/www.gem.pt\/wp-content\/uploads\/2023\/02\/AUDIO-2022-10-16.jpg\" source=\"library\" \/><div class=\"caption-wrap search-hover-bg style-overlay\"> <div class=\"caption-head\"><\/div> <div class=\"caption-button\"><\/div> <div class=\"caption-category\"><\/div> <\/div><\/div><div class=\"caption-wrap style-card\"> <div class=\"item-caption-over\"> <h1 class=\"item-title\">Edi\u00e7\u00e3o de 16 de Outubro de 2022<\/h1> <div class=\"item-content\">Algar das Cotovias, dos Lat\u00f5es, da Gralha e da Figueira <div class=\"divFrame\"><iframe src=\"https:\/\/drive.google.com\/file\/d\/1zLnF0Aepo3H3BeXqcsY_OuizyhQz6ZlB\/preview\" height=\"60px\"><\/iframe><\/div><\/div> <\/div> <\/div><\/div> <\/div><div class=\"gallery-item-wrap jkit-gcf-2022\"> <div class=\"grid-item\"><div class=\"thumbnail-wrap\"><img loading=\"lazy\" decoding=\"async\" width=\"400\" height=\"225\" src=\"https:\/\/www.gem.pt\/wp-content\/uploads\/2023\/02\/AUDIO-2022-09-26.jpg\" class=\"attachment-full size-full\" alt=\"Edi\u00e7\u00e3o de 26 de Setembro de 2022\" url=\"https:\/\/www.gem.pt\/wp-content\/uploads\/2023\/02\/AUDIO-2022-09-26.jpg\" source=\"library\" \/><div class=\"caption-wrap search-hover-bg style-overlay\"> <div class=\"caption-head\"><\/div> <div class=\"caption-button\"><\/div> <div class=\"caption-category\"><\/div> <\/div><\/div><div class=\"caption-wrap style-card\"> <div class=\"item-caption-over\"> <h1 class=\"item-title\">Edi\u00e7\u00e3o de 26 de Setembro de 2022<\/h1> <div class=\"item-content\">Topo-Sorbas - Banos Termales <div class=\"divFrame\"><iframe src=\"https:\/\/drive.google.com\/file\/d\/1OCPZd8FOhixO-G0jJwvGsbjsj1VHLDEQ\/preview\" height=\"60px\"><\/iframe><\/div><\/div> <\/div> <\/div><\/div> <\/div><div class=\"gallery-item-wrap jkit-gcf-2022\"> <div class=\"grid-item\"><div class=\"thumbnail-wrap\"><img loading=\"lazy\" decoding=\"async\" width=\"400\" height=\"225\" src=\"https:\/\/www.gem.pt\/wp-content\/uploads\/2023\/02\/AUDIO-2022-09-25.jpg\" class=\"attachment-full size-full\" alt=\"Edi\u00e7\u00e3o de 25 de Setembro de 2022\" url=\"https:\/\/www.gem.pt\/wp-content\/uploads\/2023\/02\/AUDIO-2022-09-25.jpg\" source=\"library\" \/><div class=\"caption-wrap search-hover-bg style-overlay\"> <div class=\"caption-head\"><\/div> <div class=\"caption-button\"><\/div> <div class=\"caption-category\"><\/div> <\/div><\/div><div class=\"caption-wrap style-card\"> <div class=\"item-caption-over\"> <h1 class=\"item-title\">Edi\u00e7\u00e3o de 25 de Setembro de 2022<\/h1> <div class=\"item-content\">Topo-Sorbas - Cueva del Tesoro <div class=\"divFrame\"><iframe src=\"https:\/\/drive.google.com\/file\/d\/1JyIkI9ZyONjH7JfWt5qagmwr-O4p9pln\/preview\" height=\"60px\"><\/iframe><\/div><\/div> <\/div> <\/div><\/div> <\/div><div class=\"gallery-item-wrap jkit-gcf-2022\"> <div class=\"grid-item\"><div class=\"thumbnail-wrap\"><img loading=\"lazy\" decoding=\"async\" width=\"400\" height=\"225\" src=\"https:\/\/www.gem.pt\/wp-content\/uploads\/2023\/02\/AUDIO-2022-09-24.jpg\" class=\"attachment-full size-full\" alt=\"Edi\u00e7\u00e3o de 24 de Setembro de 2022\" url=\"https:\/\/www.gem.pt\/wp-content\/uploads\/2023\/02\/AUDIO-2022-09-24.jpg\" source=\"library\" \/><div class=\"caption-wrap search-hover-bg style-overlay\"> <div class=\"caption-head\"><\/div> <div class=\"caption-button\"><\/div> <div class=\"caption-category\"><\/div> <\/div><\/div><div class=\"caption-wrap style-card\"> <div class=\"item-caption-over\"> <h1 class=\"item-title\">Edi\u00e7\u00e3o de 24 de Setembro de 2022<\/h1> <div class=\"item-content\">Topo-Sorbas - Calibron <div class=\"divFrame\"><iframe src=\"https:\/\/drive.google.com\/file\/d\/1Cs387ZQfhKkFcjqzO1HdNkcpu9Npwhi5\/preview\" height=\"60px\"><\/iframe><\/div><\/div> <\/div> <\/div><\/div> <\/div><div class=\"gallery-item-wrap jkit-gcf-2022\"> <div class=\"grid-item\"><div class=\"thumbnail-wrap\"><img loading=\"lazy\" decoding=\"async\" width=\"400\" height=\"225\" src=\"https:\/\/www.gem.pt\/wp-content\/uploads\/2023\/02\/AUDIO-2022-09-23.jpg\" class=\"attachment-full size-full\" alt=\"Edi\u00e7\u00e3o de 23 de Setembro de 2022\" url=\"https:\/\/www.gem.pt\/wp-content\/uploads\/2023\/02\/AUDIO-2022-09-23.jpg\" source=\"library\" \/><div class=\"caption-wrap search-hover-bg style-overlay\"> <div class=\"caption-head\"><\/div> <div class=\"caption-button\"><\/div> <div class=\"caption-category\"><\/div> <\/div><\/div><div class=\"caption-wrap style-card\"> <div class=\"item-caption-over\"> <h1 class=\"item-title\">Edi\u00e7\u00e3o de 23 de Setembro de 2022<\/h1> <div class=\"item-content\">TopoSorbas - Molinos del R\u00edo \u00c1guas e Cr\u00e1ter del Hoyazo <div class=\"divFrame\"><iframe src=\"https:\/\/drive.google.com\/file\/d\/1zMpgheZ5t332SEsvJ9zFdZy7LdY7m129\/preview\" height=\"60px\"><\/iframe><\/div><\/div> <\/div> <\/div><\/div> <\/div><div class=\"gallery-item-wrap jkit-gcf-2022\"> <div class=\"grid-item\"><div class=\"thumbnail-wrap\"><img loading=\"lazy\" decoding=\"async\" width=\"400\" height=\"225\" src=\"https:\/\/www.gem.pt\/wp-content\/uploads\/2023\/02\/AUDIO-2022-09-22.jpg\" class=\"attachment-full size-full\" alt=\"Edi\u00e7\u00e3o de 22 de Setembro de 2022\" url=\"https:\/\/www.gem.pt\/wp-content\/uploads\/2023\/02\/AUDIO-2022-09-22.jpg\" source=\"library\" \/><div class=\"caption-wrap search-hover-bg style-overlay\"> <div class=\"caption-head\"><\/div> <div class=\"caption-button\"><\/div> <div class=\"caption-category\"><\/div> <\/div><\/div><div class=\"caption-wrap style-card\"> <div class=\"item-caption-over\"> <h1 class=\"item-title\">Edi\u00e7\u00e3o de 22 de Setembro de 2022<\/h1> <div class=\"item-content\">Topo-Sorbas - Barranco del Infierno (Cueva del Yeso) <div class=\"divFrame\"><iframe src=\"https:\/\/drive.google.com\/file\/d\/1AlCQzukEQ3GEtNbrwS3N6JR0AdsXuD4F\/preview\" height=\"60px\"><\/iframe><\/div><\/div> <\/div> <\/div><\/div> <\/div><div class=\"gallery-item-wrap jkit-gcf-2022\"> <div class=\"grid-item\"><div class=\"thumbnail-wrap\"><img loading=\"lazy\" decoding=\"async\" width=\"400\" height=\"225\" src=\"https:\/\/www.gem.pt\/wp-content\/uploads\/2023\/02\/AUDIO-2022-09-11.jpg\" class=\"attachment-full size-full\" alt=\"Edi\u00e7\u00e3o de 11 de Setembro de 2022\" url=\"https:\/\/www.gem.pt\/wp-content\/uploads\/2023\/02\/AUDIO-2022-09-11.jpg\" source=\"library\" \/><div class=\"caption-wrap search-hover-bg style-overlay\"> <div class=\"caption-head\"><\/div> <div class=\"caption-button\"><\/div> <div class=\"caption-category\"><\/div> <\/div><\/div><div class=\"caption-wrap style-card\"> <div class=\"item-caption-over\"> <h1 class=\"item-title\">Edi\u00e7\u00e3o de 11 de Setembro de 2022<\/h1> <div class=\"item-content\">Almonda <div class=\"divFrame\"><iframe src=\"https:\/\/drive.google.com\/file\/d\/1AU30BFNUGx6aru9GJ7JiDr-jYZP8dEMt\/preview\" height=\"60px\"><\/iframe><\/div><\/div> <\/div> <\/div><\/div> <\/div><div class=\"gallery-item-wrap jkit-gcf-2022\"> <div class=\"grid-item\"><div class=\"thumbnail-wrap\"><img loading=\"lazy\" decoding=\"async\" width=\"400\" height=\"225\" src=\"https:\/\/www.gem.pt\/wp-content\/uploads\/2023\/04\/AUDIO-2022-08-21-Almonda.jpg\" class=\"attachment-full size-full\" alt=\"Edi\u00e7\u00e3o de 21 de Agosto de 2022\" url=\"https:\/\/www.gem.pt\/wp-content\/uploads\/2023\/04\/AUDIO-2022-08-21-Almonda.jpg\" source=\"library\" \/><div class=\"caption-wrap search-hover-bg style-overlay\"> <div class=\"caption-head\"><\/div> <div class=\"caption-button\"><\/div> <div class=\"caption-category\"><\/div> <\/div><\/div><div class=\"caption-wrap style-card\"> <div class=\"item-caption-over\"> <h1 class=\"item-title\">Edi\u00e7\u00e3o de 21 de Agosto de 2022<\/h1> <div class=\"item-content\">Almonda <div class=\"divFrame\"><iframe src=\"https:\/\/drive.google.com\/file\/d\/1lvBCH4c2t0LkpNwtcHrhZQHjq1rIcbZA\/preview\" height=\"60px\"><\/iframe><\/div><\/div> <\/div> <\/div><\/div> <\/div><div class=\"gallery-item-wrap jkit-gcf-2022\"> <div class=\"grid-item\"><div class=\"thumbnail-wrap\"><img loading=\"lazy\" decoding=\"async\" width=\"400\" height=\"225\" src=\"https:\/\/www.gem.pt\/wp-content\/uploads\/2023\/04\/AUDIO-2022-08-07-Algar-do-Marradinhas.jpg\" class=\"attachment-full size-full\" alt=\"Edi\u00e7\u00e3o de 7 de Agosto de 2022\" url=\"https:\/\/www.gem.pt\/wp-content\/uploads\/2023\/04\/AUDIO-2022-08-07-Algar-do-Marradinhas.jpg\" source=\"library\" \/><div class=\"caption-wrap search-hover-bg style-overlay\"> <div class=\"caption-head\"><\/div> <div class=\"caption-button\"><\/div> <div class=\"caption-category\"><\/div> <\/div><\/div><div class=\"caption-wrap style-card\"> <div class=\"item-caption-over\"> <h1 class=\"item-title\">Edi\u00e7\u00e3o de 7 de Agosto de 2022<\/h1> <div class=\"item-content\">Algar do Marradinhas II <div class=\"divFrame\"><iframe src=\"https:\/\/drive.google.com\/file\/d\/1hcSQmMU7Knpvx0zQDUnfuQLlnG1yRhZs\/preview\" height=\"60px\"><\/iframe><\/div><\/div> <\/div> <\/div><\/div> <\/div><div class=\"gallery-item-wrap jkit-gcf-2022\"> <div class=\"grid-item\"><div class=\"thumbnail-wrap\"><img loading=\"lazy\" decoding=\"async\" width=\"400\" height=\"225\" src=\"https:\/\/www.gem.pt\/wp-content\/uploads\/2023\/02\/AUDIO-2022-07-10.jpg\" class=\"attachment-full size-full\" alt=\"Edi\u00e7\u00e3o de 10 de Julho de 2022\" url=\"https:\/\/www.gem.pt\/wp-content\/uploads\/2023\/02\/AUDIO-2022-07-10.jpg\" source=\"library\" \/><div class=\"caption-wrap search-hover-bg style-overlay\"> <div class=\"caption-head\"><\/div> <div class=\"caption-button\"><\/div> <div class=\"caption-category\"><\/div> <\/div><\/div><div class=\"caption-wrap style-card\"> <div class=\"item-caption-over\"> <h1 class=\"item-title\">Edi\u00e7\u00e3o de 10 de Julho de 2022<\/h1> <div class=\"item-content\">Almonda <div class=\"divFrame\"><iframe src=\"https:\/\/drive.google.com\/file\/d\/1FpDIpZNYhnNKeE6PENOf355yR97V4Hpi\/preview\" height=\"60px\"><\/iframe><\/div><\/div> <\/div> <\/div><\/div> <\/div><div class=\"gallery-item-wrap jkit-gcf-2022\"> <div class=\"grid-item\"><div class=\"thumbnail-wrap\"><img loading=\"lazy\" decoding=\"async\" width=\"400\" height=\"225\" src=\"https:\/\/www.gem.pt\/wp-content\/uploads\/2023\/02\/AUDIO-2022-07-09.jpg\" class=\"attachment-full size-full\" alt=\"Edi\u00e7\u00e3o de 9 de Julho de 2022\" url=\"https:\/\/www.gem.pt\/wp-content\/uploads\/2023\/02\/AUDIO-2022-07-09.jpg\" source=\"library\" \/><div class=\"caption-wrap search-hover-bg style-overlay\"> <div class=\"caption-head\"><\/div> <div class=\"caption-button\"><\/div> <div class=\"caption-category\"><\/div> <\/div><\/div><div class=\"caption-wrap style-card\"> <div class=\"item-caption-over\"> <h1 class=\"item-title\">Edi\u00e7\u00e3o de 9 de Julho de 2022<\/h1> <div class=\"item-content\">Almonda <div class=\"divFrame\"><iframe src=\"https:\/\/drive.google.com\/file\/d\/1gzjsAFob47oBcxidKV_8xDRPOfVISfRf\/preview\" height=\"60px\"><\/iframe><\/div><\/div> <\/div> <\/div><\/div> <\/div><div class=\"gallery-item-wrap jkit-gcf-2022\"> <div class=\"grid-item\"><div class=\"thumbnail-wrap\"><img loading=\"lazy\" decoding=\"async\" width=\"400\" height=\"225\" src=\"https:\/\/www.gem.pt\/wp-content\/uploads\/2023\/02\/AUDIO-2022-07-02.jpg\" class=\"attachment-full size-full\" alt=\"Edi\u00e7\u00e3o de 2 de Julho de 2022\" url=\"https:\/\/www.gem.pt\/wp-content\/uploads\/2023\/02\/AUDIO-2022-07-02.jpg\" source=\"library\" \/><div class=\"caption-wrap search-hover-bg style-overlay\"> <div class=\"caption-head\"><\/div> <div class=\"caption-button\"><\/div> <div class=\"caption-category\"><\/div> <\/div><\/div><div class=\"caption-wrap style-card\"> <div class=\"item-caption-over\"> <h1 class=\"item-title\">Edi\u00e7\u00e3o de 2 de Julho de 2022<\/h1> <div class=\"item-content\">Almonda <div class=\"divFrame\"><iframe src=\"https:\/\/drive.google.com\/file\/d\/18XtgEYM9sTZd6xKuzfWw-Wo2TERgdh7l\/preview\" height=\"60px\"><\/iframe><\/div><\/div> <\/div> <\/div><\/div> <\/div><div class=\"gallery-item-wrap jkit-gcf-2022\"> <div class=\"grid-item\"><div class=\"thumbnail-wrap\"><img loading=\"lazy\" decoding=\"async\" width=\"400\" height=\"225\" src=\"https:\/\/www.gem.pt\/wp-content\/uploads\/2023\/04\/AUDIO-2022-06-18-marradinhas.jpg\" class=\"attachment-full size-full\" alt=\"Edi\u00e7\u00e3o de 18 de Junho de 2022\" url=\"https:\/\/www.gem.pt\/wp-content\/uploads\/2023\/04\/AUDIO-2022-06-18-marradinhas.jpg\" source=\"library\" \/><div class=\"caption-wrap search-hover-bg style-overlay\"> <div class=\"caption-head\"><\/div> <div class=\"caption-button\"><\/div> <div class=\"caption-category\"><\/div> <\/div><\/div><div class=\"caption-wrap style-card\"> <div class=\"item-caption-over\"> <h1 class=\"item-title\">Edi\u00e7\u00e3o de 18 de Junho de 2022<\/h1> <div class=\"item-content\">Algar do Marradinhas II <div class=\"divFrame\"><iframe src=\"https:\/\/drive.google.com\/file\/d\/1qy91qlHmoezyEYZFhd10NsU8NjZ3qhZ2\/preview\" height=\"60px\"><\/iframe><\/div><\/div> <\/div> <\/div><\/div> <\/div><div class=\"gallery-item-wrap jkit-gcf-2022\"> <div class=\"grid-item\"><div class=\"thumbnail-wrap\"><img loading=\"lazy\" decoding=\"async\" width=\"400\" height=\"225\" src=\"https:\/\/www.gem.pt\/wp-content\/uploads\/2023\/04\/AUDIO-2022-06-11-marradinhas2.jpg\" class=\"attachment-full size-full\" alt=\"Edi\u00e7\u00e3o de 11 de Junho de 2022\" url=\"https:\/\/www.gem.pt\/wp-content\/uploads\/2023\/04\/AUDIO-2022-06-11-marradinhas2.jpg\" source=\"library\" \/><div class=\"caption-wrap search-hover-bg style-overlay\"> <div class=\"caption-head\"><\/div> <div class=\"caption-button\"><\/div> <div class=\"caption-category\"><\/div> <\/div><\/div><div class=\"caption-wrap style-card\"> <div class=\"item-caption-over\"> <h1 class=\"item-title\">Edi\u00e7\u00e3o de 11 de Junho de 2022<\/h1> <div class=\"item-content\">Algar do Marradinhas II <div class=\"divFrame\"><iframe src=\"https:\/\/drive.google.com\/file\/d\/1p5JEsSl0dIuvL9mpcjV83qEHXfZ4G_x8\/preview\" height=\"60px\"><\/iframe><\/div><\/div> <\/div> <\/div><\/div> <\/div><div class=\"gallery-item-wrap jkit-gcf-2022\"> <div class=\"grid-item\"><div class=\"thumbnail-wrap\"><img loading=\"lazy\" decoding=\"async\" width=\"400\" height=\"225\" src=\"https:\/\/www.gem.pt\/wp-content\/uploads\/2023\/04\/AUDIO-2022-06-10-marradinhas2.jpg\" class=\"attachment-full size-full\" alt=\"Edi\u00e7\u00e3o de 10 de Junho de 2022\" url=\"https:\/\/www.gem.pt\/wp-content\/uploads\/2023\/04\/AUDIO-2022-06-10-marradinhas2.jpg\" source=\"library\" \/><div class=\"caption-wrap search-hover-bg style-overlay\"> <div class=\"caption-head\"><\/div> <div class=\"caption-button\"><\/div> <div class=\"caption-category\"><\/div> <\/div><\/div><div class=\"caption-wrap style-card\"> <div class=\"item-caption-over\"> <h1 class=\"item-title\">Edi\u00e7\u00e3o de 10 de Junho de 2022<\/h1> <div class=\"item-content\">Algar do Marradinhas II <div class=\"divFrame\"><iframe src=\"https:\/\/drive.google.com\/file\/d\/1q_LS_w0wifJykSbrKleaMlf3fYblt7hz\/preview\" height=\"60px\"><\/iframe><\/div><\/div> <\/div> <\/div><\/div> <\/div><div class=\"gallery-item-wrap jkit-gcf-2022\"> <div class=\"grid-item\"><div class=\"thumbnail-wrap\"><img loading=\"lazy\" decoding=\"async\" width=\"400\" height=\"225\" src=\"https:\/\/www.gem.pt\/wp-content\/uploads\/2023\/04\/AUDIO-2022-06-05-18-24-28.jpg\" class=\"attachment-full size-full\" alt=\"Edi\u00e7\u00e3o de 5 de Junho de 2022 (corre\u00e7\u00e3o)\" url=\"https:\/\/www.gem.pt\/wp-content\/uploads\/2023\/04\/AUDIO-2022-06-05-18-24-28.jpg\" source=\"library\" \/><div class=\"caption-wrap search-hover-bg style-overlay\"> <div class=\"caption-head\"><\/div> <div class=\"caption-button\"><\/div> <div class=\"caption-category\"><\/div> <\/div><\/div><div class=\"caption-wrap style-card\"> <div class=\"item-caption-over\"> <h1 class=\"item-title\">Edi\u00e7\u00e3o de 5 de Junho de 2022 (corre\u00e7\u00e3o)<\/h1> <div class=\"item-content\">Almonda <div class=\"divFrame\"><iframe src=\"https:\/\/drive.google.com\/file\/d\/1C4gJHtkFAegyvVAkNPpkvN-0uB7MsqZS\/preview\" height=\"60px\"><\/iframe><\/div><\/div> <\/div> <\/div><\/div> <\/div><div class=\"gallery-item-wrap jkit-gcf-2022\"> <div class=\"grid-item\"><div class=\"thumbnail-wrap\"><img loading=\"lazy\" decoding=\"async\" width=\"400\" height=\"225\" src=\"https:\/\/www.gem.pt\/wp-content\/uploads\/2023\/02\/AUDIO-2022-06-05-18-09-06.jpg\" class=\"attachment-full size-full\" alt=\"Edi\u00e7\u00e3o de 5 de Junho de 2022\" url=\"https:\/\/www.gem.pt\/wp-content\/uploads\/2023\/02\/AUDIO-2022-06-05-18-09-06.jpg\" source=\"library\" \/><div class=\"caption-wrap search-hover-bg style-overlay\"> <div class=\"caption-head\"><\/div> <div class=\"caption-button\"><\/div> <div class=\"caption-category\"><\/div> <\/div><\/div><div class=\"caption-wrap style-card\"> <div class=\"item-caption-over\"> <h1 class=\"item-title\">Edi\u00e7\u00e3o de 5 de Junho de 2022<\/h1> <div class=\"item-content\">Almonda <div class=\"divFrame\"><iframe src=\"https:\/\/drive.google.com\/file\/d\/1OC6K0rb_Xcf1q7l1DlYssKjvsdIjLOl2\/preview\" height=\"60px\"><\/iframe><\/div><\/div> <\/div> <\/div><\/div> <\/div><div class=\"gallery-item-wrap jkit-gcf-2022\"> <div class=\"grid-item\"><div class=\"thumbnail-wrap\"><img loading=\"lazy\" decoding=\"async\" width=\"400\" height=\"225\" src=\"https:\/\/www.gem.pt\/wp-content\/uploads\/2022\/07\/PHOTO-2022-05-29-17-15-29_.jpg\" class=\"attachment-full size-full\" alt=\"Edi\u00e7\u00e3o de 29 de Maio de 2022\" url=\"https:\/\/www.gem.pt\/wp-content\/uploads\/2022\/07\/PHOTO-2022-05-29-17-15-29_.jpg\" source=\"library\" \/><div class=\"caption-wrap search-hover-bg style-overlay\"> <div class=\"caption-head\"><\/div> <div class=\"caption-button\"><\/div> <div class=\"caption-category\"><\/div> <\/div><\/div><div class=\"caption-wrap style-card\"> <div class=\"item-caption-over\"> <h1 class=\"item-title\">Edi\u00e7\u00e3o de 29 de Maio de 2022<\/h1> <div class=\"item-content\">GEM Family \u2013 Edi\u00e7\u00e3o de encerramento II (nos carac\u00f3is) <div class=\"divFrame\"><iframe src=\"https:\/\/drive.google.com\/file\/d\/1xF6fgefFn9o70ZA_WJ72e5Ws2n8tqXeW\/preview\" height=\"60px\"><\/iframe><\/div><\/div> <\/div> <\/div><\/div> <\/div><div class=\"gallery-item-wrap jkit-gcf-2022\"> <div class=\"grid-item\"><div class=\"thumbnail-wrap\"><img loading=\"lazy\" decoding=\"async\" width=\"400\" height=\"225\" src=\"https:\/\/www.gem.pt\/wp-content\/uploads\/2022\/07\/PHOTO-2022-05-29-12-28-51_.jpg\" class=\"attachment-full size-full\" alt=\"Edi\u00e7\u00e3o de 29 de Maio de 2022\" url=\"https:\/\/www.gem.pt\/wp-content\/uploads\/2022\/07\/PHOTO-2022-05-29-12-28-51_.jpg\" source=\"library\" \/><div class=\"caption-wrap search-hover-bg style-overlay\"> <div class=\"caption-head\"><\/div> <div class=\"caption-button\"><\/div> <div class=\"caption-category\"><\/div> <\/div><\/div><div class=\"caption-wrap style-card\"> <div class=\"item-caption-over\"> <h1 class=\"item-title\">Edi\u00e7\u00e3o de 29 de Maio de 2022<\/h1> <div class=\"item-content\">GEM Family \u2013 Edi\u00e7\u00e3o de encerramento <div class=\"divFrame\"><iframe src=\"https:\/\/drive.google.com\/file\/d\/1OOWIDl-VDlBeRa_Emq-ddytf--Iidya7\/preview\" height=\"60px\"><\/iframe><\/div><\/div> <\/div> <\/div><\/div> <\/div><div class=\"gallery-item-wrap jkit-gcf-2022\"> <div class=\"grid-item\"><div class=\"thumbnail-wrap\"><img loading=\"lazy\" decoding=\"async\" width=\"400\" height=\"225\" src=\"https:\/\/www.gem.pt\/wp-content\/uploads\/2022\/07\/PHOTO-2022-05-29-08-24-19_.jpg\" class=\"attachment-full size-full\" alt=\"Edi\u00e7\u00e3o de 29 de Maio de 2022\" url=\"https:\/\/www.gem.pt\/wp-content\/uploads\/2022\/07\/PHOTO-2022-05-29-08-24-19_.jpg\" source=\"library\" \/><div class=\"caption-wrap search-hover-bg style-overlay\"> <div class=\"caption-head\"><\/div> <div class=\"caption-button\"><\/div> <div class=\"caption-category\"><\/div> <\/div><\/div><div class=\"caption-wrap style-card\"> <div class=\"item-caption-over\"> <h1 class=\"item-title\">Edi\u00e7\u00e3o de 29 de Maio de 2022<\/h1> <div class=\"item-content\">GEM Family \u2013\u00a0Algar das Gralhas <div class=\"divFrame\"><iframe src=\"https:\/\/drive.google.com\/file\/d\/1o6Qv0TiPhmRtAIFTZqEFhi1e3jw8YEp-\/preview\" height=\"60px\"><\/iframe><\/div><\/div> <\/div> <\/div><\/div> <\/div><div class=\"gallery-item-wrap jkit-gcf-2022\"> <div class=\"grid-item\"><div class=\"thumbnail-wrap\"><img loading=\"lazy\" decoding=\"async\" width=\"400\" height=\"225\" src=\"https:\/\/www.gem.pt\/wp-content\/uploads\/2022\/07\/PHOTO-2022-05-28-17-07-17_.jpg\" class=\"attachment-full size-full\" alt=\"Edi\u00e7\u00e3o de 29 de Maio de 2022\" url=\"https:\/\/www.gem.pt\/wp-content\/uploads\/2022\/07\/PHOTO-2022-05-28-17-07-17_.jpg\" source=\"library\" \/><div class=\"caption-wrap search-hover-bg style-overlay\"> <div class=\"caption-head\"><\/div> <div class=\"caption-button\"><\/div> <div class=\"caption-category\"><\/div> <\/div><\/div><div class=\"caption-wrap style-card\"> <div class=\"item-caption-over\"> <h1 class=\"item-title\">Edi\u00e7\u00e3o de 29 de Maio de 2022<\/h1> <div class=\"item-content\">GEM Family \u2013\u00a0Algar do Marradinhas II <div class=\"divFrame\"><iframe src=\"https:\/\/drive.google.com\/file\/d\/1wtG-YtUhfOrbJ6qG_EJzOTYQi3y-OGET\/preview\" height=\"60px\"><\/iframe><\/div><\/div> <\/div> <\/div><\/div> <\/div><div class=\"gallery-item-wrap jkit-gcf-2022\"> <div class=\"grid-item\"><div class=\"thumbnail-wrap\"><img loading=\"lazy\" decoding=\"async\" width=\"400\" height=\"225\" src=\"https:\/\/www.gem.pt\/wp-content\/uploads\/2022\/07\/PHOTO-2022-05-22-23-29-14_.jpg\" class=\"attachment-full size-full\" alt=\"Edi\u00e7\u00e3o de 22 de Maio de 2022\" url=\"https:\/\/www.gem.pt\/wp-content\/uploads\/2022\/07\/PHOTO-2022-05-22-23-29-14_.jpg\" source=\"library\" \/><div class=\"caption-wrap search-hover-bg style-overlay\"> <div class=\"caption-head\"><\/div> <div class=\"caption-button\"><\/div> <div class=\"caption-category\"><\/div> <\/div><\/div><div class=\"caption-wrap style-card\"> <div class=\"item-caption-over\"> <h1 class=\"item-title\">Edi\u00e7\u00e3o de 22 de Maio de 2022<\/h1> <div class=\"item-content\">Algar do Marradinhas II <div class=\"divFrame\"><iframe src=\"https:\/\/drive.google.com\/file\/d\/1st2_FyKqX-QfB4I0u2AIhibK0JCEy4tj\/preview\" height=\"60px\"><\/iframe><\/div><\/div> <\/div> <\/div><\/div> <\/div><div class=\"gallery-item-wrap jkit-gcf-2022\"> <div class=\"grid-item\"><div class=\"thumbnail-wrap\"><img loading=\"lazy\" decoding=\"async\" width=\"400\" height=\"225\" src=\"https:\/\/www.gem.pt\/wp-content\/uploads\/2022\/05\/PHOTO-2022-05-14-20-11-52.jpg\" class=\"attachment-full size-full\" alt=\"Edi\u00e7\u00e3o de 14 de Maio de 2022\" url=\"https:\/\/www.gem.pt\/wp-content\/uploads\/2022\/05\/PHOTO-2022-05-14-20-11-52.jpg\" source=\"library\" \/><div class=\"caption-wrap search-hover-bg style-overlay\"> <div class=\"caption-head\"><\/div> <div class=\"caption-button\"><\/div> <div class=\"caption-category\"><\/div> <\/div><\/div><div class=\"caption-wrap style-card\"> <div class=\"item-caption-over\"> <h1 class=\"item-title\">Edi\u00e7\u00e3o de 14 de Maio de 2022<\/h1> <div class=\"item-content\">Algar do Marradinhas II <div class=\"divFrame\"><iframe src=\"https:\/\/drive.google.com\/file\/d\/1q57168qlMANLEGtQK_rhZzpdUiJI0NGo\/preview\" height=\"60px\"><\/iframe><\/div><\/div> <\/div> <\/div><\/div> <\/div><div class=\"gallery-item-wrap jkit-gcf-2022\"> <div class=\"grid-item\"><div class=\"thumbnail-wrap\"><img loading=\"lazy\" decoding=\"async\" width=\"400\" height=\"225\" src=\"https:\/\/www.gem.pt\/wp-content\/uploads\/2022\/05\/PHOTO-2022-05-05-18-17-56.jpg\" class=\"attachment-full size-full\" alt=\"Edi\u00e7\u00e3o de 5 de Maio de 2022\" url=\"https:\/\/www.gem.pt\/wp-content\/uploads\/2022\/05\/PHOTO-2022-05-05-18-17-56.jpg\" source=\"library\" \/><div class=\"caption-wrap search-hover-bg style-overlay\"> <div class=\"caption-head\"><\/div> <div class=\"caption-button\"><\/div> <div class=\"caption-category\"><\/div> <\/div><\/div><div class=\"caption-wrap style-card\"> <div class=\"item-caption-over\"> <h1 class=\"item-title\">Edi\u00e7\u00e3o de 5 de Maio de 2022<\/h1> <div class=\"item-content\">Algar do Marradinhas II <div class=\"divFrame\"><iframe src=\"https:\/\/drive.google.com\/file\/d\/17mhw4rj3sj7kFtsMDp5EcUwzpL26kOv6\/preview\" height=\"60px\"><\/iframe><\/div><\/div> <\/div> <\/div><\/div> <\/div><div class=\"gallery-item-wrap jkit-gcf-2022\"> <div class=\"grid-item\"><div class=\"thumbnail-wrap\"><img loading=\"lazy\" decoding=\"async\" width=\"400\" height=\"225\" src=\"https:\/\/www.gem.pt\/wp-content\/uploads\/2022\/05\/PHOTO-2022-04-30-17-58-37.jpg\" class=\"attachment-full size-full\" alt=\"Edi\u00e7\u00e3o de 30 de Abril de 2022\" url=\"https:\/\/www.gem.pt\/wp-content\/uploads\/2022\/05\/PHOTO-2022-04-30-17-58-37.jpg\" source=\"library\" \/><div class=\"caption-wrap search-hover-bg style-overlay\"> <div class=\"caption-head\"><\/div> <div class=\"caption-button\"><\/div> <div class=\"caption-category\"><\/div> <\/div><\/div><div class=\"caption-wrap style-card\"> <div class=\"item-caption-over\"> <h1 class=\"item-title\">Edi\u00e7\u00e3o de 30 de Abril de 2022<\/h1> <div class=\"item-content\">Algar dos Lat\u00f5es <div class=\"divFrame\"><iframe src=\"https:\/\/drive.google.com\/file\/d\/18-bEgXyUPKwao3y1nBeLIdqD5YaH2kXg\/preview\" height=\"60px\"><\/iframe><\/div><\/div> <\/div> <\/div><\/div> <\/div><div class=\"gallery-item-wrap jkit-gcf-2022\"> <div class=\"grid-item\"><div class=\"thumbnail-wrap\"><img loading=\"lazy\" decoding=\"async\" width=\"400\" height=\"225\" src=\"https:\/\/www.gem.pt\/wp-content\/uploads\/2022\/05\/PHOTO-2022-04-23-20-26-22.jpg\" class=\"attachment-full size-full\" alt=\"2\u00aa Edi\u00e7\u00e3o de 23 de Abril de 2022\" url=\"https:\/\/www.gem.pt\/wp-content\/uploads\/2022\/05\/PHOTO-2022-04-23-20-26-22.jpg\" source=\"library\" \/><div class=\"caption-wrap search-hover-bg style-overlay\"> <div class=\"caption-head\"><\/div> <div class=\"caption-button\"><\/div> <div class=\"caption-category\"><\/div> <\/div><\/div><div class=\"caption-wrap style-card\"> <div class=\"item-caption-over\"> <h1 class=\"item-title\">2\u00aa Edi\u00e7\u00e3o de 23 de Abril de 2022<\/h1> <div class=\"item-content\">Algar do Marradinhas II e Algar da Grade <div class=\"divFrame\"><iframe src=\"https:\/\/drive.google.com\/file\/d\/1wQZqg-CDtgIU8GrOT73o_z7W1uKa8Rw8\/preview\" height=\"60px\"><\/iframe><\/div><\/div> <\/div> <\/div><\/div> <\/div><div class=\"gallery-item-wrap jkit-gcf-2022\"> <div class=\"grid-item\"><div class=\"thumbnail-wrap\"><img loading=\"lazy\" decoding=\"async\" width=\"400\" height=\"225\" src=\"https:\/\/www.gem.pt\/wp-content\/uploads\/2022\/05\/PHOTO-2022-04-23-20-20-38.jpg\" class=\"attachment-full size-full\" alt=\"Edi\u00e7\u00e3o de 23 de Abril de 2022\" url=\"https:\/\/www.gem.pt\/wp-content\/uploads\/2022\/05\/PHOTO-2022-04-23-20-20-38.jpg\" source=\"library\" \/><div class=\"caption-wrap search-hover-bg style-overlay\"> <div class=\"caption-head\"><\/div> <div class=\"caption-button\"><\/div> <div class=\"caption-category\"><\/div> <\/div><\/div><div class=\"caption-wrap style-card\"> <div class=\"item-caption-over\"> <h1 class=\"item-title\">Edi\u00e7\u00e3o de 23 de Abril de 2022<\/h1> <div class=\"item-content\">Algar do Marradinhas II <div class=\"divFrame\"><iframe src=\"https:\/\/drive.google.com\/file\/d\/1YgS5xpvCG8hoAeIa9kVs34KpyPnnLnnO\/preview\" height=\"60px\"><\/iframe><\/div><\/div> <\/div> <\/div><\/div> <\/div><div class=\"gallery-item-wrap jkit-gcf-2022\"> <div class=\"grid-item\"><div class=\"thumbnail-wrap\"><img loading=\"lazy\" decoding=\"async\" width=\"400\" height=\"225\" src=\"https:\/\/www.gem.pt\/wp-content\/uploads\/2022\/05\/PHOTO-2022-04-16-18-43-15.jpg\" class=\"attachment-full size-full\" alt=\"Edi\u00e7\u00e3o de 16 de Abril de 2022\" url=\"https:\/\/www.gem.pt\/wp-content\/uploads\/2022\/05\/PHOTO-2022-04-16-18-43-15.jpg\" source=\"library\" \/><div class=\"caption-wrap search-hover-bg style-overlay\"> <div class=\"caption-head\"><\/div> <div class=\"caption-button\"><\/div> <div class=\"caption-category\"><\/div> <\/div><\/div><div class=\"caption-wrap style-card\"> <div class=\"item-caption-over\"> <h1 class=\"item-title\">Edi\u00e7\u00e3o de 16 de Abril de 2022<\/h1> <div class=\"item-content\">Algar do Marradinhas I <div class=\"divFrame\"><iframe src=\"https:\/\/drive.google.com\/file\/d\/1jt6KZj9zvF2EvWca4zoI8HFq4L3RZNg9\/preview\" height=\"60px\"><\/iframe><\/div><\/div> <\/div> <\/div><\/div> <\/div><div class=\"gallery-item-wrap jkit-gcf-2022\"> <div class=\"grid-item\"><div class=\"thumbnail-wrap\"><img loading=\"lazy\" decoding=\"async\" width=\"400\" height=\"225\" src=\"https:\/\/www.gem.pt\/wp-content\/uploads\/2022\/04\/PHOTO-2022-04-02-19-36-10-1.jpg\" class=\"attachment-full size-full\" alt=\"Edi\u00e7\u00e3o de 2 de Abril de 2022\" url=\"https:\/\/www.gem.pt\/wp-content\/uploads\/2022\/04\/PHOTO-2022-04-02-19-36-10-1.jpg\" source=\"library\" \/><div class=\"caption-wrap search-hover-bg style-overlay\"> <div class=\"caption-head\"><\/div> <div class=\"caption-button\"><\/div> <div class=\"caption-category\"><\/div> <\/div><\/div><div class=\"caption-wrap style-card\"> <div class=\"item-caption-over\"> <h1 class=\"item-title\">Edi\u00e7\u00e3o de 2 de Abril de 2022<\/h1> <div class=\"item-content\">Algar do Z\u00e9 de Braga e Algar dos Lat\u00f5es <div class=\"divFrame\"><iframe src=\"https:\/\/drive.google.com\/file\/d\/1rOr32rdeYBT3OXEFd4six2qA_9WP8QFY\/preview\" height=\"60px\"><\/iframe><\/div><\/div> <\/div> <\/div><\/div> <\/div><div class=\"gallery-item-wrap jkit-gcf-2022\"> <div class=\"grid-item\"><div class=\"thumbnail-wrap\"><img loading=\"lazy\" decoding=\"async\" width=\"400\" height=\"225\" src=\"https:\/\/www.gem.pt\/wp-content\/uploads\/2022\/04\/PHOTO-2022-03-27-15-30-09.jpg\" class=\"attachment-full size-full\" alt=\"Edi\u00e7\u00e3o de 26 de Mar\u00e7o de 2022\" url=\"https:\/\/www.gem.pt\/wp-content\/uploads\/2022\/04\/PHOTO-2022-03-27-15-30-09.jpg\" source=\"library\" \/><div class=\"caption-wrap search-hover-bg style-overlay\"> <div class=\"caption-head\"><\/div> <div class=\"caption-button\"><\/div> <div class=\"caption-category\"><\/div> <\/div><\/div><div class=\"caption-wrap style-card\"> <div class=\"item-caption-over\"> <h1 class=\"item-title\">Edi\u00e7\u00e3o de 26 de Mar\u00e7o de 2022<\/h1> <div class=\"item-content\">Algar dos Lat\u00f5es e Marradinhas I <div class=\"divFrame\"><iframe src=\"https:\/\/drive.google.com\/file\/d\/1b8QmKeqMtq8mg2clqHgsfioEUMR-wIS-\/preview\" height=\"60px\"><\/iframe><\/div><\/div> <\/div> <\/div><\/div> <\/div><div class=\"gallery-item-wrap jkit-gcf-2022\"> <div class=\"grid-item\"><div class=\"thumbnail-wrap\"><img loading=\"lazy\" decoding=\"async\" width=\"400\" height=\"226\" src=\"https:\/\/www.gem.pt\/wp-content\/uploads\/2022\/04\/PHOTO-2022-03-20-21-51-34.jpg\" class=\"attachment-full size-full\" alt=\"Edi\u00e7\u00e3o de 20 de Mar\u00e7o de 2022\" url=\"https:\/\/www.gem.pt\/wp-content\/uploads\/2022\/04\/PHOTO-2022-03-20-21-51-34.jpg\" source=\"library\" \/><div class=\"caption-wrap search-hover-bg style-overlay\"> <div class=\"caption-head\"><\/div> <div class=\"caption-button\"><\/div> <div class=\"caption-category\"><\/div> <\/div><\/div><div class=\"caption-wrap style-card\"> <div class=\"item-caption-over\"> <h1 class=\"item-title\">Edi\u00e7\u00e3o de 20 de Mar\u00e7o de 2022<\/h1> <div class=\"item-content\">Algar das Couves e Algar do Z\u00e9 de Braga <div class=\"divFrame\"><iframe src=\"https:\/\/drive.google.com\/file\/d\/10T7HCQZDuhfP3Q4LsyXUX7y4xQz4Zfjb\/preview\" height=\"60px\"><\/iframe><\/div><\/div> <\/div> <\/div><\/div> <\/div><div class=\"gallery-item-wrap jkit-gcf-2022\"> <div class=\"grid-item\"><div class=\"thumbnail-wrap\"><img loading=\"lazy\" decoding=\"async\" width=\"400\" height=\"225\" src=\"https:\/\/www.gem.pt\/wp-content\/uploads\/2022\/04\/PHOTO-2022-03-05-19-15-26.jpg\" class=\"attachment-full size-full\" alt=\"Edi\u00e7\u00e3o de 5 de Mar\u00e7o de 2022\" url=\"https:\/\/www.gem.pt\/wp-content\/uploads\/2022\/04\/PHOTO-2022-03-05-19-15-26.jpg\" source=\"library\" \/><div class=\"caption-wrap search-hover-bg style-overlay\"> <div class=\"caption-head\"><\/div> <div class=\"caption-button\"><\/div> <div class=\"caption-category\"><\/div> <\/div><\/div><div class=\"caption-wrap style-card\"> <div class=\"item-caption-over\"> <h1 class=\"item-title\">Edi\u00e7\u00e3o de 5 de Mar\u00e7o de 2022<\/h1> <div class=\"item-content\">Algar da Grade <div class=\"divFrame\"><iframe src=\"https:\/\/drive.google.com\/file\/d\/1Hm3Kz4Uol14D4zc1xD3MfeKWkflSLpeS\/preview\" height=\"60px\"><\/iframe><\/div><\/div> <\/div> <\/div><\/div> <\/div><div class=\"gallery-item-wrap jkit-gcf-2022\"> <div class=\"grid-item\"><div class=\"thumbnail-wrap\"><img loading=\"lazy\" decoding=\"async\" width=\"400\" height=\"226\" src=\"https:\/\/www.gem.pt\/wp-content\/uploads\/2022\/04\/PHOTO-2022-03-06-08-50-38.jpg\" class=\"attachment-full size-full\" alt=\"Edi\u00e7\u00e3o de 26 de Fevereiro de 2022\" url=\"https:\/\/www.gem.pt\/wp-content\/uploads\/2022\/04\/PHOTO-2022-03-06-08-50-38.jpg\" source=\"library\" \/><div class=\"caption-wrap search-hover-bg style-overlay\"> <div class=\"caption-head\"><\/div> <div class=\"caption-button\"><\/div> <div class=\"caption-category\"><\/div> <\/div><\/div><div class=\"caption-wrap style-card\"> <div class=\"item-caption-over\"> <h1 class=\"item-title\">Edi\u00e7\u00e3o de 26 de Fevereiro de 2022<\/h1> <div class=\"item-content\">Algar das Couves, Algar da Grade e Algar dos Lat\u00f5es <div class=\"divFrame\"><iframe src=\"https:\/\/drive.google.com\/file\/d\/1xSWNzSH1vs0pSGZehCiuorSGJIS48zp9\/preview\" height=\"60px\"><\/iframe><\/div><\/div> <\/div> <\/div><\/div> <\/div><div class=\"gallery-item-wrap jkit-gcf-2022\"> <div class=\"grid-item\"><div class=\"thumbnail-wrap\"><img loading=\"lazy\" decoding=\"async\" width=\"400\" height=\"225\" src=\"https:\/\/www.gem.pt\/wp-content\/uploads\/2022\/04\/PHOTO-2022-02-05-18-57-32.jpg\" class=\"attachment-full size-full\" alt=\"Edi\u00e7\u00e3o de 5 de Fevereiro de 2022\" url=\"https:\/\/www.gem.pt\/wp-content\/uploads\/2022\/04\/PHOTO-2022-02-05-18-57-32.jpg\" source=\"library\" \/><div class=\"caption-wrap search-hover-bg style-overlay\"> <div class=\"caption-head\"><\/div> <div class=\"caption-button\"><\/div> <div class=\"caption-category\"><\/div> <\/div><\/div><div class=\"caption-wrap style-card\"> <div class=\"item-caption-over\"> <h1 class=\"item-title\">Edi\u00e7\u00e3o de 5 de Fevereiro de 2022<\/h1> <div class=\"item-content\">Algar Pimp\u00e3o <div class=\"divFrame\"><iframe src=\"https:\/\/drive.google.com\/file\/d\/1ytctstOrgO5mzUH_f7oLi72YSLxc6l9-\/preview\" height=\"60px\"><\/iframe><\/div><\/div> <\/div> <\/div><\/div> <\/div><div class=\"gallery-item-wrap jkit-gcf-2022\"> <div class=\"grid-item\"><div class=\"thumbnail-wrap\"><img loading=\"lazy\" decoding=\"async\" width=\"400\" height=\"225\" src=\"https:\/\/www.gem.pt\/wp-content\/uploads\/2022\/04\/PHOTO-2022-01-29-18-11-20.jpg\" class=\"attachment-full size-full\" alt=\"Edi\u00e7\u00e3o de 29 de Janeiro de 2022\" url=\"https:\/\/www.gem.pt\/wp-content\/uploads\/2022\/04\/PHOTO-2022-01-29-18-11-20.jpg\" source=\"library\" \/><div class=\"caption-wrap search-hover-bg style-overlay\"> <div class=\"caption-head\"><\/div> <div class=\"caption-button\"><\/div> <div class=\"caption-category\"><\/div> <\/div><\/div><div class=\"caption-wrap style-card\"> <div class=\"item-caption-over\"> <h1 class=\"item-title\">Edi\u00e7\u00e3o de 29 de Janeiro de 2022<\/h1> <div class=\"item-content\">Algar do Pres\u00e9pio <div class=\"divFrame\"><iframe src=\"https:\/\/drive.google.com\/file\/d\/18c88ePWXtDAdSeM4BLBGfzTNxxlkpqlb\/preview\" height=\"60px\"><\/iframe><\/div><\/div> <\/div> <\/div><\/div> <\/div><\/div>\n            <div class=\"load-more-items\"><\/div><\/div>\t\t\t\t<\/div>\n\t\t\t\t<\/div>\n\t\t\t\t\t<\/div>\n\t\t<\/div>\n\t\t\t\t\t<\/div>\n\t\t<\/section>\n\t\t\t\t<\/div>\n\t\t","protected":false},"excerpt":{"rendered":"<p>\u00a0 Espeleo R\u00e1dio GEM \u00a0Relatos espeleol\u00f3gicos dos trabalhos desenvolvidos pelo GEM TODAS 2024 2023 2022 Edi\u00e7\u00e3o de 13 de Fevereiro de 2024 Gruta da Grande Falha Edi\u00e7\u00e3o de 3 de Fevereiro de 2024 Treino de Equipagens, Alecrineiros Norte Edi\u00e7\u00e3o de 27 de Janeiro de 2024 Desequipagem do Algar da Lomba Edi\u00e7\u00e3o de 30 de Setembro [&hellip;]<\/p>\n","protected":false},"author":1,"featured_media":0,"parent":0,"menu_order":2,"comment_status":"closed","ping_status":"closed","template":"","meta":{"footnotes":""},"class_list":["post-13649","page","type-page","status-publish","hentry"],"_links":{"self":[{"href":"https:\/\/www.gem.pt\/1\/en\/wp-json\/wp\/v2\/pages\/13649","targetHints":{"allow":["GET"]}}],"collection":[{"href":"https:\/\/www.gem.pt\/1\/en\/wp-json\/wp\/v2\/pages"}],"about":[{"href":"https:\/\/www.gem.pt\/1\/en\/wp-json\/wp\/v2\/types\/page"}],"author":[{"embeddable":true,"href":"https:\/\/www.gem.pt\/1\/en\/wp-json\/wp\/v2\/users\/1"}],"replies":[{"embeddable":true,"href":"https:\/\/www.gem.pt\/1\/en\/wp-json\/wp\/v2\/comments?post=13649"}],"version-history":[{"count":0,"href":"https:\/\/www.gem.pt\/1\/en\/wp-json\/wp\/v2\/pages\/13649\/revisions"}],"wp:attachment":[{"href":"https:\/\/www.gem.pt\/1\/en\/wp-json\/wp\/v2\/media?parent=13649"}],"curies":[{"name":"wp","href":"https:\/\/api.w.org\/{rel}","templated":true}]}}